{"id":975,"date":"2024-04-10T11:24:09","date_gmt":"2024-04-10T14:24:09","guid":{"rendered":"https:\/\/home.glassexpo.com.br\/?page_id=975"},"modified":"2025-09-02T09:51:13","modified_gmt":"2025-09-02T12:51:13","slug":"arena-de-conteudo","status":"publish","type":"page","link":"https:\/\/home.glassexpo.com.br\/en\/arena-de-conteudo\/","title":{"rendered":"Content arena"},"content":{"rendered":"<div data-elementor-type=\"wp-page\" data-elementor-id=\"975\" class=\"elementor elementor-975\" data-elementor-settings=\"{&quot;ha_cmc_init_switcher&quot;:&quot;no&quot;}\">\n\t\t\t\t<div data-particle_enable=\"false\" data-particle-mobile-disabled=\"false\" class=\"elementor-element elementor-element-7a94283 e-flex e-con-boxed e-con e-parent\" data-id=\"7a94283\" data-element_type=\"container\" data-e-type=\"container\" data-settings=\"{&quot;background_background&quot;:&quot;classic&quot;,&quot;_ha_eqh_enable&quot;:false,&quot;ekit_has_onepagescroll_dot&quot;:&quot;yes&quot;}\">\n\t\t\t\t\t<div class=\"e-con-inner\">\n\t\t<div data-particle_enable=\"false\" data-particle-mobile-disabled=\"false\" class=\"elementor-element elementor-element-270080a e-con-full e-flex e-con e-child\" data-id=\"270080a\" data-element_type=\"container\" data-e-type=\"container\" data-settings=\"{&quot;_ha_eqh_enable&quot;:false,&quot;ekit_has_onepagescroll_dot&quot;:&quot;yes&quot;}\">\n\t\t\t\t<div class=\"elementor-element elementor-element-036d1ca elementor-widget elementor-widget-heading\" data-id=\"036d1ca\" data-element_type=\"widget\" data-e-type=\"widget\" data-settings=\"{&quot;ekit_we_effect_on&quot;:&quot;none&quot;}\" data-widget_type=\"heading.default\">\n\t\t\t\t<div class=\"elementor-widget-container\">\n\t\t\t\t\t<h2 class=\"elementor-heading-title elementor-size-default\">ARENA DE <br>\nCONTE\u00daDO<\/h2>\t\t\t\t<\/div>\n\t\t\t\t<\/div>\n\t\t\t\t<div class=\"elementor-element elementor-element-ae815c2 elementor-widget__width-initial elementor-widget elementor-widget-heading\" data-id=\"ae815c2\" data-element_type=\"widget\" data-e-type=\"widget\" data-settings=\"{&quot;ekit_we_effect_on&quot;:&quot;none&quot;}\" data-widget_type=\"heading.default\">\n\t\t\t\t<div class=\"elementor-widget-container\">\n\t\t\t\t\t<h2 class=\"elementor-heading-title elementor-size-default\">From design to installation, the entire sector gathered in one place.<\/h2>\t\t\t\t<\/div>\n\t\t\t\t<\/div>\n\t\t\t\t<\/div>\n\t\t\t\t\t<\/div>\n\t\t\t\t<\/div>\n\t\t<div data-particle_enable=\"false\" data-particle-mobile-disabled=\"false\" class=\"elementor-element elementor-element-b2ab9c4 e-con-full e-flex e-con e-parent\" data-id=\"b2ab9c4\" data-element_type=\"container\" data-e-type=\"container\" data-settings=\"{&quot;_ha_eqh_enable&quot;:false,&quot;ekit_has_onepagescroll_dot&quot;:&quot;yes&quot;}\">\n\t\t<div data-particle_enable=\"false\" data-particle-mobile-disabled=\"false\" class=\"elementor-element elementor-element-920159c e-con-full e-flex e-con e-child\" data-id=\"920159c\" data-element_type=\"container\" data-e-type=\"container\" data-settings=\"{&quot;background_background&quot;:&quot;classic&quot;,&quot;_ha_eqh_enable&quot;:false,&quot;ekit_has_onepagescroll_dot&quot;:&quot;yes&quot;}\">\n\t\t<div data-particle_enable=\"false\" data-particle-mobile-disabled=\"false\" class=\"elementor-element elementor-element-ea061a8 e-con-full e-flex e-con e-child\" data-id=\"ea061a8\" data-element_type=\"container\" data-e-type=\"container\" data-settings=\"{&quot;_ha_eqh_enable&quot;:false,&quot;ekit_has_onepagescroll_dot&quot;:&quot;yes&quot;}\">\n\t\t\t\t<div class=\"elementor-element elementor-element-85a1fc4 elementor-widget__width-initial elementor-widget elementor-widget-heading\" data-id=\"85a1fc4\" data-element_type=\"widget\" data-e-type=\"widget\" data-settings=\"{&quot;ekit_we_effect_on&quot;:&quot;none&quot;}\" data-widget_type=\"heading.default\">\n\t\t\t\t<div class=\"elementor-widget-container\">\n\t\t\t\t\t<h2 class=\"elementor-heading-title elementor-size-default\">The Content Arena is the meeting point for knowledge, inspiration, and connections between professionals who drive the construction and architecture sector.\n<br><br>\nWith an extensive program, the event brings together leading figures from the national and international architecture scene, as well as specialists from the glass and framing sector, to share ideas, case studies, and best practices focused on innovation, the market, and technical application.\n<br><br>\nThere will be lectures, panels, and live conversations designed especially for glaziers, locksmiths, architects, glass and frame specifiers, and construction companies, promoting professional development and expanding the possibilities for each audience.<\/h2>\t\t\t\t<\/div>\n\t\t\t\t<\/div>\n\t\t\t\t<\/div>\n\t\t<div data-particle_enable=\"false\" data-particle-mobile-disabled=\"false\" class=\"elementor-element elementor-element-64c5abf e-con-full e-flex e-con e-child\" data-id=\"64c5abf\" data-element_type=\"container\" data-e-type=\"container\" data-settings=\"{&quot;_ha_eqh_enable&quot;:false,&quot;ekit_has_onepagescroll_dot&quot;:&quot;yes&quot;}\">\n\t\t<div data-particle_enable=\"false\" data-particle-mobile-disabled=\"false\" class=\"elementor-element elementor-element-1f68f8d e-con-full e-flex e-con e-child\" data-id=\"1f68f8d\" data-element_type=\"container\" data-e-type=\"container\" data-settings=\"{&quot;background_background&quot;:&quot;classic&quot;,&quot;_ha_eqh_enable&quot;:false,&quot;ekit_has_onepagescroll_dot&quot;:&quot;yes&quot;}\">\n\t\t\t\t<div class=\"elementor-element elementor-element-d74df24 elementor-widget elementor-widget-heading\" data-id=\"d74df24\" data-element_type=\"widget\" data-e-type=\"widget\" data-settings=\"{&quot;ekit_we_effect_on&quot;:&quot;none&quot;}\" data-widget_type=\"heading.default\">\n\t\t\t\t<div class=\"elementor-widget-container\">\n\t\t\t\t\t<h2 class=\"elementor-heading-title elementor-size-default\">Hor\u00e1rio<\/h2>\t\t\t\t<\/div>\n\t\t\t\t<\/div>\n\t\t\t\t<div class=\"elementor-element elementor-element-1f6b4c9 elementor-widget elementor-widget-text-editor\" data-id=\"1f6b4c9\" data-element_type=\"widget\" data-e-type=\"widget\" data-settings=\"{&quot;ekit_we_effect_on&quot;:&quot;none&quot;}\" data-widget_type=\"text-editor.default\">\n\t\t\t\t<div class=\"elementor-widget-container\">\n\t\t\t\t\t\t\t\t\t<p>3, 4 e 5 de setembro \u2013 12h \u00e0s 19h\u200b | 6 de setembro \u2013 10h \u00e0s 17h<\/p>\t\t\t\t\t\t\t\t<\/div>\n\t\t\t\t<\/div>\n\t\t\t\t<\/div>\n\t\t<div data-particle_enable=\"false\" data-particle-mobile-disabled=\"false\" class=\"elementor-element elementor-element-c456670 e-grid e-con-full e-con e-child\" data-id=\"c456670\" data-element_type=\"container\" data-e-type=\"container\" data-settings=\"{&quot;_ha_eqh_enable&quot;:false,&quot;ekit_has_onepagescroll_dot&quot;:&quot;yes&quot;}\">\n\t\t<div data-particle_enable=\"false\" data-particle-mobile-disabled=\"false\" class=\"elementor-element elementor-element-5fb4014 e-con-full e-flex e-con e-child\" data-id=\"5fb4014\" data-element_type=\"container\" data-e-type=\"container\" data-settings=\"{&quot;background_background&quot;:&quot;classic&quot;,&quot;_ha_eqh_enable&quot;:false,&quot;ekit_has_onepagescroll_dot&quot;:&quot;yes&quot;}\">\n\t\t\t\t<div class=\"elementor-element elementor-element-1bfcd49 elementor-widget elementor-widget-heading\" data-id=\"1bfcd49\" data-element_type=\"widget\" data-e-type=\"widget\" data-settings=\"{&quot;ekit_we_effect_on&quot;:&quot;none&quot;}\" data-widget_type=\"heading.default\">\n\t\t\t\t<div class=\"elementor-widget-container\">\n\t\t\t\t\t<h2 class=\"elementor-heading-title elementor-size-default\">Quando?<\/h2>\t\t\t\t<\/div>\n\t\t\t\t<\/div>\n\t\t\t\t<div class=\"elementor-element elementor-element-57d0989 elementor-widget elementor-widget-text-editor\" data-id=\"57d0989\" data-element_type=\"widget\" data-e-type=\"widget\" data-settings=\"{&quot;ekit_we_effect_on&quot;:&quot;none&quot;}\" data-widget_type=\"text-editor.default\">\n\t\t\t\t<div class=\"elementor-widget-container\">\n\t\t\t\t\t\t\t\t\t<p><span class=\"TextRun SCXP128566326 BCX0\" lang=\"PT-BR\" xml:lang=\"PT-BR\" data-usefontface=\"false\" data-contrast=\"none\"><span class=\"NormalTextRun SCXP128566326 BCX0\">03 a 06 de setembro de 2025<\/span><\/span><\/p>\t\t\t\t\t\t\t\t<\/div>\n\t\t\t\t<\/div>\n\t\t\t\t<\/div>\n\t\t<div data-particle_enable=\"false\" data-particle-mobile-disabled=\"false\" class=\"elementor-element elementor-element-475405d e-con-full e-flex e-con e-child\" data-id=\"475405d\" data-element_type=\"container\" data-e-type=\"container\" data-settings=\"{&quot;background_background&quot;:&quot;classic&quot;,&quot;_ha_eqh_enable&quot;:false,&quot;ekit_has_onepagescroll_dot&quot;:&quot;yes&quot;}\">\n\t\t\t\t<div class=\"elementor-element elementor-element-22abd6f elementor-widget elementor-widget-heading\" data-id=\"22abd6f\" data-element_type=\"widget\" data-e-type=\"widget\" data-settings=\"{&quot;ekit_we_effect_on&quot;:&quot;none&quot;}\" data-widget_type=\"heading.default\">\n\t\t\t\t<div class=\"elementor-widget-container\">\n\t\t\t\t\t<h2 class=\"elementor-heading-title elementor-size-default\">Onde?<\/h2>\t\t\t\t<\/div>\n\t\t\t\t<\/div>\n\t\t\t\t<div class=\"elementor-element elementor-element-e8517dd elementor-widget elementor-widget-text-editor\" data-id=\"e8517dd\" data-element_type=\"widget\" data-e-type=\"widget\" data-settings=\"{&quot;ekit_we_effect_on&quot;:&quot;none&quot;}\" data-widget_type=\"text-editor.default\">\n\t\t\t\t<div class=\"elementor-widget-container\">\n\t\t\t\t\t\t\t\t\t<p class=\"elementor-heading-title elementor-size-default\"><span class=\"TextRun SCXP192545330 BCX4\" lang=\"PT-BR\" xml:lang=\"PT-BR\" data-usefontface=\"false\" data-contrast=\"none\"><span class=\"NormalTextRun SCXP192545330 BCX4\">Distrito Anhembi \u2013 Pavilh\u00f5es 1 e 2, S\u00e3o Paulo \u2013 SP<\/span><\/span><span class=\"EOP SCXP192545330 BCX4\">\u200b<\/span><\/p>\t\t\t\t\t\t\t\t<\/div>\n\t\t\t\t<\/div>\n\t\t\t\t<\/div>\n\t\t\t\t<\/div>\n\t\t\t\t<\/div>\n\t\t\t\t<\/div>\n\t\t<div data-particle_enable=\"false\" data-particle-mobile-disabled=\"false\" class=\"elementor-element elementor-element-6abc7a5 e-con-full e-flex e-con e-child\" data-id=\"6abc7a5\" data-element_type=\"container\" data-e-type=\"container\" data-settings=\"{&quot;_ha_eqh_enable&quot;:false,&quot;ekit_has_onepagescroll_dot&quot;:&quot;yes&quot;}\">\n\t\t\t\t<div class=\"elementor-element elementor-element-bb8111d elementor-widget__width-auto elementor-widget-mobile__width-initial elementor-widget elementor-widget-heading\" data-id=\"bb8111d\" data-element_type=\"widget\" data-e-type=\"widget\" data-settings=\"{&quot;ekit_we_effect_on&quot;:&quot;none&quot;}\" data-widget_type=\"heading.default\">\n\t\t\t\t<div class=\"elementor-widget-container\">\n\t\t\t\t\t<h2 class=\"elementor-heading-title elementor-size-default\">CURATORSHIPS<\/h2>\t\t\t\t<\/div>\n\t\t\t\t<\/div>\n\t\t\t\t<\/div>\n\t\t<div data-particle_enable=\"false\" data-particle-mobile-disabled=\"false\" class=\"elementor-element elementor-element-762116e e-flex e-con-boxed e-con e-child\" data-id=\"762116e\" data-element_type=\"container\" data-e-type=\"container\" data-settings=\"{&quot;_ha_eqh_enable&quot;:false,&quot;ekit_has_onepagescroll_dot&quot;:&quot;yes&quot;}\">\n\t\t\t\t\t<div class=\"e-con-inner\">\n\t\t\t\t<div class=\"elementor-element elementor-element-7c4060c elementor-widget__width-initial eael-flipbox-content-align-center eael-flipbox-img-default elementor-widget elementor-widget-eael-flip-box\" data-id=\"7c4060c\" data-element_type=\"widget\" data-e-type=\"widget\" data-settings=\"{&quot;ekit_we_effect_on&quot;:&quot;none&quot;}\" data-widget_type=\"eael-flip-box.default\">\n\t\t\t\t<div class=\"elementor-widget-container\">\n\t\t\t\t\t        <div class=\"eael-elements-flip-box-container eael-animate-flip eael-animate-zoom-in eael-content eael-flip-box-hover eael-flipbox-fixed-height eael-flipbox-dynamic\">\n\n            <div class=\"eael-elements-flip-box-flip-card\">\n                <div class=\"eael-elements-flip-box-front-container\">\n                    \n                    \n                        <div class=\"eael-elements-slider-display-table\">\n                            <div class=\"eael-elements-flip-box-vertical-align\">\n                                <div class=\"eael-elements-flip-box-padding\">\n                                    <div class=\"eael-elements-flip-box-icon-image\">\n                                                                                    <img decoding=\"async\" class=\"eael-flipbox-image-as-icon\" src=\"https:\/\/i0.wp.com\/home.glassexpo.com.br\/wp-content\/uploads\/2025\/07\/abravidro-1-e1754506174255.png?fit=300%2C127&#038;ssl=1\" alt=\"\">\n                                                                            <\/div>\n                                                                        <div class=\"eael-elements-flip-box-content\">\n\t                                                                        <\/div>\n                                <\/div>\n                            <\/div>\n                        <\/div>\n                                    <\/div>\n\n                <div class=\"eael-elements-flip-box-rear-container\">\n                                                                <div class=\"eael-elements-slider-display-table\">\n                            <div class=\"eael-elements-flip-box-vertical-align\">\n                                <div class=\"eael-elements-flip-box-padding\">\n                                                                            <div class=\"eael-elements-flip-box-icon-image\">\n                                                                                            <\/div>\n                                                                                                            <h2 class=\"eael-elements-flip-box-heading\">ABRAVIDRO<\/h2>\n                                                                        <div class=\"eael-elements-flip-box-content\">\n                                        <p><span class=\"TextRun SCXP86688851 BCX4\"><span class=\"NormalTextRun SCXP86688851 BCX4\"> Associa\u00e7\u00e3o Brasileira de Transformadores de Vidro Plano. Representa o setor no Brasil, promovendo normas <\/span><\/span><span class=\"TextRun SCXP86688851 BCX4\"><span class=\"NormalTextRun SCXP86688851 BCX4\">t\u00e9cnicas, capacita\u00e7\u00e3o, dados de mercado e a\u00e7\u00f5es para incentivar o uso do vidro de forma segura, sustent\u00e1vel e inovadora. <\/span><\/span><span class=\"EOP SCXP86688851 BCX4\">\u200b<\/span><\/p>                                    <\/div>\n\n                                                                    <\/div>\n                            <\/div>\n                        <\/div>\n                                    <\/div>\n            <\/div>\n        <\/div>\n        \t\t\t\t<\/div>\n\t\t\t\t<\/div>\n\t\t\t\t<div class=\"elementor-element elementor-element-c57a8a6 elementor-widget__width-initial eael-flipbox-content-align-center eael-flipbox-img-default elementor-widget elementor-widget-eael-flip-box\" data-id=\"c57a8a6\" data-element_type=\"widget\" data-e-type=\"widget\" data-settings=\"{&quot;ekit_we_effect_on&quot;:&quot;none&quot;}\" data-widget_type=\"eael-flip-box.default\">\n\t\t\t\t<div class=\"elementor-widget-container\">\n\t\t\t\t\t        <div class=\"eael-elements-flip-box-container eael-animate-flip eael-animate-zoom-in eael-content eael-flip-box-hover eael-flipbox-fixed-height eael-flipbox-dynamic\">\n\n            <div class=\"eael-elements-flip-box-flip-card\">\n                <div class=\"eael-elements-flip-box-front-container\">\n                    \n                    \n                        <div class=\"eael-elements-slider-display-table\">\n                            <div class=\"eael-elements-flip-box-vertical-align\">\n                                <div class=\"eael-elements-flip-box-padding\">\n                                    <div class=\"eael-elements-flip-box-icon-image\">\n                                                                                    <img decoding=\"async\" class=\"eael-flipbox-image-as-icon\" src=\"https:\/\/i0.wp.com\/home.glassexpo.com.br\/wp-content\/uploads\/2025\/07\/logo_REVISTA_PROJETO.png?fit=425%2C283&#038;ssl=1\" alt=\"\">\n                                                                            <\/div>\n                                                                        <div class=\"eael-elements-flip-box-content\">\n\t                                                                        <\/div>\n                                <\/div>\n                            <\/div>\n                        <\/div>\n                                    <\/div>\n\n                <div class=\"eael-elements-flip-box-rear-container\">\n                                                                <div class=\"eael-elements-slider-display-table\">\n                            <div class=\"eael-elements-flip-box-vertical-align\">\n                                <div class=\"eael-elements-flip-box-padding\">\n                                                                            <div class=\"eael-elements-flip-box-icon-image\">\n                                                                                            <\/div>\n                                                                                                            <h2 class=\"eael-elements-flip-box-heading\">REVISTA PROJETO<\/h2>\n                                                                        <div class=\"eael-elements-flip-box-content\">\n                                        <p><span class=\"TextRun SCXP195587434 BCX4\"><span class=\"NormalTextRun SCXP195587434 BCX4\">Uma das principais publica\u00e7\u00f5es de arquitetura e design do Brasil, reconhecida por apresentar projetos, <\/span><\/span><span class=\"TextRun SCXP195587434 BCX4\"><span class=\"NormalTextRun SCXP195587434 BCX4\">tend\u00eancias, entrevistas e an\u00e1lises cr\u00edticas sobre o setor, servindo como refer\u00eancia para profissionais e estudantes da \u00e1rea.<\/span><\/span><span class=\"EOP SCXP195587434 BCX4\">\u200b<\/span><\/p>                                    <\/div>\n\n                                                                    <\/div>\n                            <\/div>\n                        <\/div>\n                                    <\/div>\n            <\/div>\n        <\/div>\n        \t\t\t\t<\/div>\n\t\t\t\t<\/div>\n\t\t\t\t<div class=\"elementor-element elementor-element-24c6fc9 elementor-widget__width-initial eael-flipbox-content-align-center eael-flipbox-img-default elementor-widget elementor-widget-eael-flip-box\" data-id=\"24c6fc9\" data-element_type=\"widget\" data-e-type=\"widget\" data-settings=\"{&quot;ekit_we_effect_on&quot;:&quot;none&quot;}\" data-widget_type=\"eael-flip-box.default\">\n\t\t\t\t<div class=\"elementor-widget-container\">\n\t\t\t\t\t        <div class=\"eael-elements-flip-box-container eael-animate-flip eael-animate-zoom-in eael-content eael-flip-box-hover eael-flipbox-fixed-height eael-flipbox-dynamic\">\n\n            <div class=\"eael-elements-flip-box-flip-card\">\n                <div class=\"eael-elements-flip-box-front-container\">\n                    \n                    \n                        <div class=\"eael-elements-slider-display-table\">\n                            <div class=\"eael-elements-flip-box-vertical-align\">\n                                <div class=\"eael-elements-flip-box-padding\">\n                                    <div class=\"eael-elements-flip-box-icon-image\">\n                                                                                    <img decoding=\"async\" class=\"eael-flipbox-image-as-icon\" src=\"\" alt=\"\">\n                                                                            <\/div>\n                                    <h2 class=\"eael-elements-flip-box-heading\">Curadoria Hugo Mart\u00ednez<\/h2>                                    <div class=\"eael-elements-flip-box-content\">\n\t                                    <div>Engenharia de Esquadrias &#8211;<\/div><div>Desempenho, Marketing e Vendas<\/div>                                    <\/div>\n                                <\/div>\n                            <\/div>\n                        <\/div>\n                                    <\/div>\n\n                <div class=\"eael-elements-flip-box-rear-container\">\n                                                                <div class=\"eael-elements-slider-display-table\">\n                            <div class=\"eael-elements-flip-box-vertical-align\">\n                                <div class=\"eael-elements-flip-box-padding\">\n                                                                            <div class=\"eael-elements-flip-box-icon-image\">\n                                                                                            <\/div>\n                                                                                                            <h2 class=\"eael-elements-flip-box-heading\">HUGO MART\u00cdNEZ<\/h2>\n                                                                        <div class=\"eael-elements-flip-box-content\">\n                                        <p><span class=\"TextRun SCXP183575304 BCX4\"><span class=\"NormalTextRun SCXP183575304 BCX4\">Especialista em ac\u00fastica para esquadrias, coordenador de laborat\u00f3rio na \u00e1rea e instrutor de cursos, unindo <\/span><\/span><span class=\"TextRun SCXP183575304 BCX4\"><span class=\"NormalTextRun SCXP183575304 BCX4\">experi\u00eancia t\u00e9cnica, forma\u00e7\u00e3o musical e estudos em Engenharia Civil.<\/span><\/span><span class=\"EOP SCXP183575304 BCX4\">\u200b<\/span><\/p>                                    <\/div>\n\n                                                                    <\/div>\n                            <\/div>\n                        <\/div>\n                                    <\/div>\n            <\/div>\n        <\/div>\n        \t\t\t\t<\/div>\n\t\t\t\t<\/div>\n\t\t\t\t\t<\/div>\n\t\t\t\t<\/div>\n\t\t\t\t<\/div>\n\t\t<div data-particle_enable=\"false\" data-particle-mobile-disabled=\"false\" class=\"elementor-element elementor-element-1a8ec40 e-flex e-con-boxed e-con e-parent\" data-id=\"1a8ec40\" data-element_type=\"container\" data-e-type=\"container\" data-settings=\"{&quot;background_background&quot;:&quot;classic&quot;,&quot;_ha_eqh_enable&quot;:false,&quot;ekit_has_onepagescroll_dot&quot;:&quot;yes&quot;}\">\n\t\t\t\t\t<div class=\"e-con-inner\">\n\t\t\t\t<div class=\"elementor-element elementor-element-b628539 elementor-widget elementor-widget-heading\" data-id=\"b628539\" data-element_type=\"widget\" data-e-type=\"widget\" data-settings=\"{&quot;ekit_we_effect_on&quot;:&quot;none&quot;}\" data-widget_type=\"heading.default\">\n\t\t\t\t<div class=\"elementor-widget-container\">\n\t\t\t\t\t<h2 class=\"elementor-heading-title elementor-size-default\">O que \u00e9 a Arena de Conte\u00fado<\/h2>\t\t\t\t<\/div>\n\t\t\t\t<\/div>\n\t\t\t\t<div class=\"elementor-element elementor-element-a506e8c elementor-widget__width-initial elementor-widget elementor-widget-heading\" data-id=\"a506e8c\" data-element_type=\"widget\" data-e-type=\"widget\" data-settings=\"{&quot;ekit_we_effect_on&quot;:&quot;none&quot;}\" data-widget_type=\"heading.default\">\n\t\t\t\t<div class=\"elementor-widget-container\">\n\t\t\t\t\t<h2 class=\"elementor-heading-title elementor-size-default\">O ponto de encontro do conhecimento, da inspira\u00e7\u00e3o e das conex\u00f5es entre profissionais que impulsionam a constru\u00e7\u00e3o e a arquitetura.\u200b<\/h2>\t\t\t\t<\/div>\n\t\t\t\t<\/div>\n\t\t<div data-particle_enable=\"false\" data-particle-mobile-disabled=\"false\" class=\"elementor-element elementor-element-860602d e-con-full e-flex e-con e-child\" data-id=\"860602d\" data-element_type=\"container\" data-e-type=\"container\" data-settings=\"{&quot;background_background&quot;:&quot;classic&quot;,&quot;_ha_eqh_enable&quot;:false,&quot;ekit_has_onepagescroll_dot&quot;:&quot;yes&quot;}\">\n\t\t<div data-particle_enable=\"false\" data-particle-mobile-disabled=\"false\" class=\"elementor-element elementor-element-f055341 e-grid e-con-full e-con e-child\" data-id=\"f055341\" data-element_type=\"container\" data-e-type=\"container\" data-settings=\"{&quot;_ha_eqh_enable&quot;:false,&quot;ekit_has_onepagescroll_dot&quot;:&quot;yes&quot;}\">\n\t\t<div data-particle_enable=\"false\" data-particle-mobile-disabled=\"false\" class=\"elementor-element elementor-element-631984f e-con-full e-flex e-con e-child\" data-id=\"631984f\" data-element_type=\"container\" data-e-type=\"container\" data-settings=\"{&quot;background_background&quot;:&quot;classic&quot;,&quot;_ha_eqh_enable&quot;:false,&quot;ekit_has_onepagescroll_dot&quot;:&quot;yes&quot;}\">\n\t\t\t\t<div class=\"elementor-element elementor-element-81a4ce4 elementor-widget elementor-widget-heading\" data-id=\"81a4ce4\" data-element_type=\"widget\" data-e-type=\"widget\" data-settings=\"{&quot;ekit_we_effect_on&quot;:&quot;none&quot;}\" data-widget_type=\"heading.default\">\n\t\t\t\t<div class=\"elementor-widget-container\">\n\t\t\t\t\t<h2 class=\"elementor-heading-title elementor-size-default\">Quem voc\u00ea vai encontrar\u200b<\/h2>\t\t\t\t<\/div>\n\t\t\t\t<\/div>\n\t\t\t\t<\/div>\n\t\t<div data-particle_enable=\"false\" data-particle-mobile-disabled=\"false\" class=\"elementor-element elementor-element-3e7fa47 e-con-full e-flex e-con e-child\" data-id=\"3e7fa47\" data-element_type=\"container\" data-e-type=\"container\" data-settings=\"{&quot;background_background&quot;:&quot;classic&quot;,&quot;_ha_eqh_enable&quot;:false,&quot;ekit_has_onepagescroll_dot&quot;:&quot;yes&quot;}\">\n\t\t\t\t<div class=\"elementor-element elementor-element-3d454d6 elementor-widget elementor-widget-heading\" data-id=\"3d454d6\" data-element_type=\"widget\" data-e-type=\"widget\" data-settings=\"{&quot;ekit_we_effect_on&quot;:&quot;none&quot;}\" data-widget_type=\"heading.default\">\n\t\t\t\t<div class=\"elementor-widget-container\">\n\t\t\t\t\t<h2 class=\"elementor-heading-title elementor-size-default\">Grandes nomes da arquitetura nacional e internacional\u200b<\/h2>\t\t\t\t<\/div>\n\t\t\t\t<\/div>\n\t\t\t\t<\/div>\n\t\t<div data-particle_enable=\"false\" data-particle-mobile-disabled=\"false\" class=\"elementor-element elementor-element-d3b0374 e-con-full e-flex e-con e-child\" data-id=\"d3b0374\" data-element_type=\"container\" data-e-type=\"container\" data-settings=\"{&quot;background_background&quot;:&quot;classic&quot;,&quot;_ha_eqh_enable&quot;:false,&quot;ekit_has_onepagescroll_dot&quot;:&quot;yes&quot;}\">\n\t\t\t\t<div class=\"elementor-element elementor-element-d86839a elementor-widget elementor-widget-heading\" data-id=\"d86839a\" data-element_type=\"widget\" data-e-type=\"widget\" data-settings=\"{&quot;ekit_we_effect_on&quot;:&quot;none&quot;}\" data-widget_type=\"heading.default\">\n\t\t\t\t<div class=\"elementor-widget-container\">\n\t\t\t\t\t<h2 class=\"elementor-heading-title elementor-size-default\">Especialistas do setor vidreiro e de esquadrias<\/h2>\t\t\t\t<\/div>\n\t\t\t\t<\/div>\n\t\t\t\t<\/div>\n\t\t<div data-particle_enable=\"false\" data-particle-mobile-disabled=\"false\" class=\"elementor-element elementor-element-241a2f5 e-con-full e-flex e-con e-child\" data-id=\"241a2f5\" data-element_type=\"container\" data-e-type=\"container\" data-settings=\"{&quot;background_background&quot;:&quot;classic&quot;,&quot;_ha_eqh_enable&quot;:false,&quot;ekit_has_onepagescroll_dot&quot;:&quot;yes&quot;}\">\n\t\t\t\t<div class=\"elementor-element elementor-element-54434ef elementor-widget elementor-widget-heading\" data-id=\"54434ef\" data-element_type=\"widget\" data-e-type=\"widget\" data-settings=\"{&quot;ekit_we_effect_on&quot;:&quot;none&quot;}\" data-widget_type=\"heading.default\">\n\t\t\t\t<div class=\"elementor-widget-container\">\n\t\t\t\t\t<h2 class=\"elementor-heading-title elementor-size-default\">Profissionais refer\u00eancia em inova\u00e7\u00e3o, mercado e aplica\u00e7\u00e3o t\u00e9cnica<\/h2>\t\t\t\t<\/div>\n\t\t\t\t<\/div>\n\t\t\t\t<\/div>\n\t\t\t\t<\/div>\n\t\t\t\t<\/div>\n\t\t\t\t\t<\/div>\n\t\t\t\t<\/div>\n\t\t<div data-particle_enable=\"false\" data-particle-mobile-disabled=\"false\" class=\"elementor-element elementor-element-90c4866 e-flex e-con-boxed e-con e-parent\" data-id=\"90c4866\" data-element_type=\"container\" data-e-type=\"container\" data-settings=\"{&quot;_ha_eqh_enable&quot;:false,&quot;ekit_has_onepagescroll_dot&quot;:&quot;yes&quot;}\">\n\t\t\t\t\t<div class=\"e-con-inner\">\n\t\t<div data-particle_enable=\"false\" data-particle-mobile-disabled=\"false\" class=\"elementor-element elementor-element-ff1a663 e-con-full e-flex e-con e-child\" data-id=\"ff1a663\" data-element_type=\"container\" data-e-type=\"container\" data-settings=\"{&quot;_ha_eqh_enable&quot;:false,&quot;ekit_has_onepagescroll_dot&quot;:&quot;yes&quot;}\">\n\t\t\t\t<div class=\"elementor-element elementor-element-fb5f758 elementor-widget elementor-widget-heading\" data-id=\"fb5f758\" data-element_type=\"widget\" data-e-type=\"widget\" data-settings=\"{&quot;ekit_we_effect_on&quot;:&quot;none&quot;}\" data-widget_type=\"heading.default\">\n\t\t\t\t<div class=\"elementor-widget-container\">\n\t\t\t\t\t<h2 class=\"elementor-heading-title elementor-size-default\">O que vai acontecer\u200b<\/h2>\t\t\t\t<\/div>\n\t\t\t\t<\/div>\n\t\t<div data-particle_enable=\"false\" data-particle-mobile-disabled=\"false\" class=\"elementor-element elementor-element-19c116e e-grid e-con-full e-con e-child\" data-id=\"19c116e\" data-element_type=\"container\" data-e-type=\"container\" data-settings=\"{&quot;_ha_eqh_enable&quot;:false,&quot;ekit_has_onepagescroll_dot&quot;:&quot;yes&quot;}\">\n\t\t<div data-particle_enable=\"false\" data-particle-mobile-disabled=\"false\" class=\"elementor-element elementor-element-da13c82 e-con-full e-flex e-con e-child\" data-id=\"da13c82\" data-element_type=\"container\" data-e-type=\"container\" data-settings=\"{&quot;background_background&quot;:&quot;classic&quot;,&quot;_ha_eqh_enable&quot;:false,&quot;ekit_has_onepagescroll_dot&quot;:&quot;yes&quot;}\">\n\t\t\t\t<div class=\"elementor-element elementor-element-25728ad elementor-widget elementor-widget-heading\" data-id=\"25728ad\" data-element_type=\"widget\" data-e-type=\"widget\" data-settings=\"{&quot;ekit_we_effect_on&quot;:&quot;none&quot;}\" data-widget_type=\"heading.default\">\n\t\t\t\t<div class=\"elementor-widget-container\">\n\t\t\t\t\t<h2 class=\"elementor-heading-title elementor-size-default\">Palestras inspiradoras\u200b<\/h2>\t\t\t\t<\/div>\n\t\t\t\t<\/div>\n\t\t\t\t<\/div>\n\t\t<div data-particle_enable=\"false\" data-particle-mobile-disabled=\"false\" class=\"elementor-element elementor-element-635a9c8 e-con-full e-flex e-con e-child\" data-id=\"635a9c8\" data-element_type=\"container\" data-e-type=\"container\" data-settings=\"{&quot;background_background&quot;:&quot;classic&quot;,&quot;_ha_eqh_enable&quot;:false,&quot;ekit_has_onepagescroll_dot&quot;:&quot;yes&quot;}\">\n\t\t\t\t<div class=\"elementor-element elementor-element-88527a0 elementor-widget elementor-widget-heading\" data-id=\"88527a0\" data-element_type=\"widget\" data-e-type=\"widget\" data-settings=\"{&quot;ekit_we_effect_on&quot;:&quot;none&quot;}\" data-widget_type=\"heading.default\">\n\t\t\t\t<div class=\"elementor-widget-container\">\n\t\t\t\t\t<h2 class=\"elementor-heading-title elementor-size-default\">Pain\u00e9is com cases de sucesso\u200b<\/h2>\t\t\t\t<\/div>\n\t\t\t\t<\/div>\n\t\t\t\t<\/div>\n\t\t<div data-particle_enable=\"false\" data-particle-mobile-disabled=\"false\" class=\"elementor-element elementor-element-51bde2a e-con-full e-flex e-con e-child\" data-id=\"51bde2a\" data-element_type=\"container\" data-e-type=\"container\" data-settings=\"{&quot;background_background&quot;:&quot;classic&quot;,&quot;_ha_eqh_enable&quot;:false,&quot;ekit_has_onepagescroll_dot&quot;:&quot;yes&quot;}\">\n\t\t\t\t<div class=\"elementor-element elementor-element-c7d7df2 elementor-widget elementor-widget-heading\" data-id=\"c7d7df2\" data-element_type=\"widget\" data-e-type=\"widget\" data-settings=\"{&quot;ekit_we_effect_on&quot;:&quot;none&quot;}\" data-widget_type=\"heading.default\">\n\t\t\t\t<div class=\"elementor-widget-container\">\n\t\t\t\t\t<h2 class=\"elementor-heading-title elementor-size-default\">Conversas ao vivo com especialistas\u200b<\/h2>\t\t\t\t<\/div>\n\t\t\t\t<\/div>\n\t\t\t\t<\/div>\n\t\t\t\t<\/div>\n\t\t\t\t<\/div>\n\t\t<div data-particle_enable=\"false\" data-particle-mobile-disabled=\"false\" class=\"elementor-element elementor-element-b97cb10 e-con-full e-flex e-con e-child\" data-id=\"b97cb10\" data-element_type=\"container\" data-e-type=\"container\" data-settings=\"{&quot;_ha_eqh_enable&quot;:false,&quot;ekit_has_onepagescroll_dot&quot;:&quot;yes&quot;}\">\n\t\t\t\t<div class=\"elementor-element elementor-element-309a66a elementor-widget elementor-widget-heading\" data-id=\"309a66a\" data-element_type=\"widget\" data-e-type=\"widget\" data-settings=\"{&quot;ekit_we_effect_on&quot;:&quot;none&quot;}\" data-widget_type=\"heading.default\">\n\t\t\t\t<div class=\"elementor-widget-container\">\n\t\t\t\t\t<h2 class=\"elementor-heading-title elementor-size-default\">Para quem \u00e9\u200b<\/h2>\t\t\t\t<\/div>\n\t\t\t\t<\/div>\n\t\t\t\t<div class=\"elementor-element elementor-element-20bd4aa elementor-widget elementor-widget-heading\" data-id=\"20bd4aa\" data-element_type=\"widget\" data-e-type=\"widget\" data-settings=\"{&quot;ekit_we_effect_on&quot;:&quot;none&quot;}\" data-widget_type=\"heading.default\">\n\t\t\t\t<div class=\"elementor-widget-container\">\n\t\t\t\t\t<h2 class=\"elementor-heading-title elementor-size-default\">Conte\u00fado feito sob medida para:\u200b<\/h2>\t\t\t\t<\/div>\n\t\t\t\t<\/div>\n\t\t<div data-particle_enable=\"false\" data-particle-mobile-disabled=\"false\" class=\"elementor-element elementor-element-dd0f4fc e-grid e-con-full e-con e-child\" data-id=\"dd0f4fc\" data-element_type=\"container\" data-e-type=\"container\" data-settings=\"{&quot;_ha_eqh_enable&quot;:false,&quot;ekit_has_onepagescroll_dot&quot;:&quot;yes&quot;}\">\n\t\t<div data-particle_enable=\"false\" data-particle-mobile-disabled=\"false\" class=\"elementor-element elementor-element-83f0e06 e-con-full e-flex e-con e-child\" data-id=\"83f0e06\" data-element_type=\"container\" data-e-type=\"container\" data-settings=\"{&quot;background_background&quot;:&quot;classic&quot;,&quot;_ha_eqh_enable&quot;:false,&quot;ekit_has_onepagescroll_dot&quot;:&quot;yes&quot;}\">\n\t\t\t\t<div class=\"elementor-element elementor-element-ce45703 elementor-view-default elementor-position-block-start elementor-mobile-position-block-start elementor-widget elementor-widget-icon-box\" data-id=\"ce45703\" data-element_type=\"widget\" data-e-type=\"widget\" data-settings=\"{&quot;ekit_we_effect_on&quot;:&quot;none&quot;}\" data-widget_type=\"icon-box.default\">\n\t\t\t\t<div class=\"elementor-widget-container\">\n\t\t\t\t\t\t\t<div class=\"elementor-icon-box-wrapper\">\n\n\t\t\t\t\t\t<div class=\"elementor-icon-box-icon\">\n\t\t\t\t<span  class=\"elementor-icon\">\n\t\t\t\t<i aria-hidden=\"true\" class=\"huge huge-mirror\"><\/i>\t\t\t\t<\/span>\n\t\t\t<\/div>\n\t\t\t\n\t\t\t\t\t\t<div class=\"elementor-icon-box-content\">\n\n\t\t\t\t\t\t\t\t\t<h3 class=\"elementor-icon-box-title\">\n\t\t\t\t\t\t<span  >\n\t\t\t\t\t\t\tVidraceiros\u200b\t\t\t\t\t\t<\/span>\n\t\t\t\t\t<\/h3>\n\t\t\t\t\n\t\t\t\t\n\t\t\t<\/div>\n\t\t\t\n\t\t<\/div>\n\t\t\t\t\t\t<\/div>\n\t\t\t\t<\/div>\n\t\t\t\t<\/div>\n\t\t<div data-particle_enable=\"false\" data-particle-mobile-disabled=\"false\" class=\"elementor-element elementor-element-cb4cffb e-con-full e-flex e-con e-child\" data-id=\"cb4cffb\" data-element_type=\"container\" data-e-type=\"container\" data-settings=\"{&quot;background_background&quot;:&quot;classic&quot;,&quot;_ha_eqh_enable&quot;:false,&quot;ekit_has_onepagescroll_dot&quot;:&quot;yes&quot;}\">\n\t\t\t\t<div class=\"elementor-element elementor-element-c728c34 elementor-view-default elementor-position-block-start elementor-mobile-position-block-start elementor-widget elementor-widget-icon-box\" data-id=\"c728c34\" data-element_type=\"widget\" data-e-type=\"widget\" data-settings=\"{&quot;ekit_we_effect_on&quot;:&quot;none&quot;}\" data-widget_type=\"icon-box.default\">\n\t\t\t\t<div class=\"elementor-widget-container\">\n\t\t\t\t\t\t\t<div class=\"elementor-icon-box-wrapper\">\n\n\t\t\t\t\t\t<div class=\"elementor-icon-box-icon\">\n\t\t\t\t<span  class=\"elementor-icon\">\n\t\t\t\t<i aria-hidden=\"true\" class=\"hm hm-tools\"><\/i>\t\t\t\t<\/span>\n\t\t\t<\/div>\n\t\t\t\n\t\t\t\t\t\t<div class=\"elementor-icon-box-content\">\n\n\t\t\t\t\t\t\t\t\t<h3 class=\"elementor-icon-box-title\">\n\t\t\t\t\t\t<span  >\n\t\t\t\t\t\t\tSerralheiros\u200b\t\t\t\t\t\t<\/span>\n\t\t\t\t\t<\/h3>\n\t\t\t\t\n\t\t\t\t\n\t\t\t<\/div>\n\t\t\t\n\t\t<\/div>\n\t\t\t\t\t\t<\/div>\n\t\t\t\t<\/div>\n\t\t\t\t<\/div>\n\t\t<div data-particle_enable=\"false\" data-particle-mobile-disabled=\"false\" class=\"elementor-element elementor-element-45f2d6b e-con-full e-flex e-con e-child\" data-id=\"45f2d6b\" data-element_type=\"container\" data-e-type=\"container\" data-settings=\"{&quot;background_background&quot;:&quot;classic&quot;,&quot;_ha_eqh_enable&quot;:false,&quot;ekit_has_onepagescroll_dot&quot;:&quot;yes&quot;}\">\n\t\t\t\t<div class=\"elementor-element elementor-element-f0ad694 elementor-view-default elementor-position-block-start elementor-mobile-position-block-start elementor-widget elementor-widget-icon-box\" data-id=\"f0ad694\" data-element_type=\"widget\" data-e-type=\"widget\" data-settings=\"{&quot;ekit_we_effect_on&quot;:&quot;none&quot;}\" data-widget_type=\"icon-box.default\">\n\t\t\t\t<div class=\"elementor-widget-container\">\n\t\t\t\t\t\t\t<div class=\"elementor-icon-box-wrapper\">\n\n\t\t\t\t\t\t<div class=\"elementor-icon-box-icon\">\n\t\t\t\t<span  class=\"elementor-icon\">\n\t\t\t\t<i aria-hidden=\"true\" class=\"huge huge-building-04\"><\/i>\t\t\t\t<\/span>\n\t\t\t<\/div>\n\t\t\t\n\t\t\t\t\t\t<div class=\"elementor-icon-box-content\">\n\n\t\t\t\t\t\t\t\t\t<h3 class=\"elementor-icon-box-title\">\n\t\t\t\t\t\t<span  >\n\t\t\t\t\t\t\tArquitetos\t\t\t\t\t\t<\/span>\n\t\t\t\t\t<\/h3>\n\t\t\t\t\n\t\t\t\t\n\t\t\t<\/div>\n\t\t\t\n\t\t<\/div>\n\t\t\t\t\t\t<\/div>\n\t\t\t\t<\/div>\n\t\t\t\t<\/div>\n\t\t<div data-particle_enable=\"false\" data-particle-mobile-disabled=\"false\" class=\"elementor-element elementor-element-6e83250 e-con-full e-flex e-con e-child\" data-id=\"6e83250\" data-element_type=\"container\" data-e-type=\"container\" data-settings=\"{&quot;background_background&quot;:&quot;classic&quot;,&quot;_ha_eqh_enable&quot;:false,&quot;ekit_has_onepagescroll_dot&quot;:&quot;yes&quot;}\">\n\t\t\t\t<div class=\"elementor-element elementor-element-c4fd8be elementor-view-default elementor-position-block-start elementor-mobile-position-block-start elementor-widget elementor-widget-icon-box\" data-id=\"c4fd8be\" data-element_type=\"widget\" data-e-type=\"widget\" data-settings=\"{&quot;ekit_we_effect_on&quot;:&quot;none&quot;}\" data-widget_type=\"icon-box.default\">\n\t\t\t\t<div class=\"elementor-widget-container\">\n\t\t\t\t\t\t\t<div class=\"elementor-icon-box-wrapper\">\n\n\t\t\t\t\t\t<div class=\"elementor-icon-box-icon\">\n\t\t\t\t<span  class=\"elementor-icon\">\n\t\t\t\t<i aria-hidden=\"true\" class=\"far fa-window-maximize\"><\/i>\t\t\t\t<\/span>\n\t\t\t<\/div>\n\t\t\t\n\t\t\t\t\t\t<div class=\"elementor-icon-box-content\">\n\n\t\t\t\t\t\t\t\t\t<h3 class=\"elementor-icon-box-title\">\n\t\t\t\t\t\t<span  >\n\t\t\t\t\t\t\tEspecificadores de vidro e esquadrias\u200b\t\t\t\t\t\t<\/span>\n\t\t\t\t\t<\/h3>\n\t\t\t\t\n\t\t\t\t\n\t\t\t<\/div>\n\t\t\t\n\t\t<\/div>\n\t\t\t\t\t\t<\/div>\n\t\t\t\t<\/div>\n\t\t\t\t<\/div>\n\t\t<div data-particle_enable=\"false\" data-particle-mobile-disabled=\"false\" class=\"elementor-element elementor-element-0062c97 e-con-full e-flex e-con e-child\" data-id=\"0062c97\" data-element_type=\"container\" data-e-type=\"container\" data-settings=\"{&quot;background_background&quot;:&quot;classic&quot;,&quot;_ha_eqh_enable&quot;:false,&quot;ekit_has_onepagescroll_dot&quot;:&quot;yes&quot;}\">\n\t\t\t\t<div class=\"elementor-element elementor-element-06950c5 elementor-view-default elementor-position-block-start elementor-mobile-position-block-start elementor-widget elementor-widget-icon-box\" data-id=\"06950c5\" data-element_type=\"widget\" data-e-type=\"widget\" data-settings=\"{&quot;ekit_we_effect_on&quot;:&quot;none&quot;}\" data-widget_type=\"icon-box.default\">\n\t\t\t\t<div class=\"elementor-widget-container\">\n\t\t\t\t\t\t\t<div class=\"elementor-icon-box-wrapper\">\n\n\t\t\t\t\t\t<div class=\"elementor-icon-box-icon\">\n\t\t\t\t<span  class=\"elementor-icon\">\n\t\t\t\t<i aria-hidden=\"true\" class=\"far fa-building\"><\/i>\t\t\t\t<\/span>\n\t\t\t<\/div>\n\t\t\t\n\t\t\t\t\t\t<div class=\"elementor-icon-box-content\">\n\n\t\t\t\t\t\t\t\t\t<h3 class=\"elementor-icon-box-title\">\n\t\t\t\t\t\t<span  >\n\t\t\t\t\t\t\tConstrutoras\u200b\t\t\t\t\t\t<\/span>\n\t\t\t\t\t<\/h3>\n\t\t\t\t\n\t\t\t\t\n\t\t\t<\/div>\n\t\t\t\n\t\t<\/div>\n\t\t\t\t\t\t<\/div>\n\t\t\t\t<\/div>\n\t\t\t\t<\/div>\n\t\t\t\t<\/div>\n\t\t\t\t<\/div>\n\t\t\t\t\t<\/div>\n\t\t\t\t<\/div>\n\t\t<div data-particle_enable=\"false\" data-particle-mobile-disabled=\"false\" class=\"elementor-element elementor-element-e4579a0 e-flex e-con-boxed e-con e-parent\" data-id=\"e4579a0\" data-element_type=\"container\" data-e-type=\"container\" data-settings=\"{&quot;background_background&quot;:&quot;classic&quot;,&quot;_ha_eqh_enable&quot;:false,&quot;ekit_has_onepagescroll_dot&quot;:&quot;yes&quot;}\">\n\t\t\t\t\t<div class=\"e-con-inner\">\n\t\t<div data-particle_enable=\"false\" data-particle-mobile-disabled=\"false\" class=\"elementor-element elementor-element-bb280e8 e-con-full e-flex e-con e-child\" data-id=\"bb280e8\" data-element_type=\"container\" data-e-type=\"container\" data-settings=\"{&quot;background_background&quot;:&quot;classic&quot;,&quot;_ha_eqh_enable&quot;:false,&quot;ekit_has_onepagescroll_dot&quot;:&quot;yes&quot;}\">\n\t\t\t\t<div class=\"elementor-element elementor-element-a0208e0 elementor-widget elementor-widget-heading\" data-id=\"a0208e0\" data-element_type=\"widget\" data-e-type=\"widget\" data-settings=\"{&quot;ekit_we_effect_on&quot;:&quot;none&quot;}\" data-widget_type=\"heading.default\">\n\t\t\t\t<div class=\"elementor-widget-container\">\n\t\t\t\t\t<h2 class=\"elementor-heading-title elementor-size-default\">Por que participar\u200b<\/h2>\t\t\t\t<\/div>\n\t\t\t\t<\/div>\n\t\t<div data-particle_enable=\"false\" data-particle-mobile-disabled=\"false\" class=\"elementor-element elementor-element-2b6d210 e-grid e-con-full e-con e-child\" data-id=\"2b6d210\" data-element_type=\"container\" data-e-type=\"container\" data-settings=\"{&quot;_ha_eqh_enable&quot;:false,&quot;ekit_has_onepagescroll_dot&quot;:&quot;yes&quot;}\">\n\t\t<div data-particle_enable=\"false\" data-particle-mobile-disabled=\"false\" class=\"elementor-element elementor-element-34919b4 e-con-full e-flex e-con e-child\" data-id=\"34919b4\" data-element_type=\"container\" data-e-type=\"container\" data-settings=\"{&quot;background_background&quot;:&quot;classic&quot;,&quot;_ha_eqh_enable&quot;:false,&quot;ekit_has_onepagescroll_dot&quot;:&quot;yes&quot;}\">\n\t\t\t\t<div class=\"elementor-element elementor-element-e756b7b elementor-widget elementor-widget-heading\" data-id=\"e756b7b\" data-element_type=\"widget\" data-e-type=\"widget\" data-settings=\"{&quot;ekit_we_effect_on&quot;:&quot;none&quot;}\" data-widget_type=\"heading.default\">\n\t\t\t\t<div class=\"elementor-widget-container\">\n\t\t\t\t\t<h2 class=\"elementor-heading-title elementor-size-default\">Atualiza\u00e7\u00e3o profissional<\/h2>\t\t\t\t<\/div>\n\t\t\t\t<\/div>\n\t\t\t\t<\/div>\n\t\t<div data-particle_enable=\"false\" data-particle-mobile-disabled=\"false\" class=\"elementor-element elementor-element-aae3c48 e-con-full e-flex e-con e-child\" data-id=\"aae3c48\" data-element_type=\"container\" data-e-type=\"container\" data-settings=\"{&quot;background_background&quot;:&quot;classic&quot;,&quot;_ha_eqh_enable&quot;:false,&quot;ekit_has_onepagescroll_dot&quot;:&quot;yes&quot;}\">\n\t\t\t\t<div class=\"elementor-element elementor-element-8190c51 elementor-widget elementor-widget-heading\" data-id=\"8190c51\" data-element_type=\"widget\" data-e-type=\"widget\" data-settings=\"{&quot;ekit_we_effect_on&quot;:&quot;none&quot;}\" data-widget_type=\"heading.default\">\n\t\t\t\t<div class=\"elementor-widget-container\">\n\t\t\t\t\t<h2 class=\"elementor-heading-title elementor-size-default\">Networking qualificado<\/h2>\t\t\t\t<\/div>\n\t\t\t\t<\/div>\n\t\t\t\t<\/div>\n\t\t<div data-particle_enable=\"false\" data-particle-mobile-disabled=\"false\" class=\"elementor-element elementor-element-a0cbafd e-con-full e-flex e-con e-child\" data-id=\"a0cbafd\" data-element_type=\"container\" data-e-type=\"container\" data-settings=\"{&quot;background_background&quot;:&quot;classic&quot;,&quot;_ha_eqh_enable&quot;:false,&quot;ekit_has_onepagescroll_dot&quot;:&quot;yes&quot;}\">\n\t\t\t\t<div class=\"elementor-element elementor-element-ff65a05 elementor-widget elementor-widget-heading\" data-id=\"ff65a05\" data-element_type=\"widget\" data-e-type=\"widget\" data-settings=\"{&quot;ekit_we_effect_on&quot;:&quot;none&quot;}\" data-widget_type=\"heading.default\">\n\t\t\t\t<div class=\"elementor-widget-container\">\n\t\t\t\t\t<h2 class=\"elementor-heading-title elementor-size-default\">Novas oportunidades de atua\u00e7\u00e3o\u200b<\/h2>\t\t\t\t<\/div>\n\t\t\t\t<\/div>\n\t\t\t\t<\/div>\n\t\t\t\t<\/div>\n\t\t\t\t<\/div>\n\t\t\t\t\t<\/div>\n\t\t\t\t<\/div>\n\t\t<div data-particle_enable=\"false\" data-particle-mobile-disabled=\"false\" class=\"elementor-element elementor-element-840090d e-flex e-con-boxed e-con e-parent\" data-id=\"840090d\" data-element_type=\"container\" data-e-type=\"container\" data-settings=\"{&quot;_ha_eqh_enable&quot;:false,&quot;ekit_has_onepagescroll_dot&quot;:&quot;yes&quot;}\">\n\t\t\t\t\t<div class=\"e-con-inner\">\n\t\t\t\t<div class=\"elementor-element elementor-element-6ec33a8 elementor-widget elementor-widget-heading\" data-id=\"6ec33a8\" data-element_type=\"widget\" data-e-type=\"widget\" data-settings=\"{&quot;ekit_we_effect_on&quot;:&quot;none&quot;}\" data-widget_type=\"heading.default\">\n\t\t\t\t<div class=\"elementor-widget-container\">\n\t\t\t\t\t<h2 class=\"elementor-heading-title elementor-size-default\">Grade Completa<\/h2>\t\t\t\t<\/div>\n\t\t\t\t<\/div>\n\t\t\t\t<div class=\"elementor-element elementor-element-464f1d9 elementor-widget__width-initial elementor-widget elementor-widget-image\" data-id=\"464f1d9\" data-element_type=\"widget\" data-e-type=\"widget\" data-settings=\"{&quot;ekit_we_effect_on&quot;:&quot;none&quot;}\" data-widget_type=\"image.default\">\n\t\t\t\t<div class=\"elementor-widget-container\">\n\t\t\t\t\t\t\t\t\t\t\t\t\t\t\t\t<a href=\"https:\/\/i0.wp.com\/home.glassexpo.com.br\/wp-content\/uploads\/2025\/09\/Grade_Geral_Glass-2025_V8-1.png?ssl=1\" data-elementor-open-lightbox=\"yes\" data-elementor-lightbox-title=\"Grade_Geral_Glass 2025_V8 1\" data-e-action-hash=\"#elementor-action%3Aaction%3Dlightbox%26settings%3DeyJpZCI6NDk2MSwidXJsIjoiaHR0cHM6XC9cL2hvbWUuZ2xhc3NleHBvLmNvbS5iclwvd3AtY29udGVudFwvdXBsb2Fkc1wvMjAyNVwvMDlcL0dyYWRlX0dlcmFsX0dsYXNzLTIwMjVfVjgtMS5wbmcifQ%3D%3D\">\n\t\t\t\t\t\t\t<img fetchpriority=\"high\" decoding=\"async\" width=\"800\" height=\"552\" src=\"https:\/\/i0.wp.com\/home.glassexpo.com.br\/wp-content\/uploads\/2025\/09\/Grade_Geral_Glass-2025_V8-1.png?fit=800%2C552&amp;ssl=1\" class=\"attachment-large size-large wp-image-4961\" alt=\"\" srcset=\"https:\/\/i0.wp.com\/home.glassexpo.com.br\/wp-content\/uploads\/2025\/09\/Grade_Geral_Glass-2025_V8-1.png?w=2560&amp;ssl=1 2560w, https:\/\/i0.wp.com\/home.glassexpo.com.br\/wp-content\/uploads\/2025\/09\/Grade_Geral_Glass-2025_V8-1.png?resize=300%2C207&amp;ssl=1 300w, https:\/\/i0.wp.com\/home.glassexpo.com.br\/wp-content\/uploads\/2025\/09\/Grade_Geral_Glass-2025_V8-1.png?resize=1024%2C706&amp;ssl=1 1024w, https:\/\/i0.wp.com\/home.glassexpo.com.br\/wp-content\/uploads\/2025\/09\/Grade_Geral_Glass-2025_V8-1.png?resize=768%2C529&amp;ssl=1 768w, https:\/\/i0.wp.com\/home.glassexpo.com.br\/wp-content\/uploads\/2025\/09\/Grade_Geral_Glass-2025_V8-1.png?resize=1536%2C1058&amp;ssl=1 1536w, https:\/\/i0.wp.com\/home.glassexpo.com.br\/wp-content\/uploads\/2025\/09\/Grade_Geral_Glass-2025_V8-1.png?resize=2048%2C1411&amp;ssl=1 2048w, https:\/\/i0.wp.com\/home.glassexpo.com.br\/wp-content\/uploads\/2025\/09\/Grade_Geral_Glass-2025_V8-1.png?resize=18%2C12&amp;ssl=1 18w, https:\/\/i0.wp.com\/home.glassexpo.com.br\/wp-content\/uploads\/2025\/09\/Grade_Geral_Glass-2025_V8-1.png?resize=600%2C413&amp;ssl=1 600w, https:\/\/i0.wp.com\/home.glassexpo.com.br\/wp-content\/uploads\/2025\/09\/Grade_Geral_Glass-2025_V8-1.png?w=1600&amp;ssl=1 1600w, https:\/\/i0.wp.com\/home.glassexpo.com.br\/wp-content\/uploads\/2025\/09\/Grade_Geral_Glass-2025_V8-1.png?w=2400&amp;ssl=1 2400w\" sizes=\"(max-width: 800px) 100vw, 800px\" \/>\t\t\t\t\t\t\t\t<\/a>\n\t\t\t\t\t\t\t\t\t\t\t\t\t\t\t<\/div>\n\t\t\t\t<\/div>\n\t\t\t\t<div class=\"elementor-element elementor-element-8d78626 elementor-align-center elementor-widget elementor-widget-button\" data-id=\"8d78626\" data-element_type=\"widget\" data-e-type=\"widget\" data-settings=\"{&quot;ekit_we_effect_on&quot;:&quot;none&quot;}\" data-widget_type=\"button.default\">\n\t\t\t\t<div class=\"elementor-widget-container\">\n\t\t\t\t\t\t\t\t\t<div class=\"elementor-button-wrapper\">\n\t\t\t\t\t<a class=\"elementor-button elementor-button-link elementor-size-sm\" href=\"https:\/\/home.glassexpo.com.br\/wp-content\/uploads\/2025\/09\/Grade_Geral_Glass-2025_V8-1.pdf\" target=\"_blank\">\n\t\t\t\t\t\t<span class=\"elementor-button-content-wrapper\">\n\t\t\t\t\t\t\t\t\t<span class=\"elementor-button-text\">Acessar Grade Completa<\/span>\n\t\t\t\t\t<\/span>\n\t\t\t\t\t<\/a>\n\t\t\t\t<\/div>\n\t\t\t\t\t\t\t\t<\/div>\n\t\t\t\t<\/div>\n\t\t\t\t<div class=\"elementor-element elementor-element-4b2c0d6 elementor-widget elementor-widget-heading\" data-id=\"4b2c0d6\" data-element_type=\"widget\" data-e-type=\"widget\" data-settings=\"{&quot;ekit_we_effect_on&quot;:&quot;none&quot;}\" data-widget_type=\"heading.default\">\n\t\t\t\t<div class=\"elementor-widget-container\">\n\t\t\t\t\t<h2 class=\"elementor-heading-title elementor-size-default\">GRADES ESPEC\u00cdFICAS DAS CURADORIAS ABAIXO:<\/h2>\t\t\t\t<\/div>\n\t\t\t\t<\/div>\n\t\t\t\t<div class=\"elementor-element elementor-element-9d9905d elementor-arrows-position-inside elementor-widget elementor-widget-image-carousel\" data-id=\"9d9905d\" data-element_type=\"widget\" data-e-type=\"widget\" data-settings=\"{&quot;slides_to_show&quot;:&quot;1&quot;,&quot;navigation&quot;:&quot;arrows&quot;,&quot;autoplay&quot;:&quot;yes&quot;,&quot;pause_on_hover&quot;:&quot;yes&quot;,&quot;pause_on_interaction&quot;:&quot;yes&quot;,&quot;autoplay_speed&quot;:5000,&quot;infinite&quot;:&quot;yes&quot;,&quot;effect&quot;:&quot;slide&quot;,&quot;speed&quot;:500,&quot;ekit_we_effect_on&quot;:&quot;none&quot;}\" data-widget_type=\"image-carousel.default\">\n\t\t\t\t<div class=\"elementor-widget-container\">\n\t\t\t\t\t\t\t<div class=\"elementor-image-carousel-wrapper swiper\" role=\"region\" aria-roledescription=\"carousel\" aria-label=\"Image Carousel\" dir=\"ltr\">\n\t\t\t<div class=\"elementor-image-carousel swiper-wrapper\" aria-live=\"off\">\n\t\t\t\t\t\t\t\t<div class=\"swiper-slide\" role=\"group\" aria-roledescription=\"slide\" aria-label=\"1 de 3\"><figure class=\"swiper-slide-inner\"><img decoding=\"async\" class=\"swiper-slide-image\" src=\"https:\/\/i0.wp.com\/home.glassexpo.com.br\/wp-content\/uploads\/2025\/08\/Grade_Palestrante_Glass_RevistaProjeto-3.jpg?fit=2560%2C1440&amp;ssl=1\" alt=\"Grade_Palestrante_Glass_RevistaProjeto (3)\" \/><\/figure><\/div><div class=\"swiper-slide\" role=\"group\" aria-roledescription=\"slide\" aria-label=\"2 de 3\"><figure class=\"swiper-slide-inner\"><img decoding=\"async\" class=\"swiper-slide-image\" src=\"https:\/\/i0.wp.com\/home.glassexpo.com.br\/wp-content\/uploads\/2025\/08\/Grade_Palestrante_Glass_Abravidros-1-1.jpg?fit=2560%2C1440&amp;ssl=1\" alt=\"Grade_Palestrante_Glass_Abravidros-1\" \/><\/figure><\/div><div class=\"swiper-slide\" role=\"group\" aria-roledescription=\"slide\" aria-label=\"3 de 3\"><figure class=\"swiper-slide-inner\"><img decoding=\"async\" class=\"swiper-slide-image\" src=\"https:\/\/i0.wp.com\/home.glassexpo.com.br\/wp-content\/uploads\/2025\/08\/Grade_Palestrante_Glass_HugoMartinez-2.jpg?fit=1920%2C1081&amp;ssl=1\" alt=\"Grade_Palestrante_Glass_HugoMartinez (2)\" \/><\/figure><\/div>\t\t\t<\/div>\n\t\t\t\t\t\t\t\t\t\t\t\t<div class=\"elementor-swiper-button elementor-swiper-button-prev\" role=\"button\" tabindex=\"0\">\n\t\t\t\t\t\t<i aria-hidden=\"true\" class=\"eicon-chevron-left\"><\/i>\t\t\t\t\t<\/div>\n\t\t\t\t\t<div class=\"elementor-swiper-button elementor-swiper-button-next\" role=\"button\" tabindex=\"0\">\n\t\t\t\t\t\t<i aria-hidden=\"true\" class=\"eicon-chevron-right\"><\/i>\t\t\t\t\t<\/div>\n\t\t\t\t\n\t\t\t\t\t\t\t\t\t<\/div>\n\t\t\t\t\t\t<\/div>\n\t\t\t\t<\/div>\n\t\t\t\t\t<\/div>\n\t\t\t\t<\/div>\n\t\t<div data-particle_enable=\"false\" data-particle-mobile-disabled=\"false\" class=\"elementor-element elementor-element-29bb9f2 e-con-full e-flex e-con e-parent\" data-id=\"29bb9f2\" data-element_type=\"container\" data-e-type=\"container\" data-settings=\"{&quot;background_background&quot;:&quot;classic&quot;,&quot;_ha_eqh_enable&quot;:false,&quot;ekit_has_onepagescroll_dot&quot;:&quot;yes&quot;}\">\n\t\t<div data-particle_enable=\"false\" data-particle-mobile-disabled=\"false\" class=\"elementor-element elementor-element-664ca3b e-con-full e-flex e-con e-child\" data-id=\"664ca3b\" data-element_type=\"container\" data-e-type=\"container\" data-settings=\"{&quot;_ha_eqh_enable&quot;:false,&quot;ekit_has_onepagescroll_dot&quot;:&quot;yes&quot;}\">\n\t\t\t\t<div class=\"elementor-element elementor-element-594d442 elementor-widget__width-auto elementor-widget-mobile__width-initial elementor-widget elementor-widget-heading\" data-id=\"594d442\" data-element_type=\"widget\" data-e-type=\"widget\" data-settings=\"{&quot;ekit_we_effect_on&quot;:&quot;none&quot;}\" data-widget_type=\"heading.default\">\n\t\t\t\t<div class=\"elementor-widget-container\">\n\t\t\t\t\t<h2 class=\"elementor-heading-title elementor-size-default\">CONFIRMED SPEAKERS<\/h2>\t\t\t\t<\/div>\n\t\t\t\t<\/div>\n\t\t\t\t<\/div>\n\t\t\t\t<div class=\"elementor-element elementor-element-db446c9 elementor-widget elementor-widget-elementskit-team-slider\" data-id=\"db446c9\" data-element_type=\"widget\" data-e-type=\"widget\" data-settings=\"{&quot;ekit_we_effect_on&quot;:&quot;none&quot;}\" data-widget_type=\"elementskit-team-slider.default\">\n\t\t\t\t<div class=\"elementor-widget-container\">\n\t\t\t\t\t<div class=\"ekit-wid-con\">\t\t<div class=\"ekit-team-slider\">\n\t\t\t<div class=\"ekit-main-swiper swiper\" data-config=\"{&quot;rtl&quot;:false,&quot;arrows&quot;:true,&quot;dots&quot;:false,&quot;autoplay&quot;:true,&quot;speed&quot;:1000,&quot;slidesPerView&quot;:3,&quot;slidesPerGroup&quot;:1,&quot;spaceBetween&quot;:30,&quot;pauseOnHover&quot;:true,&quot;loop&quot;:false,&quot;breakpoints&quot;:{&quot;360&quot;:{&quot;slidesPerView&quot;:1,&quot;slidesPerGroup&quot;:1},&quot;767&quot;:{&quot;slidesPerView&quot;:2,&quot;slidesPerGroup&quot;:1},&quot;1024&quot;:{&quot;slidesPerView&quot;:3,&quot;slidesPerGroup&quot;:1}}}\">\n\t\t\t\t<div class=\"swiper-wrapper\">\n\n\t\t\t\t\t\n\t\t\t\t\t\t\t<div class=\"swiper-slide profile-card elementor-animation- text-center ekit-team-style-default\">\n\t\t\t\t\t\t\t\t\t\t\t\t\t\t\t\t\t<a href=\"javascript:void(0)\" data-mfp-src=\"#ekit_team_modal_317f778db446c9\" class=\"ekit-team-popup\">\n\t\t\t\t\t\t\t\t\n\t\t\t\t\t\t\t\t<div class=\"profile-header ekit-team-img ekit-img-overlay ekit-team-img-block\"  data-toggle=\"modal\" data-target=\"ekit_team_modal_#317f778db446c9\" >\n\t\t\t\t\t\t\t\t\t<img decoding=\"async\" width=\"800\" height=\"800\" src=\"https:\/\/i0.wp.com\/home.glassexpo.com.br\/wp-content\/uploads\/2025\/08\/Ana-Juraszck.jpeg?fit=800%2C800&amp;ssl=1\" class=\"attachment-large size-large wp-image-4838\" alt=\"\" srcset=\"https:\/\/i0.wp.com\/home.glassexpo.com.br\/wp-content\/uploads\/2025\/08\/Ana-Juraszck.jpeg?w=1280&amp;ssl=1 1280w, https:\/\/i0.wp.com\/home.glassexpo.com.br\/wp-content\/uploads\/2025\/08\/Ana-Juraszck.jpeg?resize=300%2C300&amp;ssl=1 300w, https:\/\/i0.wp.com\/home.glassexpo.com.br\/wp-content\/uploads\/2025\/08\/Ana-Juraszck.jpeg?resize=1024%2C1024&amp;ssl=1 1024w, https:\/\/i0.wp.com\/home.glassexpo.com.br\/wp-content\/uploads\/2025\/08\/Ana-Juraszck.jpeg?resize=150%2C150&amp;ssl=1 150w, https:\/\/i0.wp.com\/home.glassexpo.com.br\/wp-content\/uploads\/2025\/08\/Ana-Juraszck.jpeg?resize=768%2C768&amp;ssl=1 768w, https:\/\/i0.wp.com\/home.glassexpo.com.br\/wp-content\/uploads\/2025\/08\/Ana-Juraszck.jpeg?resize=12%2C12&amp;ssl=1 12w, https:\/\/i0.wp.com\/home.glassexpo.com.br\/wp-content\/uploads\/2025\/08\/Ana-Juraszck.jpeg?resize=700%2C700&amp;ssl=1 700w, https:\/\/i0.wp.com\/home.glassexpo.com.br\/wp-content\/uploads\/2025\/08\/Ana-Juraszck.jpeg?resize=600%2C600&amp;ssl=1 600w\" sizes=\"(max-width: 800px) 100vw, 800px\" \/>\t\t\t\t\t\t\t\t<\/div>\n\n\t\t\t\t\t\t\t\t\t\t\t\t\t\t\t\t\t<\/a>\n\t\t\t\t\t\t\t\t\t\t\t\t\n\t\t\t\t\t\t\t\t<div class=\"profile-body\">\n    <h2 class=\"profile-title\">\n                    <a  href=\"javascript:void(0)\" data-mfp-src=\"#ekit_team_modal_317f778db446c9\" class=\"ekit-team-popup\">\n                Ana Juraszck            <\/a>\n                <\/h2>\n    <p class=\"profile-designation\"> \n        Marketing para Esquadrias    <\/p>\n\n    \n        \n    <\/div>\n\t\t\t\t\t\t\t\t\t\t\t\t\t\t\t<\/div>\n\n\t\t\t\t\t\t\t\t\t\t\t\t\t\t\n\t\t\t\t\t\t\t<div class=\"zoom-anim-dialog mfp-hide elementskit-team-popup\" id=\"ekit_team_modal_317f778db446c9\" role=\"dialog\" aria-hidden=\"true\">\n    <div class=\"modal-dialog modal-dialog-centered\" role=\"document\">\n        <div class=\"modal-content\">\n            <button type=\"button\" class=\"ekit-team-modal-close\">\n                <i aria-hidden=\"true\" class=\"fas fa-times\"><\/i>            <\/button>\n\n            <div class=\"modal-body\">\n                                    <div class=\"ekit-team-modal-img\">\n                        <img decoding=\"async\" width=\"800\" height=\"800\" src=\"https:\/\/i0.wp.com\/home.glassexpo.com.br\/wp-content\/uploads\/2025\/08\/Ana-Juraszck.jpeg?fit=800%2C800&amp;ssl=1\" class=\"attachment-large size-large wp-image-4838\" alt=\"\" srcset=\"https:\/\/i0.wp.com\/home.glassexpo.com.br\/wp-content\/uploads\/2025\/08\/Ana-Juraszck.jpeg?w=1280&amp;ssl=1 1280w, https:\/\/i0.wp.com\/home.glassexpo.com.br\/wp-content\/uploads\/2025\/08\/Ana-Juraszck.jpeg?resize=300%2C300&amp;ssl=1 300w, https:\/\/i0.wp.com\/home.glassexpo.com.br\/wp-content\/uploads\/2025\/08\/Ana-Juraszck.jpeg?resize=1024%2C1024&amp;ssl=1 1024w, https:\/\/i0.wp.com\/home.glassexpo.com.br\/wp-content\/uploads\/2025\/08\/Ana-Juraszck.jpeg?resize=150%2C150&amp;ssl=1 150w, https:\/\/i0.wp.com\/home.glassexpo.com.br\/wp-content\/uploads\/2025\/08\/Ana-Juraszck.jpeg?resize=768%2C768&amp;ssl=1 768w, https:\/\/i0.wp.com\/home.glassexpo.com.br\/wp-content\/uploads\/2025\/08\/Ana-Juraszck.jpeg?resize=12%2C12&amp;ssl=1 12w, https:\/\/i0.wp.com\/home.glassexpo.com.br\/wp-content\/uploads\/2025\/08\/Ana-Juraszck.jpeg?resize=700%2C700&amp;ssl=1 700w, https:\/\/i0.wp.com\/home.glassexpo.com.br\/wp-content\/uploads\/2025\/08\/Ana-Juraszck.jpeg?resize=600%2C600&amp;ssl=1 600w\" sizes=\"(max-width: 800px) 100vw, 800px\" \/>                    <\/div>\n                 \n\n                <div class=\"ekit-team-modal-info has-img\">\n                    <h2 class=\"ekit-team-modal-title\">Ana Juraszck<\/h2>\n                    <p class=\"ekit-team-modal-position\">Marketing para Esquadrias<\/p>\n                    \n                    <div class=\"ekit-team-modal-content\">\n                        Marketing para Esquadrias: O que realmente d\u00e1 resultado e  que importa \u00e9 puro desperdicio                     <\/div>\n\n                                        \n                                    <\/div>\n            <\/div>\n        <\/div>\n    <\/div>\n<\/div>\t\t\t\t\t\t\n\t\t\t\t\t\t\t<div class=\"swiper-slide profile-card elementor-animation- text-center ekit-team-style-default\">\n\t\t\t\t\t\t\t\t\t\t\t\t\t\t\t\t\t<a href=\"javascript:void(0)\" data-mfp-src=\"#ekit_team_modal_55911f3db446c9\" class=\"ekit-team-popup\">\n\t\t\t\t\t\t\t\t\n\t\t\t\t\t\t\t\t<div class=\"profile-header ekit-team-img ekit-img-overlay ekit-team-img-block\"  data-toggle=\"modal\" data-target=\"ekit_team_modal_#55911f3db446c9\" >\n\t\t\t\t\t\t\t\t\t<img decoding=\"async\" width=\"734\" height=\"1024\" src=\"https:\/\/i0.wp.com\/home.glassexpo.com.br\/wp-content\/uploads\/2025\/07\/Celso-Rayol-e-Fernando-Costa-e1756214486508.jpg?fit=734%2C1024&amp;ssl=1\" class=\"attachment-large size-large wp-image-3743\" alt=\"\" srcset=\"https:\/\/i0.wp.com\/home.glassexpo.com.br\/wp-content\/uploads\/2025\/07\/Celso-Rayol-e-Fernando-Costa-e1756214486508.jpg?w=777&amp;ssl=1 777w, https:\/\/i0.wp.com\/home.glassexpo.com.br\/wp-content\/uploads\/2025\/07\/Celso-Rayol-e-Fernando-Costa-e1756214486508.jpg?resize=215%2C300&amp;ssl=1 215w, https:\/\/i0.wp.com\/home.glassexpo.com.br\/wp-content\/uploads\/2025\/07\/Celso-Rayol-e-Fernando-Costa-e1756214486508.jpg?resize=734%2C1024&amp;ssl=1 734w, https:\/\/i0.wp.com\/home.glassexpo.com.br\/wp-content\/uploads\/2025\/07\/Celso-Rayol-e-Fernando-Costa-e1756214486508.jpg?resize=768%2C1071&amp;ssl=1 768w, https:\/\/i0.wp.com\/home.glassexpo.com.br\/wp-content\/uploads\/2025\/07\/Celso-Rayol-e-Fernando-Costa-e1756214486508.jpg?resize=430%2C600&amp;ssl=1 430w, https:\/\/i0.wp.com\/home.glassexpo.com.br\/wp-content\/uploads\/2025\/07\/Celso-Rayol-e-Fernando-Costa-e1756214486508.jpg?resize=9%2C12&amp;ssl=1 9w\" sizes=\"(max-width: 734px) 100vw, 734px\" \/>\t\t\t\t\t\t\t\t<\/div>\n\n\t\t\t\t\t\t\t\t\t\t\t\t\t\t\t\t\t<\/a>\n\t\t\t\t\t\t\t\t\t\t\t\t\n\t\t\t\t\t\t\t\t<div class=\"profile-body\">\n    <h2 class=\"profile-title\">\n                    <a  href=\"javascript:void(0)\" data-mfp-src=\"#ekit_team_modal_55911f3db446c9\" class=\"ekit-team-popup\">\n                Celso Rayol            <\/a>\n                <\/h2>\n    <p class=\"profile-designation\"> \n        Arquiteto e S\u00f3cio-Fundador da Cit\u00e9 Arquitetura    <\/p>\n\n    \n        \n    <\/div>\n\t\t\t\t\t\t\t\t\t\t\t\t\t\t\t<\/div>\n\n\t\t\t\t\t\t\t\t\t\t\t\t\t\t\n\t\t\t\t\t\t\t<div class=\"zoom-anim-dialog mfp-hide elementskit-team-popup\" id=\"ekit_team_modal_55911f3db446c9\" role=\"dialog\" aria-hidden=\"true\">\n    <div class=\"modal-dialog modal-dialog-centered\" role=\"document\">\n        <div class=\"modal-content\">\n            <button type=\"button\" class=\"ekit-team-modal-close\">\n                <i aria-hidden=\"true\" class=\"fas fa-times\"><\/i>            <\/button>\n\n            <div class=\"modal-body\">\n                                    <div class=\"ekit-team-modal-img\">\n                        <img decoding=\"async\" width=\"734\" height=\"1024\" src=\"https:\/\/i0.wp.com\/home.glassexpo.com.br\/wp-content\/uploads\/2025\/07\/Celso-Rayol-e-Fernando-Costa-e1756214486508.jpg?fit=734%2C1024&amp;ssl=1\" class=\"attachment-large size-large wp-image-3743\" alt=\"\" srcset=\"https:\/\/i0.wp.com\/home.glassexpo.com.br\/wp-content\/uploads\/2025\/07\/Celso-Rayol-e-Fernando-Costa-e1756214486508.jpg?w=777&amp;ssl=1 777w, https:\/\/i0.wp.com\/home.glassexpo.com.br\/wp-content\/uploads\/2025\/07\/Celso-Rayol-e-Fernando-Costa-e1756214486508.jpg?resize=215%2C300&amp;ssl=1 215w, https:\/\/i0.wp.com\/home.glassexpo.com.br\/wp-content\/uploads\/2025\/07\/Celso-Rayol-e-Fernando-Costa-e1756214486508.jpg?resize=734%2C1024&amp;ssl=1 734w, https:\/\/i0.wp.com\/home.glassexpo.com.br\/wp-content\/uploads\/2025\/07\/Celso-Rayol-e-Fernando-Costa-e1756214486508.jpg?resize=768%2C1071&amp;ssl=1 768w, https:\/\/i0.wp.com\/home.glassexpo.com.br\/wp-content\/uploads\/2025\/07\/Celso-Rayol-e-Fernando-Costa-e1756214486508.jpg?resize=430%2C600&amp;ssl=1 430w, https:\/\/i0.wp.com\/home.glassexpo.com.br\/wp-content\/uploads\/2025\/07\/Celso-Rayol-e-Fernando-Costa-e1756214486508.jpg?resize=9%2C12&amp;ssl=1 9w\" sizes=\"(max-width: 734px) 100vw, 734px\" \/>                    <\/div>\n                 \n\n                <div class=\"ekit-team-modal-info has-img\">\n                    <h2 class=\"ekit-team-modal-title\">Celso Rayol<\/h2>\n                    <p class=\"ekit-team-modal-position\">Arquiteto e S\u00f3cio-Fundador da Cit\u00e9 Arquitetura<\/p>\n                    \n                    <div class=\"ekit-team-modal-content translation-block\"><strong data-start=\"\u201c712\u201d\" data-end=\"\u201c727\u201d\">Celso Rayol<\/strong> is an architect who graduated from Santa \u00darsula University, a professor at PUC-Rio, and former president of AsBEA-RJ. He has received several awards and had his work exhibited in various editions of the S\u00e3o Paulo Architecture Biennial.<\/div>\n\n                                        \n                                    <\/div>\n            <\/div>\n        <\/div>\n    <\/div>\n<\/div>\t\t\t\t\t\t\n\t\t\t\t\t\t\t<div class=\"swiper-slide profile-card elementor-animation- text-center ekit-team-style-default\">\n\t\t\t\t\t\t\t\t\t\t\t\t\t\t\t\t\t<a href=\"javascript:void(0)\" data-mfp-src=\"#ekit_team_modal_75d39d9db446c9\" class=\"ekit-team-popup\">\n\t\t\t\t\t\t\t\t\n\t\t\t\t\t\t\t\t<div class=\"profile-header ekit-team-img ekit-img-overlay ekit-team-img-block\"  data-toggle=\"modal\" data-target=\"ekit_team_modal_#75d39d9db446c9\" >\n\t\t\t\t\t\t\t\t\t<img loading=\"lazy\" decoding=\"async\" width=\"800\" height=\"800\" src=\"https:\/\/i0.wp.com\/home.glassexpo.com.br\/wp-content\/uploads\/2025\/08\/Clelia-Basseto.jpg?fit=800%2C800&amp;ssl=1\" class=\"attachment-large size-large wp-image-4340\" alt=\"\" srcset=\"https:\/\/i0.wp.com\/home.glassexpo.com.br\/wp-content\/uploads\/2025\/08\/Clelia-Basseto.jpg?w=800&amp;ssl=1 800w, https:\/\/i0.wp.com\/home.glassexpo.com.br\/wp-content\/uploads\/2025\/08\/Clelia-Basseto.jpg?resize=300%2C300&amp;ssl=1 300w, https:\/\/i0.wp.com\/home.glassexpo.com.br\/wp-content\/uploads\/2025\/08\/Clelia-Basseto.jpg?resize=150%2C150&amp;ssl=1 150w, https:\/\/i0.wp.com\/home.glassexpo.com.br\/wp-content\/uploads\/2025\/08\/Clelia-Basseto.jpg?resize=768%2C768&amp;ssl=1 768w, https:\/\/i0.wp.com\/home.glassexpo.com.br\/wp-content\/uploads\/2025\/08\/Clelia-Basseto.jpg?resize=12%2C12&amp;ssl=1 12w, https:\/\/i0.wp.com\/home.glassexpo.com.br\/wp-content\/uploads\/2025\/08\/Clelia-Basseto.jpg?resize=700%2C700&amp;ssl=1 700w, https:\/\/i0.wp.com\/home.glassexpo.com.br\/wp-content\/uploads\/2025\/08\/Clelia-Basseto.jpg?resize=600%2C600&amp;ssl=1 600w\" sizes=\"(max-width: 800px) 100vw, 800px\" \/>\t\t\t\t\t\t\t\t<\/div>\n\n\t\t\t\t\t\t\t\t\t\t\t\t\t\t\t\t\t<\/a>\n\t\t\t\t\t\t\t\t\t\t\t\t\n\t\t\t\t\t\t\t\t<div class=\"profile-body\">\n    <h2 class=\"profile-title\">\n                    <a  href=\"javascript:void(0)\" data-mfp-src=\"#ekit_team_modal_75d39d9db446c9\" class=\"ekit-team-popup\">\n                Cl\u00e9lia Basseto            <\/a>\n                <\/h2>\n    <p class=\"profile-designation\"> \n        Analista de Normaliza\u00e7\u00e3o da Abravidro    <\/p>\n\n    \n        \n    <\/div>\n\t\t\t\t\t\t\t\t\t\t\t\t\t\t\t<\/div>\n\n\t\t\t\t\t\t\t\t\t\t\t\t\t\t\n\t\t\t\t\t\t\t<div class=\"zoom-anim-dialog mfp-hide elementskit-team-popup\" id=\"ekit_team_modal_75d39d9db446c9\" role=\"dialog\" aria-hidden=\"true\">\n    <div class=\"modal-dialog modal-dialog-centered\" role=\"document\">\n        <div class=\"modal-content\">\n            <button type=\"button\" class=\"ekit-team-modal-close\">\n                <i aria-hidden=\"true\" class=\"fas fa-times\"><\/i>            <\/button>\n\n            <div class=\"modal-body\">\n                                    <div class=\"ekit-team-modal-img\">\n                        <img loading=\"lazy\" decoding=\"async\" width=\"800\" height=\"800\" src=\"https:\/\/i0.wp.com\/home.glassexpo.com.br\/wp-content\/uploads\/2025\/08\/Clelia-Basseto.jpg?fit=800%2C800&amp;ssl=1\" class=\"attachment-large size-large wp-image-4340\" alt=\"\" srcset=\"https:\/\/i0.wp.com\/home.glassexpo.com.br\/wp-content\/uploads\/2025\/08\/Clelia-Basseto.jpg?w=800&amp;ssl=1 800w, https:\/\/i0.wp.com\/home.glassexpo.com.br\/wp-content\/uploads\/2025\/08\/Clelia-Basseto.jpg?resize=300%2C300&amp;ssl=1 300w, https:\/\/i0.wp.com\/home.glassexpo.com.br\/wp-content\/uploads\/2025\/08\/Clelia-Basseto.jpg?resize=150%2C150&amp;ssl=1 150w, https:\/\/i0.wp.com\/home.glassexpo.com.br\/wp-content\/uploads\/2025\/08\/Clelia-Basseto.jpg?resize=768%2C768&amp;ssl=1 768w, https:\/\/i0.wp.com\/home.glassexpo.com.br\/wp-content\/uploads\/2025\/08\/Clelia-Basseto.jpg?resize=12%2C12&amp;ssl=1 12w, https:\/\/i0.wp.com\/home.glassexpo.com.br\/wp-content\/uploads\/2025\/08\/Clelia-Basseto.jpg?resize=700%2C700&amp;ssl=1 700w, https:\/\/i0.wp.com\/home.glassexpo.com.br\/wp-content\/uploads\/2025\/08\/Clelia-Basseto.jpg?resize=600%2C600&amp;ssl=1 600w\" sizes=\"(max-width: 800px) 100vw, 800px\" \/>                    <\/div>\n                 \n\n                <div class=\"ekit-team-modal-info has-img\">\n                    <h2 class=\"ekit-team-modal-title\">Cl\u00e9lia Basseto<\/h2>\n                    <p class=\"ekit-team-modal-position\">Analista de Normaliza\u00e7\u00e3o da Abravidro<\/p>\n                    \n                    <div class=\"ekit-team-modal-content\">\n                        Analista de Normaliza\u00e7\u00e3o da Abravidro e possui dezoito anos de experi\u00eancia na \u00e1rea. Coordena as atividades para a elabora\u00e7\u00e3o e revis\u00e3o das normas nas comiss\u00f5es de estudos do Comit\u00ea Brasileiro de Vidros Planos (ABNT\/CB-37), \u00f3rg\u00e3o respons\u00e1vel por desenvolver e atualizar as normas t\u00e9cnicas relacionadas aos vidros planos sob responsabilidade da Associa\u00e7\u00e3o Brasileira de Normas T\u00e9cnicas (ABNT). Tamb\u00e9m ministra palestras para a divulga\u00e7\u00e3o das normas do setor.                    <\/div>\n\n                                        \n                                    <\/div>\n            <\/div>\n        <\/div>\n    <\/div>\n<\/div>\t\t\t\t\t\t\n\t\t\t\t\t\t\t<div class=\"swiper-slide profile-card elementor-animation- text-center ekit-team-style-default\">\n\t\t\t\t\t\t\t\t\t\t\t\t\t\t\t\t\t<a href=\"javascript:void(0)\" data-mfp-src=\"#ekit_team_modal_49d8febdb446c9\" class=\"ekit-team-popup\">\n\t\t\t\t\t\t\t\t\n\t\t\t\t\t\t\t\t<div class=\"profile-header ekit-team-img ekit-img-overlay ekit-team-img-block\"  data-toggle=\"modal\" data-target=\"ekit_team_modal_#49d8febdb446c9\" >\n\t\t\t\t\t\t\t\t\t<img loading=\"lazy\" decoding=\"async\" width=\"640\" height=\"640\" src=\"https:\/\/i0.wp.com\/home.glassexpo.com.br\/wp-content\/uploads\/2025\/08\/Diego-Moraes.jpeg?fit=640%2C640&amp;ssl=1\" class=\"attachment-large size-large wp-image-4837\" alt=\"\" srcset=\"https:\/\/i0.wp.com\/home.glassexpo.com.br\/wp-content\/uploads\/2025\/08\/Diego-Moraes.jpeg?w=640&amp;ssl=1 640w, https:\/\/i0.wp.com\/home.glassexpo.com.br\/wp-content\/uploads\/2025\/08\/Diego-Moraes.jpeg?resize=300%2C300&amp;ssl=1 300w, https:\/\/i0.wp.com\/home.glassexpo.com.br\/wp-content\/uploads\/2025\/08\/Diego-Moraes.jpeg?resize=150%2C150&amp;ssl=1 150w, https:\/\/i0.wp.com\/home.glassexpo.com.br\/wp-content\/uploads\/2025\/08\/Diego-Moraes.jpeg?resize=12%2C12&amp;ssl=1 12w, https:\/\/i0.wp.com\/home.glassexpo.com.br\/wp-content\/uploads\/2025\/08\/Diego-Moraes.jpeg?resize=600%2C600&amp;ssl=1 600w\" sizes=\"(max-width: 640px) 100vw, 640px\" \/>\t\t\t\t\t\t\t\t<\/div>\n\n\t\t\t\t\t\t\t\t\t\t\t\t\t\t\t\t\t<\/a>\n\t\t\t\t\t\t\t\t\t\t\t\t\n\t\t\t\t\t\t\t\t<div class=\"profile-body\">\n    <h2 class=\"profile-title\">\n                    <a  href=\"javascript:void(0)\" data-mfp-src=\"#ekit_team_modal_49d8febdb446c9\" class=\"ekit-team-popup\">\n                Diego Moraes            <\/a>\n                <\/h2>\n    <p class=\"profile-designation\"> \n        Venda na Obra    <\/p>\n\n    \n        \n    <\/div>\n\t\t\t\t\t\t\t\t\t\t\t\t\t\t\t<\/div>\n\n\t\t\t\t\t\t\t\t\t\t\t\t\t\t\n\t\t\t\t\t\t\t<div class=\"zoom-anim-dialog mfp-hide elementskit-team-popup\" id=\"ekit_team_modal_49d8febdb446c9\" role=\"dialog\" aria-hidden=\"true\">\n    <div class=\"modal-dialog modal-dialog-centered\" role=\"document\">\n        <div class=\"modal-content\">\n            <button type=\"button\" class=\"ekit-team-modal-close\">\n                <i aria-hidden=\"true\" class=\"fas fa-times\"><\/i>            <\/button>\n\n            <div class=\"modal-body\">\n                                    <div class=\"ekit-team-modal-img\">\n                        <img loading=\"lazy\" decoding=\"async\" width=\"640\" height=\"640\" src=\"https:\/\/i0.wp.com\/home.glassexpo.com.br\/wp-content\/uploads\/2025\/08\/Diego-Moraes.jpeg?fit=640%2C640&amp;ssl=1\" class=\"attachment-large size-large wp-image-4837\" alt=\"\" srcset=\"https:\/\/i0.wp.com\/home.glassexpo.com.br\/wp-content\/uploads\/2025\/08\/Diego-Moraes.jpeg?w=640&amp;ssl=1 640w, https:\/\/i0.wp.com\/home.glassexpo.com.br\/wp-content\/uploads\/2025\/08\/Diego-Moraes.jpeg?resize=300%2C300&amp;ssl=1 300w, https:\/\/i0.wp.com\/home.glassexpo.com.br\/wp-content\/uploads\/2025\/08\/Diego-Moraes.jpeg?resize=150%2C150&amp;ssl=1 150w, https:\/\/i0.wp.com\/home.glassexpo.com.br\/wp-content\/uploads\/2025\/08\/Diego-Moraes.jpeg?resize=12%2C12&amp;ssl=1 12w, https:\/\/i0.wp.com\/home.glassexpo.com.br\/wp-content\/uploads\/2025\/08\/Diego-Moraes.jpeg?resize=600%2C600&amp;ssl=1 600w\" sizes=\"(max-width: 640px) 100vw, 640px\" \/>                    <\/div>\n                 \n\n                <div class=\"ekit-team-modal-info has-img\">\n                    <h2 class=\"ekit-team-modal-title\">Diego Moraes<\/h2>\n                    <p class=\"ekit-team-modal-position\">Venda na Obra<\/p>\n                    \n                    <div class=\"ekit-team-modal-content\">\n                        Como vender mais atrav\u00e9s da aplica\u00e7\u00e3o de um CRM                    <\/div>\n\n                                        \n                                    <\/div>\n            <\/div>\n        <\/div>\n    <\/div>\n<\/div>\t\t\t\t\t\t\n\t\t\t\t\t\t\t<div class=\"swiper-slide profile-card elementor-animation- text-center ekit-team-style-default\">\n\t\t\t\t\t\t\t\t\t\t\t\t\t\t\t\t\t<a href=\"javascript:void(0)\" data-mfp-src=\"#ekit_team_modal_735c726db446c9\" class=\"ekit-team-popup\">\n\t\t\t\t\t\t\t\t\n\t\t\t\t\t\t\t\t<div class=\"profile-header ekit-team-img ekit-img-overlay ekit-team-img-block\"  data-toggle=\"modal\" data-target=\"ekit_team_modal_#735c726db446c9\" >\n\t\t\t\t\t\t\t\t\t<img loading=\"lazy\" decoding=\"async\" width=\"433\" height=\"577\" src=\"https:\/\/i0.wp.com\/home.glassexpo.com.br\/wp-content\/uploads\/2025\/08\/Eli-Marques.png?fit=433%2C577&amp;ssl=1\" class=\"attachment-large size-large wp-image-4825\" alt=\"\" srcset=\"https:\/\/i0.wp.com\/home.glassexpo.com.br\/wp-content\/uploads\/2025\/08\/Eli-Marques.png?w=433&amp;ssl=1 433w, https:\/\/i0.wp.com\/home.glassexpo.com.br\/wp-content\/uploads\/2025\/08\/Eli-Marques.png?resize=225%2C300&amp;ssl=1 225w, https:\/\/i0.wp.com\/home.glassexpo.com.br\/wp-content\/uploads\/2025\/08\/Eli-Marques.png?resize=9%2C12&amp;ssl=1 9w\" sizes=\"(max-width: 433px) 100vw, 433px\" \/>\t\t\t\t\t\t\t\t<\/div>\n\n\t\t\t\t\t\t\t\t\t\t\t\t\t\t\t\t\t<\/a>\n\t\t\t\t\t\t\t\t\t\t\t\t\n\t\t\t\t\t\t\t\t<div class=\"profile-body\">\n    <h2 class=\"profile-title\">\n                    <a  href=\"javascript:void(0)\" data-mfp-src=\"#ekit_team_modal_735c726db446c9\" class=\"ekit-team-popup\">\n                Eli Marques            <\/a>\n                <\/h2>\n    <p class=\"profile-designation\"> \n        DECAMP    <\/p>\n\n    \n        \n    <\/div>\n\t\t\t\t\t\t\t\t\t\t\t\t\t\t\t<\/div>\n\n\t\t\t\t\t\t\t\t\t\t\t\t\t\t\n\t\t\t\t\t\t\t<div class=\"zoom-anim-dialog mfp-hide elementskit-team-popup\" id=\"ekit_team_modal_735c726db446c9\" role=\"dialog\" aria-hidden=\"true\">\n    <div class=\"modal-dialog modal-dialog-centered\" role=\"document\">\n        <div class=\"modal-content\">\n            <button type=\"button\" class=\"ekit-team-modal-close\">\n                <i aria-hidden=\"true\" class=\"fas fa-times\"><\/i>            <\/button>\n\n            <div class=\"modal-body\">\n                                    <div class=\"ekit-team-modal-img\">\n                        <img loading=\"lazy\" decoding=\"async\" width=\"433\" height=\"577\" src=\"https:\/\/i0.wp.com\/home.glassexpo.com.br\/wp-content\/uploads\/2025\/08\/Eli-Marques.png?fit=433%2C577&amp;ssl=1\" class=\"attachment-large size-large wp-image-4825\" alt=\"\" srcset=\"https:\/\/i0.wp.com\/home.glassexpo.com.br\/wp-content\/uploads\/2025\/08\/Eli-Marques.png?w=433&amp;ssl=1 433w, https:\/\/i0.wp.com\/home.glassexpo.com.br\/wp-content\/uploads\/2025\/08\/Eli-Marques.png?resize=225%2C300&amp;ssl=1 225w, https:\/\/i0.wp.com\/home.glassexpo.com.br\/wp-content\/uploads\/2025\/08\/Eli-Marques.png?resize=9%2C12&amp;ssl=1 9w\" sizes=\"(max-width: 433px) 100vw, 433px\" \/>                    <\/div>\n                 \n\n                <div class=\"ekit-team-modal-info has-img\">\n                    <h2 class=\"ekit-team-modal-title\">Eli Marques<\/h2>\n                    <p class=\"ekit-team-modal-position\">DECAMP<\/p>\n                    \n                    <div class=\"ekit-team-modal-content\">\n                        A import\u00e2ncia da especifica\u00e7\u00e3o correta das esquadrias no projeto                    <\/div>\n\n                                        \n                                    <\/div>\n            <\/div>\n        <\/div>\n    <\/div>\n<\/div>\t\t\t\t\t\t\n\t\t\t\t\t\t\t<div class=\"swiper-slide profile-card elementor-animation- text-center ekit-team-style-default\">\n\t\t\t\t\t\t\t\t\t\t\t\t\t\t\t\t\t<a href=\"javascript:void(0)\" data-mfp-src=\"#ekit_team_modal_a170f4bdb446c9\" class=\"ekit-team-popup\">\n\t\t\t\t\t\t\t\t\n\t\t\t\t\t\t\t\t<div class=\"profile-header ekit-team-img ekit-img-overlay ekit-team-img-block\"  data-toggle=\"modal\" data-target=\"ekit_team_modal_#a170f4bdb446c9\" >\n\t\t\t\t\t\t\t\t\t<img loading=\"lazy\" decoding=\"async\" width=\"768\" height=\"1024\" src=\"https:\/\/i0.wp.com\/home.glassexpo.com.br\/wp-content\/uploads\/2025\/08\/Edison-Fernandes.jpeg?fit=768%2C1024&amp;ssl=1\" class=\"attachment-large size-large wp-image-4862\" alt=\"\" srcset=\"https:\/\/i0.wp.com\/home.glassexpo.com.br\/wp-content\/uploads\/2025\/08\/Edison-Fernandes.jpeg?w=960&amp;ssl=1 960w, https:\/\/i0.wp.com\/home.glassexpo.com.br\/wp-content\/uploads\/2025\/08\/Edison-Fernandes.jpeg?resize=225%2C300&amp;ssl=1 225w, https:\/\/i0.wp.com\/home.glassexpo.com.br\/wp-content\/uploads\/2025\/08\/Edison-Fernandes.jpeg?resize=768%2C1024&amp;ssl=1 768w, https:\/\/i0.wp.com\/home.glassexpo.com.br\/wp-content\/uploads\/2025\/08\/Edison-Fernandes.jpeg?resize=9%2C12&amp;ssl=1 9w, https:\/\/i0.wp.com\/home.glassexpo.com.br\/wp-content\/uploads\/2025\/08\/Edison-Fernandes.jpeg?resize=450%2C600&amp;ssl=1 450w\" sizes=\"(max-width: 768px) 100vw, 768px\" \/>\t\t\t\t\t\t\t\t<\/div>\n\n\t\t\t\t\t\t\t\t\t\t\t\t\t\t\t\t\t<\/a>\n\t\t\t\t\t\t\t\t\t\t\t\t\n\t\t\t\t\t\t\t\t<div class=\"profile-body\">\n    <h2 class=\"profile-title\">\n                    <a  href=\"javascript:void(0)\" data-mfp-src=\"#ekit_team_modal_a170f4bdb446c9\" class=\"ekit-team-popup\">\n                Edison Fernandes            <\/a>\n                <\/h2>\n    <p class=\"profile-designation\"> \n        Presidente da Associa\u00e7\u00e3o Brasileira de Ind\u00fastria de Esquadrias (ABIE)    <\/p>\n\n    \n        \n    <\/div>\n\t\t\t\t\t\t\t\t\t\t\t\t\t\t\t<\/div>\n\n\t\t\t\t\t\t\t\t\t\t\t\t\t\t\n\t\t\t\t\t\t\t<div class=\"zoom-anim-dialog mfp-hide elementskit-team-popup\" id=\"ekit_team_modal_a170f4bdb446c9\" role=\"dialog\" aria-hidden=\"true\">\n    <div class=\"modal-dialog modal-dialog-centered\" role=\"document\">\n        <div class=\"modal-content\">\n            <button type=\"button\" class=\"ekit-team-modal-close\">\n                <i aria-hidden=\"true\" class=\"fas fa-times\"><\/i>            <\/button>\n\n            <div class=\"modal-body\">\n                                    <div class=\"ekit-team-modal-img\">\n                        <img loading=\"lazy\" decoding=\"async\" width=\"768\" height=\"1024\" src=\"https:\/\/i0.wp.com\/home.glassexpo.com.br\/wp-content\/uploads\/2025\/08\/Edison-Fernandes.jpeg?fit=768%2C1024&amp;ssl=1\" class=\"attachment-large size-large wp-image-4862\" alt=\"\" srcset=\"https:\/\/i0.wp.com\/home.glassexpo.com.br\/wp-content\/uploads\/2025\/08\/Edison-Fernandes.jpeg?w=960&amp;ssl=1 960w, https:\/\/i0.wp.com\/home.glassexpo.com.br\/wp-content\/uploads\/2025\/08\/Edison-Fernandes.jpeg?resize=225%2C300&amp;ssl=1 225w, https:\/\/i0.wp.com\/home.glassexpo.com.br\/wp-content\/uploads\/2025\/08\/Edison-Fernandes.jpeg?resize=768%2C1024&amp;ssl=1 768w, https:\/\/i0.wp.com\/home.glassexpo.com.br\/wp-content\/uploads\/2025\/08\/Edison-Fernandes.jpeg?resize=9%2C12&amp;ssl=1 9w, https:\/\/i0.wp.com\/home.glassexpo.com.br\/wp-content\/uploads\/2025\/08\/Edison-Fernandes.jpeg?resize=450%2C600&amp;ssl=1 450w\" sizes=\"(max-width: 768px) 100vw, 768px\" \/>                    <\/div>\n                 \n\n                <div class=\"ekit-team-modal-info has-img\">\n                    <h2 class=\"ekit-team-modal-title\">Edison Fernandes<\/h2>\n                    <p class=\"ekit-team-modal-position\">Presidente da Associa\u00e7\u00e3o Brasileira de Ind\u00fastria de Esquadrias (ABIE)<\/p>\n                    \n                    <div class=\"ekit-team-modal-content\">\n                        TALKSHOW                    <\/div>\n\n                                        \n                                    <\/div>\n            <\/div>\n        <\/div>\n    <\/div>\n<\/div>\t\t\t\t\t\t\n\t\t\t\t\t\t\t<div class=\"swiper-slide profile-card elementor-animation- text-center ekit-team-style-default\">\n\t\t\t\t\t\t\t\t\t\t\t\t\t\t\t\t\t<a href=\"javascript:void(0)\" data-mfp-src=\"#ekit_team_modal_80111b1db446c9\" class=\"ekit-team-popup\">\n\t\t\t\t\t\t\t\t\n\t\t\t\t\t\t\t\t<div class=\"profile-header ekit-team-img ekit-img-overlay ekit-team-img-block\"  data-toggle=\"modal\" data-target=\"ekit_team_modal_#80111b1db446c9\" >\n\t\t\t\t\t\t\t\t\t<img loading=\"lazy\" decoding=\"async\" width=\"800\" height=\"800\" src=\"https:\/\/i0.wp.com\/home.glassexpo.com.br\/wp-content\/uploads\/2025\/08\/Fernando-Westphal.jpg?fit=800%2C800&amp;ssl=1\" class=\"attachment-large size-large wp-image-4351\" alt=\"\" srcset=\"https:\/\/i0.wp.com\/home.glassexpo.com.br\/wp-content\/uploads\/2025\/08\/Fernando-Westphal.jpg?w=800&amp;ssl=1 800w, https:\/\/i0.wp.com\/home.glassexpo.com.br\/wp-content\/uploads\/2025\/08\/Fernando-Westphal.jpg?resize=300%2C300&amp;ssl=1 300w, https:\/\/i0.wp.com\/home.glassexpo.com.br\/wp-content\/uploads\/2025\/08\/Fernando-Westphal.jpg?resize=150%2C150&amp;ssl=1 150w, https:\/\/i0.wp.com\/home.glassexpo.com.br\/wp-content\/uploads\/2025\/08\/Fernando-Westphal.jpg?resize=768%2C768&amp;ssl=1 768w, https:\/\/i0.wp.com\/home.glassexpo.com.br\/wp-content\/uploads\/2025\/08\/Fernando-Westphal.jpg?resize=12%2C12&amp;ssl=1 12w, https:\/\/i0.wp.com\/home.glassexpo.com.br\/wp-content\/uploads\/2025\/08\/Fernando-Westphal.jpg?resize=700%2C700&amp;ssl=1 700w, https:\/\/i0.wp.com\/home.glassexpo.com.br\/wp-content\/uploads\/2025\/08\/Fernando-Westphal.jpg?resize=600%2C600&amp;ssl=1 600w\" sizes=\"(max-width: 800px) 100vw, 800px\" \/>\t\t\t\t\t\t\t\t<\/div>\n\n\t\t\t\t\t\t\t\t\t\t\t\t\t\t\t\t\t<\/a>\n\t\t\t\t\t\t\t\t\t\t\t\t\n\t\t\t\t\t\t\t\t<div class=\"profile-body\">\n    <h2 class=\"profile-title\">\n                    <a  href=\"javascript:void(0)\" data-mfp-src=\"#ekit_team_modal_80111b1db446c9\" class=\"ekit-team-popup\">\n                Fernando Westphal            <\/a>\n                <\/h2>\n    <p class=\"profile-designation\"> \n        Professor de Arquitetura e Urbanismo da UFSC     <\/p>\n\n    \n        \n    <\/div>\n\t\t\t\t\t\t\t\t\t\t\t\t\t\t\t<\/div>\n\n\t\t\t\t\t\t\t\t\t\t\t\t\t\t\n\t\t\t\t\t\t\t<div class=\"zoom-anim-dialog mfp-hide elementskit-team-popup\" id=\"ekit_team_modal_80111b1db446c9\" role=\"dialog\" aria-hidden=\"true\">\n    <div class=\"modal-dialog modal-dialog-centered\" role=\"document\">\n        <div class=\"modal-content\">\n            <button type=\"button\" class=\"ekit-team-modal-close\">\n                <i aria-hidden=\"true\" class=\"fas fa-times\"><\/i>            <\/button>\n\n            <div class=\"modal-body\">\n                                    <div class=\"ekit-team-modal-img\">\n                        <img loading=\"lazy\" decoding=\"async\" width=\"800\" height=\"800\" src=\"https:\/\/i0.wp.com\/home.glassexpo.com.br\/wp-content\/uploads\/2025\/08\/Fernando-Westphal.jpg?fit=800%2C800&amp;ssl=1\" class=\"attachment-large size-large wp-image-4351\" alt=\"\" srcset=\"https:\/\/i0.wp.com\/home.glassexpo.com.br\/wp-content\/uploads\/2025\/08\/Fernando-Westphal.jpg?w=800&amp;ssl=1 800w, https:\/\/i0.wp.com\/home.glassexpo.com.br\/wp-content\/uploads\/2025\/08\/Fernando-Westphal.jpg?resize=300%2C300&amp;ssl=1 300w, https:\/\/i0.wp.com\/home.glassexpo.com.br\/wp-content\/uploads\/2025\/08\/Fernando-Westphal.jpg?resize=150%2C150&amp;ssl=1 150w, https:\/\/i0.wp.com\/home.glassexpo.com.br\/wp-content\/uploads\/2025\/08\/Fernando-Westphal.jpg?resize=768%2C768&amp;ssl=1 768w, https:\/\/i0.wp.com\/home.glassexpo.com.br\/wp-content\/uploads\/2025\/08\/Fernando-Westphal.jpg?resize=12%2C12&amp;ssl=1 12w, https:\/\/i0.wp.com\/home.glassexpo.com.br\/wp-content\/uploads\/2025\/08\/Fernando-Westphal.jpg?resize=700%2C700&amp;ssl=1 700w, https:\/\/i0.wp.com\/home.glassexpo.com.br\/wp-content\/uploads\/2025\/08\/Fernando-Westphal.jpg?resize=600%2C600&amp;ssl=1 600w\" sizes=\"(max-width: 800px) 100vw, 800px\" \/>                    <\/div>\n                 \n\n                <div class=\"ekit-team-modal-info has-img\">\n                    <h2 class=\"ekit-team-modal-title\">Fernando Westphal<\/h2>\n                    <p class=\"ekit-team-modal-position\">Professor de Arquitetura e Urbanismo da UFSC <\/p>\n                    \n                    <div class=\"ekit-team-modal-content\">\n                        Professor do Departamento de Arquitetura e Urbanismo na Universidade Federal de Santa Catarina (UFSC). Pioneiro no desenvolvimento de simula\u00e7\u00e3o computacional com foco em efici\u00eancia energ\u00e9tica para a Certifica\u00e7\u00e3o LEED no Brasil. Participa\u00e7\u00e3o em mais de 100 projetos certificados ou em fase de certifica\u00e7\u00e3o no pa\u00eds.                    <\/div>\n\n                                        \n                                    <\/div>\n            <\/div>\n        <\/div>\n    <\/div>\n<\/div>\t\t\t\t\t\t\n\t\t\t\t\t\t\t<div class=\"swiper-slide profile-card elementor-animation- text-center ekit-team-style-default\">\n\t\t\t\t\t\t\t\t\t\t\t\t\t\t\t\t\t<a href=\"javascript:void(0)\" data-mfp-src=\"#ekit_team_modal_7cfd656db446c9\" class=\"ekit-team-popup\">\n\t\t\t\t\t\t\t\t\n\t\t\t\t\t\t\t\t<div class=\"profile-header ekit-team-img ekit-img-overlay ekit-team-img-block\"  data-toggle=\"modal\" data-target=\"ekit_team_modal_#7cfd656db446c9\" >\n\t\t\t\t\t\t\t\t\t<img loading=\"lazy\" decoding=\"async\" width=\"800\" height=\"982\" src=\"https:\/\/i0.wp.com\/home.glassexpo.com.br\/wp-content\/uploads\/2025\/07\/Frans-de-Witte-e1753119424553.jpg?fit=800%2C982&amp;ssl=1\" class=\"attachment-large size-large wp-image-3754\" alt=\"\" srcset=\"https:\/\/i0.wp.com\/home.glassexpo.com.br\/wp-content\/uploads\/2025\/07\/Frans-de-Witte-e1753119424553.jpg?w=1390&amp;ssl=1 1390w, https:\/\/i0.wp.com\/home.glassexpo.com.br\/wp-content\/uploads\/2025\/07\/Frans-de-Witte-e1753119424553.jpg?resize=244%2C300&amp;ssl=1 244w, https:\/\/i0.wp.com\/home.glassexpo.com.br\/wp-content\/uploads\/2025\/07\/Frans-de-Witte-e1753119424553.jpg?resize=834%2C1024&amp;ssl=1 834w, https:\/\/i0.wp.com\/home.glassexpo.com.br\/wp-content\/uploads\/2025\/07\/Frans-de-Witte-e1753119424553.jpg?resize=768%2C943&amp;ssl=1 768w, https:\/\/i0.wp.com\/home.glassexpo.com.br\/wp-content\/uploads\/2025\/07\/Frans-de-Witte-e1753119424553.jpg?resize=1251%2C1536&amp;ssl=1 1251w, https:\/\/i0.wp.com\/home.glassexpo.com.br\/wp-content\/uploads\/2025\/07\/Frans-de-Witte-e1753119424553.jpg?resize=489%2C600&amp;ssl=1 489w\" sizes=\"(max-width: 800px) 100vw, 800px\" \/>\t\t\t\t\t\t\t\t<\/div>\n\n\t\t\t\t\t\t\t\t\t\t\t\t\t\t\t\t\t<\/a>\n\t\t\t\t\t\t\t\t\t\t\t\t\n\t\t\t\t\t\t\t\t<div class=\"profile-body\">\n    <h2 class=\"profile-title\">\n                    <a  href=\"javascript:void(0)\" data-mfp-src=\"#ekit_team_modal_7cfd656db446c9\" class=\"ekit-team-popup\">\n                Frans de Witte            <\/a>\n                <\/h2>\n    <p class=\"profile-designation\"> \n        Architect, Partner, and Director of Studio Americas at MVRDV    <\/p>\n\n    \n        \n    <\/div>\n\t\t\t\t\t\t\t\t\t\t\t\t\t\t\t<\/div>\n\n\t\t\t\t\t\t\t\t\t\t\t\t\t\t\n\t\t\t\t\t\t\t<div class=\"zoom-anim-dialog mfp-hide elementskit-team-popup\" id=\"ekit_team_modal_7cfd656db446c9\" role=\"dialog\" aria-hidden=\"true\">\n    <div class=\"modal-dialog modal-dialog-centered\" role=\"document\">\n        <div class=\"modal-content\">\n            <button type=\"button\" class=\"ekit-team-modal-close\">\n                <i aria-hidden=\"true\" class=\"fas fa-times\"><\/i>            <\/button>\n\n            <div class=\"modal-body\">\n                                    <div class=\"ekit-team-modal-img\">\n                        <img loading=\"lazy\" decoding=\"async\" width=\"800\" height=\"982\" src=\"https:\/\/i0.wp.com\/home.glassexpo.com.br\/wp-content\/uploads\/2025\/07\/Frans-de-Witte-e1753119424553.jpg?fit=800%2C982&amp;ssl=1\" class=\"attachment-large size-large wp-image-3754\" alt=\"\" srcset=\"https:\/\/i0.wp.com\/home.glassexpo.com.br\/wp-content\/uploads\/2025\/07\/Frans-de-Witte-e1753119424553.jpg?w=1390&amp;ssl=1 1390w, https:\/\/i0.wp.com\/home.glassexpo.com.br\/wp-content\/uploads\/2025\/07\/Frans-de-Witte-e1753119424553.jpg?resize=244%2C300&amp;ssl=1 244w, https:\/\/i0.wp.com\/home.glassexpo.com.br\/wp-content\/uploads\/2025\/07\/Frans-de-Witte-e1753119424553.jpg?resize=834%2C1024&amp;ssl=1 834w, https:\/\/i0.wp.com\/home.glassexpo.com.br\/wp-content\/uploads\/2025\/07\/Frans-de-Witte-e1753119424553.jpg?resize=768%2C943&amp;ssl=1 768w, https:\/\/i0.wp.com\/home.glassexpo.com.br\/wp-content\/uploads\/2025\/07\/Frans-de-Witte-e1753119424553.jpg?resize=1251%2C1536&amp;ssl=1 1251w, https:\/\/i0.wp.com\/home.glassexpo.com.br\/wp-content\/uploads\/2025\/07\/Frans-de-Witte-e1753119424553.jpg?resize=489%2C600&amp;ssl=1 489w\" sizes=\"(max-width: 800px) 100vw, 800px\" \/>                    <\/div>\n                 \n\n                <div class=\"ekit-team-modal-info has-img\">\n                    <h2 class=\"ekit-team-modal-title\">Frans de Witte<\/h2>\n                    <p class=\"ekit-team-modal-position\">Architect, Partner, and Director of Studio Americas at MVRDV<\/p>\n                    \n                    <div class=\"ekit-team-modal-content\">\n                        Frans de Witte, partner and director of MVRDV's Studio Americas since 1996, leads projects in the Netherlands, the US, Canada, and South America. Among his highlights are Silodam, the Radio Tower in New York, the Matrix 1 building in Amsterdam, and The Canyon in San Francisco. He is currently leading projects such as residential towers in Guayaquil, a health center in Toronto, the Faneuil Gardens plan in Boston, and The Sax towers in Rotterdam.                    <\/div>\n\n                                        \n                                    <\/div>\n            <\/div>\n        <\/div>\n    <\/div>\n<\/div>\t\t\t\t\t\t\n\t\t\t\t\t\t\t<div class=\"swiper-slide profile-card elementor-animation- text-center ekit-team-style-default\">\n\t\t\t\t\t\t\t\t\t\t\t\t\t\t\t\t\t<a href=\"javascript:void(0)\" data-mfp-src=\"#ekit_team_modal_ac03a63db446c9\" class=\"ekit-team-popup\">\n\t\t\t\t\t\t\t\t\n\t\t\t\t\t\t\t\t<div class=\"profile-header ekit-team-img ekit-img-overlay ekit-team-img-block\"  data-toggle=\"modal\" data-target=\"ekit_team_modal_#ac03a63db446c9\" >\n\t\t\t\t\t\t\t\t\t<img loading=\"lazy\" decoding=\"async\" width=\"800\" height=\"533\" src=\"https:\/\/i0.wp.com\/home.glassexpo.com.br\/wp-content\/uploads\/2025\/07\/Gabriela-Carrillo.jpg?fit=800%2C533&amp;ssl=1\" class=\"attachment-large size-large wp-image-3764\" alt=\"\" srcset=\"https:\/\/i0.wp.com\/home.glassexpo.com.br\/wp-content\/uploads\/2025\/07\/Gabriela-Carrillo.jpg?w=2000&amp;ssl=1 2000w, https:\/\/i0.wp.com\/home.glassexpo.com.br\/wp-content\/uploads\/2025\/07\/Gabriela-Carrillo.jpg?resize=300%2C200&amp;ssl=1 300w, https:\/\/i0.wp.com\/home.glassexpo.com.br\/wp-content\/uploads\/2025\/07\/Gabriela-Carrillo.jpg?resize=1024%2C682&amp;ssl=1 1024w, https:\/\/i0.wp.com\/home.glassexpo.com.br\/wp-content\/uploads\/2025\/07\/Gabriela-Carrillo.jpg?resize=768%2C512&amp;ssl=1 768w, https:\/\/i0.wp.com\/home.glassexpo.com.br\/wp-content\/uploads\/2025\/07\/Gabriela-Carrillo.jpg?resize=1536%2C1024&amp;ssl=1 1536w, https:\/\/i0.wp.com\/home.glassexpo.com.br\/wp-content\/uploads\/2025\/07\/Gabriela-Carrillo.jpg?resize=600%2C400&amp;ssl=1 600w, https:\/\/i0.wp.com\/home.glassexpo.com.br\/wp-content\/uploads\/2025\/07\/Gabriela-Carrillo.jpg?w=1600&amp;ssl=1 1600w\" sizes=\"(max-width: 800px) 100vw, 800px\" \/>\t\t\t\t\t\t\t\t<\/div>\n\n\t\t\t\t\t\t\t\t\t\t\t\t\t\t\t\t\t<\/a>\n\t\t\t\t\t\t\t\t\t\t\t\t\n\t\t\t\t\t\t\t\t<div class=\"profile-body\">\n    <h2 class=\"profile-title\">\n                    <a  href=\"javascript:void(0)\" data-mfp-src=\"#ekit_team_modal_ac03a63db446c9\" class=\"ekit-team-popup\">\n                Gabriela Carrillo            <\/a>\n                <\/h2>\n    <p class=\"profile-designation\"> \n        Architect and Founder of Taller Gabriela Carrillo    <\/p>\n\n    \n        \n    <\/div>\n\t\t\t\t\t\t\t\t\t\t\t\t\t\t\t<\/div>\n\n\t\t\t\t\t\t\t\t\t\t\t\t\t\t\n\t\t\t\t\t\t\t<div class=\"zoom-anim-dialog mfp-hide elementskit-team-popup\" id=\"ekit_team_modal_ac03a63db446c9\" role=\"dialog\" aria-hidden=\"true\">\n    <div class=\"modal-dialog modal-dialog-centered\" role=\"document\">\n        <div class=\"modal-content\">\n            <button type=\"button\" class=\"ekit-team-modal-close\">\n                <i aria-hidden=\"true\" class=\"fas fa-times\"><\/i>            <\/button>\n\n            <div class=\"modal-body\">\n                                    <div class=\"ekit-team-modal-img\">\n                        <img loading=\"lazy\" decoding=\"async\" width=\"800\" height=\"533\" src=\"https:\/\/i0.wp.com\/home.glassexpo.com.br\/wp-content\/uploads\/2025\/07\/Gabriela-Carrillo.jpg?fit=800%2C533&amp;ssl=1\" class=\"attachment-large size-large wp-image-3764\" alt=\"\" srcset=\"https:\/\/i0.wp.com\/home.glassexpo.com.br\/wp-content\/uploads\/2025\/07\/Gabriela-Carrillo.jpg?w=2000&amp;ssl=1 2000w, https:\/\/i0.wp.com\/home.glassexpo.com.br\/wp-content\/uploads\/2025\/07\/Gabriela-Carrillo.jpg?resize=300%2C200&amp;ssl=1 300w, https:\/\/i0.wp.com\/home.glassexpo.com.br\/wp-content\/uploads\/2025\/07\/Gabriela-Carrillo.jpg?resize=1024%2C682&amp;ssl=1 1024w, https:\/\/i0.wp.com\/home.glassexpo.com.br\/wp-content\/uploads\/2025\/07\/Gabriela-Carrillo.jpg?resize=768%2C512&amp;ssl=1 768w, https:\/\/i0.wp.com\/home.glassexpo.com.br\/wp-content\/uploads\/2025\/07\/Gabriela-Carrillo.jpg?resize=1536%2C1024&amp;ssl=1 1536w, https:\/\/i0.wp.com\/home.glassexpo.com.br\/wp-content\/uploads\/2025\/07\/Gabriela-Carrillo.jpg?resize=600%2C400&amp;ssl=1 600w, https:\/\/i0.wp.com\/home.glassexpo.com.br\/wp-content\/uploads\/2025\/07\/Gabriela-Carrillo.jpg?w=1600&amp;ssl=1 1600w\" sizes=\"(max-width: 800px) 100vw, 800px\" \/>                    <\/div>\n                 \n\n                <div class=\"ekit-team-modal-info has-img\">\n                    <h2 class=\"ekit-team-modal-title\">Gabriela Carrillo<\/h2>\n                    <p class=\"ekit-team-modal-position\">Architect and Founder of Taller Gabriela Carrillo<\/p>\n                    \n                    <div class=\"ekit-team-modal-content\">\n                        Gabriela Carrillo is an architect and co-founder of Colectivo C733, winner of the 2024 Obel Award. She founded her studio in 2019 and has over 20 years of award-winning career, notably the 2023 Royal Academy Dorfman Award. She is a professor at UNAM and has taught at Harvard GSD. Her work is internationally recognized.                    <\/div>\n\n                                        \n                                    <\/div>\n            <\/div>\n        <\/div>\n    <\/div>\n<\/div>\t\t\t\t\t\t\n\t\t\t\t\t\t\t<div class=\"swiper-slide profile-card elementor-animation- text-center ekit-team-style-default\">\n\t\t\t\t\t\t\t\t\t\t\t\t\t\t\t\t\t<a href=\"javascript:void(0)\" data-mfp-src=\"#ekit_team_modal_2cb0a32db446c9\" class=\"ekit-team-popup\">\n\t\t\t\t\t\t\t\t\n\t\t\t\t\t\t\t\t<div class=\"profile-header ekit-team-img ekit-img-overlay ekit-team-img-block\"  data-toggle=\"modal\" data-target=\"ekit_team_modal_#2cb0a32db446c9\" >\n\t\t\t\t\t\t\t\t\t<img loading=\"lazy\" decoding=\"async\" width=\"683\" height=\"1024\" src=\"https:\/\/i0.wp.com\/home.glassexpo.com.br\/wp-content\/uploads\/2025\/09\/Gi-Matos.jpeg?fit=683%2C1024&amp;ssl=1\" class=\"attachment-large size-large wp-image-4970\" alt=\"\" srcset=\"https:\/\/i0.wp.com\/home.glassexpo.com.br\/wp-content\/uploads\/2025\/09\/Gi-Matos.jpeg?w=1707&amp;ssl=1 1707w, https:\/\/i0.wp.com\/home.glassexpo.com.br\/wp-content\/uploads\/2025\/09\/Gi-Matos.jpeg?resize=200%2C300&amp;ssl=1 200w, https:\/\/i0.wp.com\/home.glassexpo.com.br\/wp-content\/uploads\/2025\/09\/Gi-Matos.jpeg?resize=683%2C1024&amp;ssl=1 683w, https:\/\/i0.wp.com\/home.glassexpo.com.br\/wp-content\/uploads\/2025\/09\/Gi-Matos.jpeg?resize=768%2C1152&amp;ssl=1 768w, https:\/\/i0.wp.com\/home.glassexpo.com.br\/wp-content\/uploads\/2025\/09\/Gi-Matos.jpeg?resize=1024%2C1536&amp;ssl=1 1024w, https:\/\/i0.wp.com\/home.glassexpo.com.br\/wp-content\/uploads\/2025\/09\/Gi-Matos.jpeg?resize=1366%2C2048&amp;ssl=1 1366w, https:\/\/i0.wp.com\/home.glassexpo.com.br\/wp-content\/uploads\/2025\/09\/Gi-Matos.jpeg?resize=8%2C12&amp;ssl=1 8w, https:\/\/i0.wp.com\/home.glassexpo.com.br\/wp-content\/uploads\/2025\/09\/Gi-Matos.jpeg?resize=400%2C600&amp;ssl=1 400w, https:\/\/i0.wp.com\/home.glassexpo.com.br\/wp-content\/uploads\/2025\/09\/Gi-Matos.jpeg?w=1600&amp;ssl=1 1600w\" sizes=\"(max-width: 683px) 100vw, 683px\" \/>\t\t\t\t\t\t\t\t<\/div>\n\n\t\t\t\t\t\t\t\t\t\t\t\t\t\t\t\t\t<\/a>\n\t\t\t\t\t\t\t\t\t\t\t\t\n\t\t\t\t\t\t\t\t<div class=\"profile-body\">\n    <h2 class=\"profile-title\">\n                    <a  href=\"javascript:void(0)\" data-mfp-src=\"#ekit_team_modal_2cb0a32db446c9\" class=\"ekit-team-popup\">\n                Gi Matos            <\/a>\n                <\/h2>\n    <p class=\"profile-designation\"> \n        GM Soliver - Influencer do Setor Vidreiro    <\/p>\n\n    \n        \n    <\/div>\n\t\t\t\t\t\t\t\t\t\t\t\t\t\t\t<\/div>\n\n\t\t\t\t\t\t\t\t\t\t\t\t\t\t\n\t\t\t\t\t\t\t<div class=\"zoom-anim-dialog mfp-hide elementskit-team-popup\" id=\"ekit_team_modal_2cb0a32db446c9\" role=\"dialog\" aria-hidden=\"true\">\n    <div class=\"modal-dialog modal-dialog-centered\" role=\"document\">\n        <div class=\"modal-content\">\n            <button type=\"button\" class=\"ekit-team-modal-close\">\n                <i aria-hidden=\"true\" class=\"fas fa-times\"><\/i>            <\/button>\n\n            <div class=\"modal-body\">\n                                    <div class=\"ekit-team-modal-img\">\n                        <img loading=\"lazy\" decoding=\"async\" width=\"683\" height=\"1024\" src=\"https:\/\/i0.wp.com\/home.glassexpo.com.br\/wp-content\/uploads\/2025\/09\/Gi-Matos.jpeg?fit=683%2C1024&amp;ssl=1\" class=\"attachment-large size-large wp-image-4970\" alt=\"\" srcset=\"https:\/\/i0.wp.com\/home.glassexpo.com.br\/wp-content\/uploads\/2025\/09\/Gi-Matos.jpeg?w=1707&amp;ssl=1 1707w, https:\/\/i0.wp.com\/home.glassexpo.com.br\/wp-content\/uploads\/2025\/09\/Gi-Matos.jpeg?resize=200%2C300&amp;ssl=1 200w, https:\/\/i0.wp.com\/home.glassexpo.com.br\/wp-content\/uploads\/2025\/09\/Gi-Matos.jpeg?resize=683%2C1024&amp;ssl=1 683w, https:\/\/i0.wp.com\/home.glassexpo.com.br\/wp-content\/uploads\/2025\/09\/Gi-Matos.jpeg?resize=768%2C1152&amp;ssl=1 768w, https:\/\/i0.wp.com\/home.glassexpo.com.br\/wp-content\/uploads\/2025\/09\/Gi-Matos.jpeg?resize=1024%2C1536&amp;ssl=1 1024w, https:\/\/i0.wp.com\/home.glassexpo.com.br\/wp-content\/uploads\/2025\/09\/Gi-Matos.jpeg?resize=1366%2C2048&amp;ssl=1 1366w, https:\/\/i0.wp.com\/home.glassexpo.com.br\/wp-content\/uploads\/2025\/09\/Gi-Matos.jpeg?resize=8%2C12&amp;ssl=1 8w, https:\/\/i0.wp.com\/home.glassexpo.com.br\/wp-content\/uploads\/2025\/09\/Gi-Matos.jpeg?resize=400%2C600&amp;ssl=1 400w, https:\/\/i0.wp.com\/home.glassexpo.com.br\/wp-content\/uploads\/2025\/09\/Gi-Matos.jpeg?w=1600&amp;ssl=1 1600w\" sizes=\"(max-width: 683px) 100vw, 683px\" \/>                    <\/div>\n                 \n\n                <div class=\"ekit-team-modal-info has-img\">\n                    <h2 class=\"ekit-team-modal-title\">Gi Matos<\/h2>\n                    <p class=\"ekit-team-modal-position\">GM Soliver - Influencer do Setor Vidreiro<\/p>\n                    \n                    <div class=\"ekit-team-modal-content\">\n                        Eu sou Gi Matos, a primeira influencer digital do setor vidreiro no Brasil. Graduanda em Publicidade e Propaganda, h\u00e1 mais de cinco anos atuo com exclusividade no digital, fazendo publicidade estrat\u00e9gica para grandes marcas da constru\u00e7\u00e3o civil. Sou idealizadora do Encontro Nacional de Mulheres da Constru\u00e7\u00e3o Civil, um movimento que valoriza o protagonismo feminino no setor. Junto com minha fam\u00edlia, fa\u00e7o miss\u00f5es no sert\u00e3o do Cear\u00e1 h\u00e1 mais de dez anos, um prop\u00f3sito que carrego com muito amor. Tenho minha identidade marcada por frases que me acompanham e me conectam com milhares de pessoas: Bord\u00e3o: Ai, meu c\u2665\ufe0f\u2665\ufe0f\u2665\ufe0fre! Slogan: Quem aparece, cresce. Frase de impacto: Eu sou o que eu desejo. Pessoas se conectam com pessoas.                    <\/div>\n\n                                        \n                                    <\/div>\n            <\/div>\n        <\/div>\n    <\/div>\n<\/div>\t\t\t\t\t\t\n\t\t\t\t\t\t\t<div class=\"swiper-slide profile-card elementor-animation- text-center ekit-team-style-default\">\n\t\t\t\t\t\t\t\t\t\t\t\t\t\t\t\t\t<a href=\"javascript:void(0)\" data-mfp-src=\"#ekit_team_modal_c8ac066db446c9\" class=\"ekit-team-popup\">\n\t\t\t\t\t\t\t\t\n\t\t\t\t\t\t\t\t<div class=\"profile-header ekit-team-img ekit-img-overlay ekit-team-img-block\"  data-toggle=\"modal\" data-target=\"ekit_team_modal_#c8ac066db446c9\" >\n\t\t\t\t\t\t\t\t\t<img loading=\"lazy\" decoding=\"async\" width=\"682\" height=\"1024\" src=\"https:\/\/i0.wp.com\/home.glassexpo.com.br\/wp-content\/uploads\/2025\/07\/Grazzieli-Gomes.jpeg?fit=682%2C1024&amp;ssl=1\" class=\"attachment-large size-large wp-image-3765\" alt=\"\" srcset=\"https:\/\/i0.wp.com\/home.glassexpo.com.br\/wp-content\/uploads\/2025\/07\/Grazzieli-Gomes.jpeg?w=1066&amp;ssl=1 1066w, https:\/\/i0.wp.com\/home.glassexpo.com.br\/wp-content\/uploads\/2025\/07\/Grazzieli-Gomes.jpeg?resize=200%2C300&amp;ssl=1 200w, https:\/\/i0.wp.com\/home.glassexpo.com.br\/wp-content\/uploads\/2025\/07\/Grazzieli-Gomes.jpeg?resize=682%2C1024&amp;ssl=1 682w, https:\/\/i0.wp.com\/home.glassexpo.com.br\/wp-content\/uploads\/2025\/07\/Grazzieli-Gomes.jpeg?resize=768%2C1153&amp;ssl=1 768w, https:\/\/i0.wp.com\/home.glassexpo.com.br\/wp-content\/uploads\/2025\/07\/Grazzieli-Gomes.jpeg?resize=1023%2C1536&amp;ssl=1 1023w, https:\/\/i0.wp.com\/home.glassexpo.com.br\/wp-content\/uploads\/2025\/07\/Grazzieli-Gomes.jpeg?resize=400%2C600&amp;ssl=1 400w\" sizes=\"(max-width: 682px) 100vw, 682px\" \/>\t\t\t\t\t\t\t\t<\/div>\n\n\t\t\t\t\t\t\t\t\t\t\t\t\t\t\t\t\t<\/a>\n\t\t\t\t\t\t\t\t\t\t\t\t\n\t\t\t\t\t\t\t\t<div class=\"profile-body\">\n    <h2 class=\"profile-title\">\n                    <a  href=\"javascript:void(0)\" data-mfp-src=\"#ekit_team_modal_c8ac066db446c9\" class=\"ekit-team-popup\">\n                Grazzieli Gomes            <\/a>\n                <\/h2>\n    <p class=\"profile-designation\"> \n        Architect and Managing Partner at aflalo\/gasperini architects     <\/p>\n\n    \n        \n    <\/div>\n\t\t\t\t\t\t\t\t\t\t\t\t\t\t\t<\/div>\n\n\t\t\t\t\t\t\t\t\t\t\t\t\t\t\n\t\t\t\t\t\t\t<div class=\"zoom-anim-dialog mfp-hide elementskit-team-popup\" id=\"ekit_team_modal_c8ac066db446c9\" role=\"dialog\" aria-hidden=\"true\">\n    <div class=\"modal-dialog modal-dialog-centered\" role=\"document\">\n        <div class=\"modal-content\">\n            <button type=\"button\" class=\"ekit-team-modal-close\">\n                <i aria-hidden=\"true\" class=\"fas fa-times\"><\/i>            <\/button>\n\n            <div class=\"modal-body\">\n                                    <div class=\"ekit-team-modal-img\">\n                        <img loading=\"lazy\" decoding=\"async\" width=\"682\" height=\"1024\" src=\"https:\/\/i0.wp.com\/home.glassexpo.com.br\/wp-content\/uploads\/2025\/07\/Grazzieli-Gomes.jpeg?fit=682%2C1024&amp;ssl=1\" class=\"attachment-large size-large wp-image-3765\" alt=\"\" srcset=\"https:\/\/i0.wp.com\/home.glassexpo.com.br\/wp-content\/uploads\/2025\/07\/Grazzieli-Gomes.jpeg?w=1066&amp;ssl=1 1066w, https:\/\/i0.wp.com\/home.glassexpo.com.br\/wp-content\/uploads\/2025\/07\/Grazzieli-Gomes.jpeg?resize=200%2C300&amp;ssl=1 200w, https:\/\/i0.wp.com\/home.glassexpo.com.br\/wp-content\/uploads\/2025\/07\/Grazzieli-Gomes.jpeg?resize=682%2C1024&amp;ssl=1 682w, https:\/\/i0.wp.com\/home.glassexpo.com.br\/wp-content\/uploads\/2025\/07\/Grazzieli-Gomes.jpeg?resize=768%2C1153&amp;ssl=1 768w, https:\/\/i0.wp.com\/home.glassexpo.com.br\/wp-content\/uploads\/2025\/07\/Grazzieli-Gomes.jpeg?resize=1023%2C1536&amp;ssl=1 1023w, https:\/\/i0.wp.com\/home.glassexpo.com.br\/wp-content\/uploads\/2025\/07\/Grazzieli-Gomes.jpeg?resize=400%2C600&amp;ssl=1 400w\" sizes=\"(max-width: 682px) 100vw, 682px\" \/>                    <\/div>\n                 \n\n                <div class=\"ekit-team-modal-info has-img\">\n                    <h2 class=\"ekit-team-modal-title\">Grazzieli Gomes<\/h2>\n                    <p class=\"ekit-team-modal-position\">Architect and Managing Partner at aflalo\/gasperini architects <\/p>\n                    \n                    <div class=\"ekit-team-modal-content\">\n                        Arquiteta e urbanista pela Universidade Presbiteriana Mackenzie, Grazzieli Gomes Rocha iniciou sua trajet\u00f3ria na aflalo\/gasperini arquitetos em 2001, onde atua como s\u00f3cia-diretora desde 2015. Especializada em Real Estate pela FUPAM-USP, trabalha em diversas frentes dos projetos e foi integrante da Diretoria Comercial da ASBEA-SP, em 2021\/2023.\u00a0                    <\/div>\n\n                                        \n                                    <\/div>\n            <\/div>\n        <\/div>\n    <\/div>\n<\/div>\t\t\t\t\t\t\n\t\t\t\t\t\t\t<div class=\"swiper-slide profile-card elementor-animation- text-center ekit-team-style-default\">\n\t\t\t\t\t\t\t\t\t\t\t\t\t\t\t\t\t<a href=\"javascript:void(0)\" data-mfp-src=\"#ekit_team_modal_110ae2cdb446c9\" class=\"ekit-team-popup\">\n\t\t\t\t\t\t\t\t\n\t\t\t\t\t\t\t\t<div class=\"profile-header ekit-team-img ekit-img-overlay ekit-team-img-block\"  data-toggle=\"modal\" data-target=\"ekit_team_modal_#110ae2cdb446c9\" >\n\t\t\t\t\t\t\t\t\t<img loading=\"lazy\" decoding=\"async\" width=\"768\" height=\"1024\" src=\"https:\/\/i0.wp.com\/home.glassexpo.com.br\/wp-content\/uploads\/2025\/08\/Henrique-do-Vale-2.jpeg?fit=768%2C1024&amp;ssl=1\" class=\"attachment-large size-large wp-image-4850\" alt=\"\" srcset=\"https:\/\/i0.wp.com\/home.glassexpo.com.br\/wp-content\/uploads\/2025\/08\/Henrique-do-Vale-2.jpeg?w=1200&amp;ssl=1 1200w, https:\/\/i0.wp.com\/home.glassexpo.com.br\/wp-content\/uploads\/2025\/08\/Henrique-do-Vale-2.jpeg?resize=225%2C300&amp;ssl=1 225w, https:\/\/i0.wp.com\/home.glassexpo.com.br\/wp-content\/uploads\/2025\/08\/Henrique-do-Vale-2.jpeg?resize=768%2C1024&amp;ssl=1 768w, https:\/\/i0.wp.com\/home.glassexpo.com.br\/wp-content\/uploads\/2025\/08\/Henrique-do-Vale-2.jpeg?resize=1152%2C1536&amp;ssl=1 1152w, https:\/\/i0.wp.com\/home.glassexpo.com.br\/wp-content\/uploads\/2025\/08\/Henrique-do-Vale-2.jpeg?resize=9%2C12&amp;ssl=1 9w, https:\/\/i0.wp.com\/home.glassexpo.com.br\/wp-content\/uploads\/2025\/08\/Henrique-do-Vale-2.jpeg?resize=450%2C600&amp;ssl=1 450w\" sizes=\"(max-width: 768px) 100vw, 768px\" \/>\t\t\t\t\t\t\t\t<\/div>\n\n\t\t\t\t\t\t\t\t\t\t\t\t\t\t\t\t\t<\/a>\n\t\t\t\t\t\t\t\t\t\t\t\t\n\t\t\t\t\t\t\t\t<div class=\"profile-body\">\n    <h2 class=\"profile-title\">\n                    <a  href=\"javascript:void(0)\" data-mfp-src=\"#ekit_team_modal_110ae2cdb446c9\" class=\"ekit-team-popup\">\n                Arq. Henrique do Vale            <\/a>\n                <\/h2>\n    <p class=\"profile-designation\"> \n        Supperiore consultoria    <\/p>\n\n    \n        \n    <\/div>\n\t\t\t\t\t\t\t\t\t\t\t\t\t\t\t<\/div>\n\n\t\t\t\t\t\t\t\t\t\t\t\t\t\t\n\t\t\t\t\t\t\t<div class=\"zoom-anim-dialog mfp-hide elementskit-team-popup\" id=\"ekit_team_modal_110ae2cdb446c9\" role=\"dialog\" aria-hidden=\"true\">\n    <div class=\"modal-dialog modal-dialog-centered\" role=\"document\">\n        <div class=\"modal-content\">\n            <button type=\"button\" class=\"ekit-team-modal-close\">\n                <i aria-hidden=\"true\" class=\"fas fa-times\"><\/i>            <\/button>\n\n            <div class=\"modal-body\">\n                                    <div class=\"ekit-team-modal-img\">\n                        <img loading=\"lazy\" decoding=\"async\" width=\"768\" height=\"1024\" src=\"https:\/\/i0.wp.com\/home.glassexpo.com.br\/wp-content\/uploads\/2025\/08\/Henrique-do-Vale-2.jpeg?fit=768%2C1024&amp;ssl=1\" class=\"attachment-large size-large wp-image-4850\" alt=\"\" srcset=\"https:\/\/i0.wp.com\/home.glassexpo.com.br\/wp-content\/uploads\/2025\/08\/Henrique-do-Vale-2.jpeg?w=1200&amp;ssl=1 1200w, https:\/\/i0.wp.com\/home.glassexpo.com.br\/wp-content\/uploads\/2025\/08\/Henrique-do-Vale-2.jpeg?resize=225%2C300&amp;ssl=1 225w, https:\/\/i0.wp.com\/home.glassexpo.com.br\/wp-content\/uploads\/2025\/08\/Henrique-do-Vale-2.jpeg?resize=768%2C1024&amp;ssl=1 768w, https:\/\/i0.wp.com\/home.glassexpo.com.br\/wp-content\/uploads\/2025\/08\/Henrique-do-Vale-2.jpeg?resize=1152%2C1536&amp;ssl=1 1152w, https:\/\/i0.wp.com\/home.glassexpo.com.br\/wp-content\/uploads\/2025\/08\/Henrique-do-Vale-2.jpeg?resize=9%2C12&amp;ssl=1 9w, https:\/\/i0.wp.com\/home.glassexpo.com.br\/wp-content\/uploads\/2025\/08\/Henrique-do-Vale-2.jpeg?resize=450%2C600&amp;ssl=1 450w\" sizes=\"(max-width: 768px) 100vw, 768px\" \/>                    <\/div>\n                 \n\n                <div class=\"ekit-team-modal-info has-img\">\n                    <h2 class=\"ekit-team-modal-title\">Arq. Henrique do Vale<\/h2>\n                    <p class=\"ekit-team-modal-position\">Supperiore consultoria<\/p>\n                    \n                    <div class=\"ekit-team-modal-content\">\n                        Patologias em esquadrias de alim\u00ednio: Identifica\u00e7\u00e3o, solu\u00e7\u00f5es e oportunidades de vendas                    <\/div>\n\n                                        \n                                    <\/div>\n            <\/div>\n        <\/div>\n    <\/div>\n<\/div>\t\t\t\t\t\t\n\t\t\t\t\t\t\t<div class=\"swiper-slide profile-card elementor-animation- text-center ekit-team-style-default\">\n\t\t\t\t\t\t\t\t\t\t\t\t\t\t\t\t\t<a href=\"javascript:void(0)\" data-mfp-src=\"#ekit_team_modal_de4665edb446c9\" class=\"ekit-team-popup\">\n\t\t\t\t\t\t\t\t\n\t\t\t\t\t\t\t\t<div class=\"profile-header ekit-team-img ekit-img-overlay ekit-team-img-block\"  data-toggle=\"modal\" data-target=\"ekit_team_modal_#de4665edb446c9\" >\n\t\t\t\t\t\t\t\t\t<img loading=\"lazy\" decoding=\"async\" width=\"768\" height=\"1024\" src=\"https:\/\/i0.wp.com\/home.glassexpo.com.br\/wp-content\/uploads\/2025\/08\/Hugo-Martinez.jpeg?fit=768%2C1024&amp;ssl=1\" class=\"attachment-large size-large wp-image-4858\" alt=\"\" srcset=\"https:\/\/i0.wp.com\/home.glassexpo.com.br\/wp-content\/uploads\/2025\/08\/Hugo-Martinez.jpeg?w=1920&amp;ssl=1 1920w, https:\/\/i0.wp.com\/home.glassexpo.com.br\/wp-content\/uploads\/2025\/08\/Hugo-Martinez.jpeg?resize=225%2C300&amp;ssl=1 225w, https:\/\/i0.wp.com\/home.glassexpo.com.br\/wp-content\/uploads\/2025\/08\/Hugo-Martinez.jpeg?resize=768%2C1024&amp;ssl=1 768w, https:\/\/i0.wp.com\/home.glassexpo.com.br\/wp-content\/uploads\/2025\/08\/Hugo-Martinez.jpeg?resize=1152%2C1536&amp;ssl=1 1152w, https:\/\/i0.wp.com\/home.glassexpo.com.br\/wp-content\/uploads\/2025\/08\/Hugo-Martinez.jpeg?resize=1536%2C2048&amp;ssl=1 1536w, https:\/\/i0.wp.com\/home.glassexpo.com.br\/wp-content\/uploads\/2025\/08\/Hugo-Martinez.jpeg?resize=9%2C12&amp;ssl=1 9w, https:\/\/i0.wp.com\/home.glassexpo.com.br\/wp-content\/uploads\/2025\/08\/Hugo-Martinez.jpeg?resize=450%2C600&amp;ssl=1 450w, https:\/\/i0.wp.com\/home.glassexpo.com.br\/wp-content\/uploads\/2025\/08\/Hugo-Martinez.jpeg?w=1600&amp;ssl=1 1600w\" sizes=\"(max-width: 768px) 100vw, 768px\" \/>\t\t\t\t\t\t\t\t<\/div>\n\n\t\t\t\t\t\t\t\t\t\t\t\t\t\t\t\t\t<\/a>\n\t\t\t\t\t\t\t\t\t\t\t\t\n\t\t\t\t\t\t\t\t<div class=\"profile-body\">\n    <h2 class=\"profile-title\">\n                    <a  href=\"javascript:void(0)\" data-mfp-src=\"#ekit_team_modal_de4665edb446c9\" class=\"ekit-team-popup\">\n                Hugo Martinez            <\/a>\n                <\/h2>\n    <p class=\"profile-designation\"> \n        Especialista em Ac\u00fastica para Esquadrias    <\/p>\n\n    \n        \n    <\/div>\n\t\t\t\t\t\t\t\t\t\t\t\t\t\t\t<\/div>\n\n\t\t\t\t\t\t\t\t\t\t\t\t\t\t\n\t\t\t\t\t\t\t<div class=\"zoom-anim-dialog mfp-hide elementskit-team-popup\" id=\"ekit_team_modal_de4665edb446c9\" role=\"dialog\" aria-hidden=\"true\">\n    <div class=\"modal-dialog modal-dialog-centered\" role=\"document\">\n        <div class=\"modal-content\">\n            <button type=\"button\" class=\"ekit-team-modal-close\">\n                <i aria-hidden=\"true\" class=\"fas fa-times\"><\/i>            <\/button>\n\n            <div class=\"modal-body\">\n                                    <div class=\"ekit-team-modal-img\">\n                        <img loading=\"lazy\" decoding=\"async\" width=\"768\" height=\"1024\" src=\"https:\/\/i0.wp.com\/home.glassexpo.com.br\/wp-content\/uploads\/2025\/08\/Hugo-Martinez.jpeg?fit=768%2C1024&amp;ssl=1\" class=\"attachment-large size-large wp-image-4858\" alt=\"\" srcset=\"https:\/\/i0.wp.com\/home.glassexpo.com.br\/wp-content\/uploads\/2025\/08\/Hugo-Martinez.jpeg?w=1920&amp;ssl=1 1920w, https:\/\/i0.wp.com\/home.glassexpo.com.br\/wp-content\/uploads\/2025\/08\/Hugo-Martinez.jpeg?resize=225%2C300&amp;ssl=1 225w, https:\/\/i0.wp.com\/home.glassexpo.com.br\/wp-content\/uploads\/2025\/08\/Hugo-Martinez.jpeg?resize=768%2C1024&amp;ssl=1 768w, https:\/\/i0.wp.com\/home.glassexpo.com.br\/wp-content\/uploads\/2025\/08\/Hugo-Martinez.jpeg?resize=1152%2C1536&amp;ssl=1 1152w, https:\/\/i0.wp.com\/home.glassexpo.com.br\/wp-content\/uploads\/2025\/08\/Hugo-Martinez.jpeg?resize=1536%2C2048&amp;ssl=1 1536w, https:\/\/i0.wp.com\/home.glassexpo.com.br\/wp-content\/uploads\/2025\/08\/Hugo-Martinez.jpeg?resize=9%2C12&amp;ssl=1 9w, https:\/\/i0.wp.com\/home.glassexpo.com.br\/wp-content\/uploads\/2025\/08\/Hugo-Martinez.jpeg?resize=450%2C600&amp;ssl=1 450w, https:\/\/i0.wp.com\/home.glassexpo.com.br\/wp-content\/uploads\/2025\/08\/Hugo-Martinez.jpeg?w=1600&amp;ssl=1 1600w\" sizes=\"(max-width: 768px) 100vw, 768px\" \/>                    <\/div>\n                 \n\n                <div class=\"ekit-team-modal-info has-img\">\n                    <h2 class=\"ekit-team-modal-title\">Hugo Martinez<\/h2>\n                    <p class=\"ekit-team-modal-position\">Especialista em Ac\u00fastica para Esquadrias<\/p>\n                    \n                    <div class=\"ekit-team-modal-content\">\n                        TALKSHOW                    <\/div>\n\n                                        \n                                    <\/div>\n            <\/div>\n        <\/div>\n    <\/div>\n<\/div>\t\t\t\t\t\t\n\t\t\t\t\t\t\t<div class=\"swiper-slide profile-card elementor-animation- text-center ekit-team-style-default\">\n\t\t\t\t\t\t\t\t\t\t\t\t\t\t\t\t\t<a href=\"javascript:void(0)\" data-mfp-src=\"#ekit_team_modal_48ddc2edb446c9\" class=\"ekit-team-popup\">\n\t\t\t\t\t\t\t\t\n\t\t\t\t\t\t\t\t<div class=\"profile-header ekit-team-img ekit-img-overlay ekit-team-img-block\"  data-toggle=\"modal\" data-target=\"ekit_team_modal_#48ddc2edb446c9\" >\n\t\t\t\t\t\t\t\t\t<img loading=\"lazy\" decoding=\"async\" width=\"741\" height=\"1024\" src=\"https:\/\/i0.wp.com\/home.glassexpo.com.br\/wp-content\/uploads\/2025\/08\/Isadora-Villar.jpg?fit=741%2C1024&amp;ssl=1\" class=\"attachment-large size-large wp-image-4355\" alt=\"\" srcset=\"https:\/\/i0.wp.com\/home.glassexpo.com.br\/wp-content\/uploads\/2025\/08\/Isadora-Villar.jpg?w=1853&amp;ssl=1 1853w, https:\/\/i0.wp.com\/home.glassexpo.com.br\/wp-content\/uploads\/2025\/08\/Isadora-Villar.jpg?resize=217%2C300&amp;ssl=1 217w, https:\/\/i0.wp.com\/home.glassexpo.com.br\/wp-content\/uploads\/2025\/08\/Isadora-Villar.jpg?resize=741%2C1024&amp;ssl=1 741w, https:\/\/i0.wp.com\/home.glassexpo.com.br\/wp-content\/uploads\/2025\/08\/Isadora-Villar.jpg?resize=768%2C1061&amp;ssl=1 768w, https:\/\/i0.wp.com\/home.glassexpo.com.br\/wp-content\/uploads\/2025\/08\/Isadora-Villar.jpg?resize=1112%2C1536&amp;ssl=1 1112w, https:\/\/i0.wp.com\/home.glassexpo.com.br\/wp-content\/uploads\/2025\/08\/Isadora-Villar.jpg?resize=1482%2C2048&amp;ssl=1 1482w, https:\/\/i0.wp.com\/home.glassexpo.com.br\/wp-content\/uploads\/2025\/08\/Isadora-Villar.jpg?resize=9%2C12&amp;ssl=1 9w, https:\/\/i0.wp.com\/home.glassexpo.com.br\/wp-content\/uploads\/2025\/08\/Isadora-Villar.jpg?resize=434%2C600&amp;ssl=1 434w, https:\/\/i0.wp.com\/home.glassexpo.com.br\/wp-content\/uploads\/2025\/08\/Isadora-Villar.jpg?w=1600&amp;ssl=1 1600w\" sizes=\"(max-width: 741px) 100vw, 741px\" \/>\t\t\t\t\t\t\t\t<\/div>\n\n\t\t\t\t\t\t\t\t\t\t\t\t\t\t\t\t\t<\/a>\n\t\t\t\t\t\t\t\t\t\t\t\t\n\t\t\t\t\t\t\t\t<div class=\"profile-body\">\n    <h2 class=\"profile-title\">\n                    <a  href=\"javascript:void(0)\" data-mfp-src=\"#ekit_team_modal_48ddc2edb446c9\" class=\"ekit-team-popup\">\n                Isadora Villar            <\/a>\n                <\/h2>\n    <p class=\"profile-designation\"> \n        Analista de Marketing da Cebrace    <\/p>\n\n    \n        \n    <\/div>\n\t\t\t\t\t\t\t\t\t\t\t\t\t\t\t<\/div>\n\n\t\t\t\t\t\t\t\t\t\t\t\t\t\t\n\t\t\t\t\t\t\t<div class=\"zoom-anim-dialog mfp-hide elementskit-team-popup\" id=\"ekit_team_modal_48ddc2edb446c9\" role=\"dialog\" aria-hidden=\"true\">\n    <div class=\"modal-dialog modal-dialog-centered\" role=\"document\">\n        <div class=\"modal-content\">\n            <button type=\"button\" class=\"ekit-team-modal-close\">\n                <i aria-hidden=\"true\" class=\"fas fa-times\"><\/i>            <\/button>\n\n            <div class=\"modal-body\">\n                                    <div class=\"ekit-team-modal-img\">\n                        <img loading=\"lazy\" decoding=\"async\" width=\"741\" height=\"1024\" src=\"https:\/\/i0.wp.com\/home.glassexpo.com.br\/wp-content\/uploads\/2025\/08\/Isadora-Villar.jpg?fit=741%2C1024&amp;ssl=1\" class=\"attachment-large size-large wp-image-4355\" alt=\"\" srcset=\"https:\/\/i0.wp.com\/home.glassexpo.com.br\/wp-content\/uploads\/2025\/08\/Isadora-Villar.jpg?w=1853&amp;ssl=1 1853w, https:\/\/i0.wp.com\/home.glassexpo.com.br\/wp-content\/uploads\/2025\/08\/Isadora-Villar.jpg?resize=217%2C300&amp;ssl=1 217w, https:\/\/i0.wp.com\/home.glassexpo.com.br\/wp-content\/uploads\/2025\/08\/Isadora-Villar.jpg?resize=741%2C1024&amp;ssl=1 741w, https:\/\/i0.wp.com\/home.glassexpo.com.br\/wp-content\/uploads\/2025\/08\/Isadora-Villar.jpg?resize=768%2C1061&amp;ssl=1 768w, https:\/\/i0.wp.com\/home.glassexpo.com.br\/wp-content\/uploads\/2025\/08\/Isadora-Villar.jpg?resize=1112%2C1536&amp;ssl=1 1112w, https:\/\/i0.wp.com\/home.glassexpo.com.br\/wp-content\/uploads\/2025\/08\/Isadora-Villar.jpg?resize=1482%2C2048&amp;ssl=1 1482w, https:\/\/i0.wp.com\/home.glassexpo.com.br\/wp-content\/uploads\/2025\/08\/Isadora-Villar.jpg?resize=9%2C12&amp;ssl=1 9w, https:\/\/i0.wp.com\/home.glassexpo.com.br\/wp-content\/uploads\/2025\/08\/Isadora-Villar.jpg?resize=434%2C600&amp;ssl=1 434w, https:\/\/i0.wp.com\/home.glassexpo.com.br\/wp-content\/uploads\/2025\/08\/Isadora-Villar.jpg?w=1600&amp;ssl=1 1600w\" sizes=\"(max-width: 741px) 100vw, 741px\" \/>                    <\/div>\n                 \n\n                <div class=\"ekit-team-modal-info has-img\">\n                    <h2 class=\"ekit-team-modal-title\">Isadora Villar<\/h2>\n                    <p class=\"ekit-team-modal-position\">Analista de Marketing da Cebrace<\/p>\n                    \n                    <div class=\"ekit-team-modal-content\">\n                        Isadora Villar \u00e9 graduada em Propaganda e Marketing, com MBA em Comunica\u00e7\u00e3o, M\u00eddia e Gest\u00e3o de Marketing. Com 8 anos de experi\u00eancia na \u00e1rea, atua com foco em branding e gest\u00e3o estrat\u00e9gica. J\u00e1 ofereceu consultoria de marketing para mais de 100 empresas do vidro, contribuindo para o posicionamento e crescimento de marcas. Atua no time de marketing da Cebrace, com especialidade no segmento residencial.                    <\/div>\n\n                                        \n                                    <\/div>\n            <\/div>\n        <\/div>\n    <\/div>\n<\/div>\t\t\t\t\t\t\n\t\t\t\t\t\t\t<div class=\"swiper-slide profile-card elementor-animation- text-center ekit-team-style-default\">\n\t\t\t\t\t\t\t\t\t\t\t\t\t\t\t\t\t<a href=\"javascript:void(0)\" data-mfp-src=\"#ekit_team_modal_7a83314db446c9\" class=\"ekit-team-popup\">\n\t\t\t\t\t\t\t\t\n\t\t\t\t\t\t\t\t<div class=\"profile-header ekit-team-img ekit-img-overlay ekit-team-img-block\"  data-toggle=\"modal\" data-target=\"ekit_team_modal_#7a83314db446c9\" >\n\t\t\t\t\t\t\t\t\t<img loading=\"lazy\" decoding=\"async\" width=\"682\" height=\"1024\" src=\"https:\/\/i0.wp.com\/home.glassexpo.com.br\/wp-content\/uploads\/2025\/08\/Jonas-Sales.jpg?fit=682%2C1024&amp;ssl=1\" class=\"attachment-large size-large wp-image-4347\" alt=\"\" srcset=\"https:\/\/i0.wp.com\/home.glassexpo.com.br\/wp-content\/uploads\/2025\/08\/Jonas-Sales.jpg?w=853&amp;ssl=1 853w, https:\/\/i0.wp.com\/home.glassexpo.com.br\/wp-content\/uploads\/2025\/08\/Jonas-Sales.jpg?resize=200%2C300&amp;ssl=1 200w, https:\/\/i0.wp.com\/home.glassexpo.com.br\/wp-content\/uploads\/2025\/08\/Jonas-Sales.jpg?resize=682%2C1024&amp;ssl=1 682w, https:\/\/i0.wp.com\/home.glassexpo.com.br\/wp-content\/uploads\/2025\/08\/Jonas-Sales.jpg?resize=768%2C1152&amp;ssl=1 768w, https:\/\/i0.wp.com\/home.glassexpo.com.br\/wp-content\/uploads\/2025\/08\/Jonas-Sales.jpg?resize=8%2C12&amp;ssl=1 8w, https:\/\/i0.wp.com\/home.glassexpo.com.br\/wp-content\/uploads\/2025\/08\/Jonas-Sales.jpg?resize=400%2C600&amp;ssl=1 400w\" sizes=\"(max-width: 682px) 100vw, 682px\" \/>\t\t\t\t\t\t\t\t<\/div>\n\n\t\t\t\t\t\t\t\t\t\t\t\t\t\t\t\t\t<\/a>\n\t\t\t\t\t\t\t\t\t\t\t\t\n\t\t\t\t\t\t\t\t<div class=\"profile-body\">\n    <h2 class=\"profile-title\">\n                    <a  href=\"javascript:void(0)\" data-mfp-src=\"#ekit_team_modal_7a83314db446c9\" class=\"ekit-team-popup\">\n                Jonas Sales            <\/a>\n                <\/h2>\n    <p class=\"profile-designation\"> \n        Gerente de Desenvolvimento de Mercado da Cebrace    <\/p>\n\n    \n        \n    <\/div>\n\t\t\t\t\t\t\t\t\t\t\t\t\t\t\t<\/div>\n\n\t\t\t\t\t\t\t\t\t\t\t\t\t\t\n\t\t\t\t\t\t\t<div class=\"zoom-anim-dialog mfp-hide elementskit-team-popup\" id=\"ekit_team_modal_7a83314db446c9\" role=\"dialog\" aria-hidden=\"true\">\n    <div class=\"modal-dialog modal-dialog-centered\" role=\"document\">\n        <div class=\"modal-content\">\n            <button type=\"button\" class=\"ekit-team-modal-close\">\n                <i aria-hidden=\"true\" class=\"fas fa-times\"><\/i>            <\/button>\n\n            <div class=\"modal-body\">\n                                    <div class=\"ekit-team-modal-img\">\n                        <img loading=\"lazy\" decoding=\"async\" width=\"682\" height=\"1024\" src=\"https:\/\/i0.wp.com\/home.glassexpo.com.br\/wp-content\/uploads\/2025\/08\/Jonas-Sales.jpg?fit=682%2C1024&amp;ssl=1\" class=\"attachment-large size-large wp-image-4347\" alt=\"\" srcset=\"https:\/\/i0.wp.com\/home.glassexpo.com.br\/wp-content\/uploads\/2025\/08\/Jonas-Sales.jpg?w=853&amp;ssl=1 853w, https:\/\/i0.wp.com\/home.glassexpo.com.br\/wp-content\/uploads\/2025\/08\/Jonas-Sales.jpg?resize=200%2C300&amp;ssl=1 200w, https:\/\/i0.wp.com\/home.glassexpo.com.br\/wp-content\/uploads\/2025\/08\/Jonas-Sales.jpg?resize=682%2C1024&amp;ssl=1 682w, https:\/\/i0.wp.com\/home.glassexpo.com.br\/wp-content\/uploads\/2025\/08\/Jonas-Sales.jpg?resize=768%2C1152&amp;ssl=1 768w, https:\/\/i0.wp.com\/home.glassexpo.com.br\/wp-content\/uploads\/2025\/08\/Jonas-Sales.jpg?resize=8%2C12&amp;ssl=1 8w, https:\/\/i0.wp.com\/home.glassexpo.com.br\/wp-content\/uploads\/2025\/08\/Jonas-Sales.jpg?resize=400%2C600&amp;ssl=1 400w\" sizes=\"(max-width: 682px) 100vw, 682px\" \/>                    <\/div>\n                 \n\n                <div class=\"ekit-team-modal-info has-img\">\n                    <h2 class=\"ekit-team-modal-title\">Jonas Sales<\/h2>\n                    <p class=\"ekit-team-modal-position\">Gerente de Desenvolvimento de Mercado da Cebrace<\/p>\n                    \n                    <div class=\"ekit-team-modal-content\">\n                        Jonas Sales \u00e9 Engenheiro de Produ\u00e7\u00e3o e p\u00f3s-graduado em Gest\u00e3o de Neg\u00f3cios pela Funda\u00e7\u00e3o Dom Cabral, com mais de 15 anos de atua\u00e7\u00e3o no mercado de vidros. Ao longo de sua trajet\u00f3ria, desenvolveu s\u00f3lida expertise em processamento e certifica\u00e7\u00e3o de processos, al\u00e9m de atuar na especifica\u00e7\u00e3o de vidros para refrigera\u00e7\u00e3o e linha branca. Atualmente, exerce o cargo de Gerente de Desenvolvimento de Mercado na Cebrace, onde lidera iniciativas com foco em solu\u00e7\u00f5es para fachadas.                    <\/div>\n\n                                        \n                                    <\/div>\n            <\/div>\n        <\/div>\n    <\/div>\n<\/div>\t\t\t\t\t\t\n\t\t\t\t\t\t\t<div class=\"swiper-slide profile-card elementor-animation- text-center ekit-team-style-default\">\n\t\t\t\t\t\t\t\t\t\t\t\t\t\t\t\t\t<a href=\"javascript:void(0)\" data-mfp-src=\"#ekit_team_modal_db54a7adb446c9\" class=\"ekit-team-popup\">\n\t\t\t\t\t\t\t\t\n\t\t\t\t\t\t\t\t<div class=\"profile-header ekit-team-img ekit-img-overlay ekit-team-img-block\"  data-toggle=\"modal\" data-target=\"ekit_team_modal_#db54a7adb446c9\" >\n\t\t\t\t\t\t\t\t\t<img loading=\"lazy\" decoding=\"async\" width=\"600\" height=\"800\" src=\"https:\/\/i0.wp.com\/home.glassexpo.com.br\/wp-content\/uploads\/2025\/09\/Jorge-Menezes.jpg?fit=600%2C800&amp;ssl=1\" class=\"attachment-large size-large wp-image-4972\" alt=\"\" srcset=\"https:\/\/i0.wp.com\/home.glassexpo.com.br\/wp-content\/uploads\/2025\/09\/Jorge-Menezes.jpg?w=600&amp;ssl=1 600w, https:\/\/i0.wp.com\/home.glassexpo.com.br\/wp-content\/uploads\/2025\/09\/Jorge-Menezes.jpg?resize=225%2C300&amp;ssl=1 225w, https:\/\/i0.wp.com\/home.glassexpo.com.br\/wp-content\/uploads\/2025\/09\/Jorge-Menezes.jpg?resize=9%2C12&amp;ssl=1 9w, https:\/\/i0.wp.com\/home.glassexpo.com.br\/wp-content\/uploads\/2025\/09\/Jorge-Menezes.jpg?resize=450%2C600&amp;ssl=1 450w\" sizes=\"(max-width: 600px) 100vw, 600px\" \/>\t\t\t\t\t\t\t\t<\/div>\n\n\t\t\t\t\t\t\t\t\t\t\t\t\t\t\t\t\t<\/a>\n\t\t\t\t\t\t\t\t\t\t\t\t\n\t\t\t\t\t\t\t\t<div class=\"profile-body\">\n    <h2 class=\"profile-title\">\n                    <a  href=\"javascript:void(0)\" data-mfp-src=\"#ekit_team_modal_db54a7adb446c9\" class=\"ekit-team-popup\">\n                Jorge Menezes            <\/a>\n                <\/h2>\n    <p class=\"profile-designation\"> \n        Carreras Coaching &amp; Treinamento - Fundador    <\/p>\n\n    \n        \n    <\/div>\n\t\t\t\t\t\t\t\t\t\t\t\t\t\t\t<\/div>\n\n\t\t\t\t\t\t\t\t\t\t\t\t\t\t\n\t\t\t\t\t\t\t<div class=\"zoom-anim-dialog mfp-hide elementskit-team-popup\" id=\"ekit_team_modal_db54a7adb446c9\" role=\"dialog\" aria-hidden=\"true\">\n    <div class=\"modal-dialog modal-dialog-centered\" role=\"document\">\n        <div class=\"modal-content\">\n            <button type=\"button\" class=\"ekit-team-modal-close\">\n                <i aria-hidden=\"true\" class=\"fas fa-times\"><\/i>            <\/button>\n\n            <div class=\"modal-body\">\n                                    <div class=\"ekit-team-modal-img\">\n                        <img loading=\"lazy\" decoding=\"async\" width=\"600\" height=\"800\" src=\"https:\/\/i0.wp.com\/home.glassexpo.com.br\/wp-content\/uploads\/2025\/09\/Jorge-Menezes.jpg?fit=600%2C800&amp;ssl=1\" class=\"attachment-large size-large wp-image-4972\" alt=\"\" srcset=\"https:\/\/i0.wp.com\/home.glassexpo.com.br\/wp-content\/uploads\/2025\/09\/Jorge-Menezes.jpg?w=600&amp;ssl=1 600w, https:\/\/i0.wp.com\/home.glassexpo.com.br\/wp-content\/uploads\/2025\/09\/Jorge-Menezes.jpg?resize=225%2C300&amp;ssl=1 225w, https:\/\/i0.wp.com\/home.glassexpo.com.br\/wp-content\/uploads\/2025\/09\/Jorge-Menezes.jpg?resize=9%2C12&amp;ssl=1 9w, https:\/\/i0.wp.com\/home.glassexpo.com.br\/wp-content\/uploads\/2025\/09\/Jorge-Menezes.jpg?resize=450%2C600&amp;ssl=1 450w\" sizes=\"(max-width: 600px) 100vw, 600px\" \/>                    <\/div>\n                 \n\n                <div class=\"ekit-team-modal-info has-img\">\n                    <h2 class=\"ekit-team-modal-title\">Jorge Menezes<\/h2>\n                    <p class=\"ekit-team-modal-position\">Carreras Coaching &amp; Treinamento - Fundador<\/p>\n                    \n                    <div class=\"ekit-team-modal-content\">\n                        Mentor de Neg\u00f3cios e Palestrante, com mais de tr\u00eas d\u00e9cadas de experi\u00eancia na lideran\u00e7a e coordena\u00e7\u00e3o de novos projetos, reestrutura\u00e7\u00e3o de empresas, planejamento estrat\u00e9gico e redefini\u00e7\u00e3o de neg\u00f3cios. Especializado na gest\u00e3o de empresas de m\u00e9dio e grande porte, com forte atua\u00e7\u00e3o nos mercados do vidro e do alum\u00ednio. Possui ampla experi\u00eancia em negocia\u00e7\u00f5es internacionais, com atua\u00e7\u00e3o em ambientes multiculturais e s\u00f3lida viv\u00eancia em com\u00e9rcio exterior. Fluente em ingl\u00eas e espanhol. Reconhecido por sua vis\u00e3o estrat\u00e9gica e capacidade de conduzir transforma\u00e7\u00f5es estruturais em organiza\u00e7\u00f5es que buscam crescimento sustent\u00e1vel e profissionaliza\u00e7\u00e3o. Graduado em Com\u00e9rcio Internacional, pela FASP - SP; p\u00f3s-graduado em Com\u00e9rcio Internacional \u00c1lvares Penteado - SP; p\u00f3s-graduado em Marketing pela ESPM - SP; Mestre em Rela\u00e7\u00f5es Internacionais pela PUC-SP. Forma\u00e7\u00e3o em Coaching pelo IBC -SP, com certifica\u00e7\u00f5es em Personal Self Coaching, Business Executive Coaching e Master Coach.                    <\/div>\n\n                                        \n                                    <\/div>\n            <\/div>\n        <\/div>\n    <\/div>\n<\/div>\t\t\t\t\t\t\n\t\t\t\t\t\t\t<div class=\"swiper-slide profile-card elementor-animation- text-center ekit-team-style-default\">\n\t\t\t\t\t\t\t\t\t\t\t\t\t\t\t\t\t<a href=\"javascript:void(0)\" data-mfp-src=\"#ekit_team_modal_4722a40db446c9\" class=\"ekit-team-popup\">\n\t\t\t\t\t\t\t\t\n\t\t\t\t\t\t\t\t<div class=\"profile-header ekit-team-img ekit-img-overlay ekit-team-img-block\"  data-toggle=\"modal\" data-target=\"ekit_team_modal_#4722a40db446c9\" >\n\t\t\t\t\t\t\t\t\t<img loading=\"lazy\" decoding=\"async\" width=\"682\" height=\"1024\" src=\"https:\/\/i0.wp.com\/home.glassexpo.com.br\/wp-content\/uploads\/2025\/08\/Lara-Costa.jpeg?fit=682%2C1024&amp;ssl=1\" class=\"attachment-large size-large wp-image-4821\" alt=\"\" srcset=\"https:\/\/i0.wp.com\/home.glassexpo.com.br\/wp-content\/uploads\/2025\/08\/Lara-Costa.jpeg?w=853&amp;ssl=1 853w, https:\/\/i0.wp.com\/home.glassexpo.com.br\/wp-content\/uploads\/2025\/08\/Lara-Costa.jpeg?resize=200%2C300&amp;ssl=1 200w, https:\/\/i0.wp.com\/home.glassexpo.com.br\/wp-content\/uploads\/2025\/08\/Lara-Costa.jpeg?resize=682%2C1024&amp;ssl=1 682w, https:\/\/i0.wp.com\/home.glassexpo.com.br\/wp-content\/uploads\/2025\/08\/Lara-Costa.jpeg?resize=768%2C1152&amp;ssl=1 768w, https:\/\/i0.wp.com\/home.glassexpo.com.br\/wp-content\/uploads\/2025\/08\/Lara-Costa.jpeg?resize=8%2C12&amp;ssl=1 8w, https:\/\/i0.wp.com\/home.glassexpo.com.br\/wp-content\/uploads\/2025\/08\/Lara-Costa.jpeg?resize=400%2C600&amp;ssl=1 400w\" sizes=\"(max-width: 682px) 100vw, 682px\" \/>\t\t\t\t\t\t\t\t<\/div>\n\n\t\t\t\t\t\t\t\t\t\t\t\t\t\t\t\t\t<\/a>\n\t\t\t\t\t\t\t\t\t\t\t\t\n\t\t\t\t\t\t\t\t<div class=\"profile-body\">\n    <h2 class=\"profile-title\">\n                    <a  href=\"javascript:void(0)\" data-mfp-src=\"#ekit_team_modal_4722a40db446c9\" class=\"ekit-team-popup\">\n                Lara Costa            <\/a>\n                <\/h2>\n    <p class=\"profile-designation\"> \n        Conect Casa    <\/p>\n\n    \n        \n    <\/div>\n\t\t\t\t\t\t\t\t\t\t\t\t\t\t\t<\/div>\n\n\t\t\t\t\t\t\t\t\t\t\t\t\t\t\n\t\t\t\t\t\t\t<div class=\"zoom-anim-dialog mfp-hide elementskit-team-popup\" id=\"ekit_team_modal_4722a40db446c9\" role=\"dialog\" aria-hidden=\"true\">\n    <div class=\"modal-dialog modal-dialog-centered\" role=\"document\">\n        <div class=\"modal-content\">\n            <button type=\"button\" class=\"ekit-team-modal-close\">\n                <i aria-hidden=\"true\" class=\"fas fa-times\"><\/i>            <\/button>\n\n            <div class=\"modal-body\">\n                                    <div class=\"ekit-team-modal-img\">\n                        <img loading=\"lazy\" decoding=\"async\" width=\"682\" height=\"1024\" src=\"https:\/\/i0.wp.com\/home.glassexpo.com.br\/wp-content\/uploads\/2025\/08\/Lara-Costa.jpeg?fit=682%2C1024&amp;ssl=1\" class=\"attachment-large size-large wp-image-4821\" alt=\"\" srcset=\"https:\/\/i0.wp.com\/home.glassexpo.com.br\/wp-content\/uploads\/2025\/08\/Lara-Costa.jpeg?w=853&amp;ssl=1 853w, https:\/\/i0.wp.com\/home.glassexpo.com.br\/wp-content\/uploads\/2025\/08\/Lara-Costa.jpeg?resize=200%2C300&amp;ssl=1 200w, https:\/\/i0.wp.com\/home.glassexpo.com.br\/wp-content\/uploads\/2025\/08\/Lara-Costa.jpeg?resize=682%2C1024&amp;ssl=1 682w, https:\/\/i0.wp.com\/home.glassexpo.com.br\/wp-content\/uploads\/2025\/08\/Lara-Costa.jpeg?resize=768%2C1152&amp;ssl=1 768w, https:\/\/i0.wp.com\/home.glassexpo.com.br\/wp-content\/uploads\/2025\/08\/Lara-Costa.jpeg?resize=8%2C12&amp;ssl=1 8w, https:\/\/i0.wp.com\/home.glassexpo.com.br\/wp-content\/uploads\/2025\/08\/Lara-Costa.jpeg?resize=400%2C600&amp;ssl=1 400w\" sizes=\"(max-width: 682px) 100vw, 682px\" \/>                    <\/div>\n                 \n\n                <div class=\"ekit-team-modal-info has-img\">\n                    <h2 class=\"ekit-team-modal-title\">Lara Costa<\/h2>\n                    <p class=\"ekit-team-modal-position\">Conect Casa<\/p>\n                    \n                    <div class=\"ekit-team-modal-content\">\n                        Marketing de relacionamento para o setor de constru\u00e7\u00e3o civil                    <\/div>\n\n                                        \n                                    <\/div>\n            <\/div>\n        <\/div>\n    <\/div>\n<\/div>\t\t\t\t\t\t\n\t\t\t\t\t\t\t<div class=\"swiper-slide profile-card elementor-animation- text-center ekit-team-style-default\">\n\t\t\t\t\t\t\t\t\t\t\t\t\t\t\t\t\t<a href=\"javascript:void(0)\" data-mfp-src=\"#ekit_team_modal_f7e881ddb446c9\" class=\"ekit-team-popup\">\n\t\t\t\t\t\t\t\t\n\t\t\t\t\t\t\t\t<div class=\"profile-header ekit-team-img ekit-img-overlay ekit-team-img-block\"  data-toggle=\"modal\" data-target=\"ekit_team_modal_#f7e881ddb446c9\" >\n\t\t\t\t\t\t\t\t\t<img loading=\"lazy\" decoding=\"async\" width=\"612\" height=\"695\" src=\"https:\/\/i0.wp.com\/home.glassexpo.com.br\/wp-content\/uploads\/2025\/07\/Lourenco-Gimenes.jpeg?fit=612%2C695&amp;ssl=1\" class=\"attachment-large size-large wp-image-3766\" alt=\"\" srcset=\"https:\/\/i0.wp.com\/home.glassexpo.com.br\/wp-content\/uploads\/2025\/07\/Lourenco-Gimenes.jpeg?w=612&amp;ssl=1 612w, https:\/\/i0.wp.com\/home.glassexpo.com.br\/wp-content\/uploads\/2025\/07\/Lourenco-Gimenes.jpeg?resize=264%2C300&amp;ssl=1 264w, https:\/\/i0.wp.com\/home.glassexpo.com.br\/wp-content\/uploads\/2025\/07\/Lourenco-Gimenes.jpeg?resize=528%2C600&amp;ssl=1 528w\" sizes=\"(max-width: 612px) 100vw, 612px\" \/>\t\t\t\t\t\t\t\t<\/div>\n\n\t\t\t\t\t\t\t\t\t\t\t\t\t\t\t\t\t<\/a>\n\t\t\t\t\t\t\t\t\t\t\t\t\n\t\t\t\t\t\t\t\t<div class=\"profile-body\">\n    <h2 class=\"profile-title\">\n                    <a  href=\"javascript:void(0)\" data-mfp-src=\"#ekit_team_modal_f7e881ddb446c9\" class=\"ekit-team-popup\">\n                Louren\u00e7o Gimenes            <\/a>\n                <\/h2>\n    <p class=\"profile-designation\"> \n        Architect and Founding Partner of FGMF    <\/p>\n\n    \n        \n    <\/div>\n\t\t\t\t\t\t\t\t\t\t\t\t\t\t\t<\/div>\n\n\t\t\t\t\t\t\t\t\t\t\t\t\t\t\n\t\t\t\t\t\t\t<div class=\"zoom-anim-dialog mfp-hide elementskit-team-popup\" id=\"ekit_team_modal_f7e881ddb446c9\" role=\"dialog\" aria-hidden=\"true\">\n    <div class=\"modal-dialog modal-dialog-centered\" role=\"document\">\n        <div class=\"modal-content\">\n            <button type=\"button\" class=\"ekit-team-modal-close\">\n                <i aria-hidden=\"true\" class=\"fas fa-times\"><\/i>            <\/button>\n\n            <div class=\"modal-body\">\n                                    <div class=\"ekit-team-modal-img\">\n                        <img loading=\"lazy\" decoding=\"async\" width=\"612\" height=\"695\" src=\"https:\/\/i0.wp.com\/home.glassexpo.com.br\/wp-content\/uploads\/2025\/07\/Lourenco-Gimenes.jpeg?fit=612%2C695&amp;ssl=1\" class=\"attachment-large size-large wp-image-3766\" alt=\"\" srcset=\"https:\/\/i0.wp.com\/home.glassexpo.com.br\/wp-content\/uploads\/2025\/07\/Lourenco-Gimenes.jpeg?w=612&amp;ssl=1 612w, https:\/\/i0.wp.com\/home.glassexpo.com.br\/wp-content\/uploads\/2025\/07\/Lourenco-Gimenes.jpeg?resize=264%2C300&amp;ssl=1 264w, https:\/\/i0.wp.com\/home.glassexpo.com.br\/wp-content\/uploads\/2025\/07\/Lourenco-Gimenes.jpeg?resize=528%2C600&amp;ssl=1 528w\" sizes=\"(max-width: 612px) 100vw, 612px\" \/>                    <\/div>\n                 \n\n                <div class=\"ekit-team-modal-info has-img\">\n                    <h2 class=\"ekit-team-modal-title\">Louren\u00e7o Gimenes<\/h2>\n                    <p class=\"ekit-team-modal-position\">Architect and Founding Partner of FGMF<\/p>\n                    \n                    <div class=\"ekit-team-modal-content\">\n                        Louren\u00e7o Gimenes is a founding partner of FGMF, holds a master's degree from FAU-USP, and is a professor at Mackenzie University. He also serves as a guest lecturer at universities in Brazil and abroad. With over 250 awards, he leads projects of various scales, coordinates FGMF LAB, and is co-founder of the NGO Aproxima, focused on diversity in architecture.                    <\/div>\n\n                                        \n                                    <\/div>\n            <\/div>\n        <\/div>\n    <\/div>\n<\/div>\t\t\t\t\t\t\n\t\t\t\t\t\t\t<div class=\"swiper-slide profile-card elementor-animation- text-center ekit-team-style-default\">\n\t\t\t\t\t\t\t\t\t\t\t\t\t\t\t\t\t<a href=\"javascript:void(0)\" data-mfp-src=\"#ekit_team_modal_011b8b0db446c9\" class=\"ekit-team-popup\">\n\t\t\t\t\t\t\t\t\n\t\t\t\t\t\t\t\t<div class=\"profile-header ekit-team-img ekit-img-overlay ekit-team-img-block\"  data-toggle=\"modal\" data-target=\"ekit_team_modal_#011b8b0db446c9\" >\n\t\t\t\t\t\t\t\t\t<img loading=\"lazy\" decoding=\"async\" width=\"682\" height=\"1024\" src=\"https:\/\/i0.wp.com\/home.glassexpo.com.br\/wp-content\/uploads\/2025\/08\/Mauricio-de-Souza.jpeg?fit=682%2C1024&amp;ssl=1\" class=\"attachment-large size-large wp-image-4839\" alt=\"\" srcset=\"https:\/\/i0.wp.com\/home.glassexpo.com.br\/wp-content\/uploads\/2025\/08\/Mauricio-de-Souza.jpeg?w=1066&amp;ssl=1 1066w, https:\/\/i0.wp.com\/home.glassexpo.com.br\/wp-content\/uploads\/2025\/08\/Mauricio-de-Souza.jpeg?resize=200%2C300&amp;ssl=1 200w, https:\/\/i0.wp.com\/home.glassexpo.com.br\/wp-content\/uploads\/2025\/08\/Mauricio-de-Souza.jpeg?resize=682%2C1024&amp;ssl=1 682w, https:\/\/i0.wp.com\/home.glassexpo.com.br\/wp-content\/uploads\/2025\/08\/Mauricio-de-Souza.jpeg?resize=768%2C1153&amp;ssl=1 768w, https:\/\/i0.wp.com\/home.glassexpo.com.br\/wp-content\/uploads\/2025\/08\/Mauricio-de-Souza.jpeg?resize=1023%2C1536&amp;ssl=1 1023w, https:\/\/i0.wp.com\/home.glassexpo.com.br\/wp-content\/uploads\/2025\/08\/Mauricio-de-Souza.jpeg?resize=8%2C12&amp;ssl=1 8w, https:\/\/i0.wp.com\/home.glassexpo.com.br\/wp-content\/uploads\/2025\/08\/Mauricio-de-Souza.jpeg?resize=400%2C600&amp;ssl=1 400w\" sizes=\"(max-width: 682px) 100vw, 682px\" \/>\t\t\t\t\t\t\t\t<\/div>\n\n\t\t\t\t\t\t\t\t\t\t\t\t\t\t\t\t\t<\/a>\n\t\t\t\t\t\t\t\t\t\t\t\t\n\t\t\t\t\t\t\t\t<div class=\"profile-body\">\n    <h2 class=\"profile-title\">\n                    <a  href=\"javascript:void(0)\" data-mfp-src=\"#ekit_team_modal_011b8b0db446c9\" class=\"ekit-team-popup\">\n                Mauricio de Souza            <\/a>\n                <\/h2>\n    <p class=\"profile-designation\"> \n        Engenheiro e Perito    <\/p>\n\n    \n        \n    <\/div>\n\t\t\t\t\t\t\t\t\t\t\t\t\t\t\t<\/div>\n\n\t\t\t\t\t\t\t\t\t\t\t\t\t\t\n\t\t\t\t\t\t\t<div class=\"zoom-anim-dialog mfp-hide elementskit-team-popup\" id=\"ekit_team_modal_011b8b0db446c9\" role=\"dialog\" aria-hidden=\"true\">\n    <div class=\"modal-dialog modal-dialog-centered\" role=\"document\">\n        <div class=\"modal-content\">\n            <button type=\"button\" class=\"ekit-team-modal-close\">\n                <i aria-hidden=\"true\" class=\"fas fa-times\"><\/i>            <\/button>\n\n            <div class=\"modal-body\">\n                                    <div class=\"ekit-team-modal-img\">\n                        <img loading=\"lazy\" decoding=\"async\" width=\"682\" height=\"1024\" src=\"https:\/\/i0.wp.com\/home.glassexpo.com.br\/wp-content\/uploads\/2025\/08\/Mauricio-de-Souza.jpeg?fit=682%2C1024&amp;ssl=1\" class=\"attachment-large size-large wp-image-4839\" alt=\"\" srcset=\"https:\/\/i0.wp.com\/home.glassexpo.com.br\/wp-content\/uploads\/2025\/08\/Mauricio-de-Souza.jpeg?w=1066&amp;ssl=1 1066w, https:\/\/i0.wp.com\/home.glassexpo.com.br\/wp-content\/uploads\/2025\/08\/Mauricio-de-Souza.jpeg?resize=200%2C300&amp;ssl=1 200w, https:\/\/i0.wp.com\/home.glassexpo.com.br\/wp-content\/uploads\/2025\/08\/Mauricio-de-Souza.jpeg?resize=682%2C1024&amp;ssl=1 682w, https:\/\/i0.wp.com\/home.glassexpo.com.br\/wp-content\/uploads\/2025\/08\/Mauricio-de-Souza.jpeg?resize=768%2C1153&amp;ssl=1 768w, https:\/\/i0.wp.com\/home.glassexpo.com.br\/wp-content\/uploads\/2025\/08\/Mauricio-de-Souza.jpeg?resize=1023%2C1536&amp;ssl=1 1023w, https:\/\/i0.wp.com\/home.glassexpo.com.br\/wp-content\/uploads\/2025\/08\/Mauricio-de-Souza.jpeg?resize=8%2C12&amp;ssl=1 8w, https:\/\/i0.wp.com\/home.glassexpo.com.br\/wp-content\/uploads\/2025\/08\/Mauricio-de-Souza.jpeg?resize=400%2C600&amp;ssl=1 400w\" sizes=\"(max-width: 682px) 100vw, 682px\" \/>                    <\/div>\n                 \n\n                <div class=\"ekit-team-modal-info has-img\">\n                    <h2 class=\"ekit-team-modal-title\">Mauricio de Souza<\/h2>\n                    <p class=\"ekit-team-modal-position\">Engenheiro e Perito<\/p>\n                    \n                    <div class=\"ekit-team-modal-content\">\n                        Blindagem judicial em projetos de Guarda-corpos e Esquadrias                     <\/div>\n\n                                        \n                                    <\/div>\n            <\/div>\n        <\/div>\n    <\/div>\n<\/div>\t\t\t\t\t\t\n\t\t\t\t\t\t\t<div class=\"swiper-slide profile-card elementor-animation- text-center ekit-team-style-default\">\n\t\t\t\t\t\t\t\t\t\t\t\t\t\t\t\t\t<a href=\"javascript:void(0)\" data-mfp-src=\"#ekit_team_modal_a2d6de2db446c9\" class=\"ekit-team-popup\">\n\t\t\t\t\t\t\t\t\n\t\t\t\t\t\t\t\t<div class=\"profile-header ekit-team-img ekit-img-overlay ekit-team-img-block\"  data-toggle=\"modal\" data-target=\"ekit_team_modal_#a2d6de2db446c9\" >\n\t\t\t\t\t\t\t\t\t<img loading=\"lazy\" decoding=\"async\" width=\"450\" height=\"450\" src=\"https:\/\/i0.wp.com\/home.glassexpo.com.br\/wp-content\/uploads\/2025\/09\/1587554686870.jpeg?fit=450%2C450&amp;ssl=1\" class=\"attachment-large size-large wp-image-4966\" alt=\"\" srcset=\"https:\/\/i0.wp.com\/home.glassexpo.com.br\/wp-content\/uploads\/2025\/09\/1587554686870.jpeg?w=450&amp;ssl=1 450w, https:\/\/i0.wp.com\/home.glassexpo.com.br\/wp-content\/uploads\/2025\/09\/1587554686870.jpeg?resize=300%2C300&amp;ssl=1 300w, https:\/\/i0.wp.com\/home.glassexpo.com.br\/wp-content\/uploads\/2025\/09\/1587554686870.jpeg?resize=150%2C150&amp;ssl=1 150w, https:\/\/i0.wp.com\/home.glassexpo.com.br\/wp-content\/uploads\/2025\/09\/1587554686870.jpeg?resize=12%2C12&amp;ssl=1 12w\" sizes=\"(max-width: 450px) 100vw, 450px\" \/>\t\t\t\t\t\t\t\t<\/div>\n\n\t\t\t\t\t\t\t\t\t\t\t\t\t\t\t\t\t<\/a>\n\t\t\t\t\t\t\t\t\t\t\t\t\n\t\t\t\t\t\t\t\t<div class=\"profile-body\">\n    <h2 class=\"profile-title\">\n                    <a  href=\"javascript:void(0)\" data-mfp-src=\"#ekit_team_modal_a2d6de2db446c9\" class=\"ekit-team-popup\">\n                Mauricio Fernandes            <\/a>\n                <\/h2>\n    <p class=\"profile-designation\"> \n        Abividro - Consultor T\u00e9cnico    <\/p>\n\n    \n        \n    <\/div>\n\t\t\t\t\t\t\t\t\t\t\t\t\t\t\t<\/div>\n\n\t\t\t\t\t\t\t\t\t\t\t\t\t\t\n\t\t\t\t\t\t\t<div class=\"zoom-anim-dialog mfp-hide elementskit-team-popup\" id=\"ekit_team_modal_a2d6de2db446c9\" role=\"dialog\" aria-hidden=\"true\">\n    <div class=\"modal-dialog modal-dialog-centered\" role=\"document\">\n        <div class=\"modal-content\">\n            <button type=\"button\" class=\"ekit-team-modal-close\">\n                <i aria-hidden=\"true\" class=\"fas fa-times\"><\/i>            <\/button>\n\n            <div class=\"modal-body\">\n                                    <div class=\"ekit-team-modal-img\">\n                        <img loading=\"lazy\" decoding=\"async\" width=\"450\" height=\"450\" src=\"https:\/\/i0.wp.com\/home.glassexpo.com.br\/wp-content\/uploads\/2025\/09\/1587554686870.jpeg?fit=450%2C450&amp;ssl=1\" class=\"attachment-large size-large wp-image-4966\" alt=\"\" srcset=\"https:\/\/i0.wp.com\/home.glassexpo.com.br\/wp-content\/uploads\/2025\/09\/1587554686870.jpeg?w=450&amp;ssl=1 450w, https:\/\/i0.wp.com\/home.glassexpo.com.br\/wp-content\/uploads\/2025\/09\/1587554686870.jpeg?resize=300%2C300&amp;ssl=1 300w, https:\/\/i0.wp.com\/home.glassexpo.com.br\/wp-content\/uploads\/2025\/09\/1587554686870.jpeg?resize=150%2C150&amp;ssl=1 150w, https:\/\/i0.wp.com\/home.glassexpo.com.br\/wp-content\/uploads\/2025\/09\/1587554686870.jpeg?resize=12%2C12&amp;ssl=1 12w\" sizes=\"(max-width: 450px) 100vw, 450px\" \/>                    <\/div>\n                 \n\n                <div class=\"ekit-team-modal-info has-img\">\n                    <h2 class=\"ekit-team-modal-title\">Mauricio Fernandes<\/h2>\n                    <p class=\"ekit-team-modal-position\">Abividro - Consultor T\u00e9cnico<\/p>\n                    \n                    <div class=\"ekit-team-modal-content\">\n                        Mauricio Fernandes de Jesus \u00e9 consultor respons\u00e1vel pelas iniciativas de desenvolvimento de mercado do vidro plano na Abividro. Possui mais de 20 anos de experi\u00eancia no setor, \u00e9 graduado em Administra\u00e7\u00e3o de Empresas pela PUC-RJ e tem MBA pelo COPPEAD-UFRJ. Ao longo de sua carreira, atuou em empresas como Guardian, Intelig, Net e Alcatel e propriet\u00e1rio da Mango Assessoria                    <\/div>\n\n                                        \n                                    <\/div>\n            <\/div>\n        <\/div>\n    <\/div>\n<\/div>\t\t\t\t\t\t\n\t\t\t\t\t\t\t<div class=\"swiper-slide profile-card elementor-animation- text-center ekit-team-style-default\">\n\t\t\t\t\t\t\t\t\t\t\t\t\t\t\t\t\t<a href=\"javascript:void(0)\" data-mfp-src=\"#ekit_team_modal_2884702db446c9\" class=\"ekit-team-popup\">\n\t\t\t\t\t\t\t\t\n\t\t\t\t\t\t\t\t<div class=\"profile-header ekit-team-img ekit-img-overlay ekit-team-img-block\"  data-toggle=\"modal\" data-target=\"ekit_team_modal_#2884702db446c9\" >\n\t\t\t\t\t\t\t\t\t<img loading=\"lazy\" decoding=\"async\" width=\"709\" height=\"1024\" src=\"https:\/\/i0.wp.com\/home.glassexpo.com.br\/wp-content\/uploads\/2025\/08\/Engenheira-Michele-Gleice.jpeg?fit=709%2C1024&amp;ssl=1\" class=\"attachment-large size-large wp-image-4844\" alt=\"\" srcset=\"https:\/\/i0.wp.com\/home.glassexpo.com.br\/wp-content\/uploads\/2025\/08\/Engenheira-Michele-Gleice.jpeg?w=899&amp;ssl=1 899w, https:\/\/i0.wp.com\/home.glassexpo.com.br\/wp-content\/uploads\/2025\/08\/Engenheira-Michele-Gleice.jpeg?resize=208%2C300&amp;ssl=1 208w, https:\/\/i0.wp.com\/home.glassexpo.com.br\/wp-content\/uploads\/2025\/08\/Engenheira-Michele-Gleice.jpeg?resize=709%2C1024&amp;ssl=1 709w, https:\/\/i0.wp.com\/home.glassexpo.com.br\/wp-content\/uploads\/2025\/08\/Engenheira-Michele-Gleice.jpeg?resize=768%2C1109&amp;ssl=1 768w, https:\/\/i0.wp.com\/home.glassexpo.com.br\/wp-content\/uploads\/2025\/08\/Engenheira-Michele-Gleice.jpeg?resize=8%2C12&amp;ssl=1 8w, https:\/\/i0.wp.com\/home.glassexpo.com.br\/wp-content\/uploads\/2025\/08\/Engenheira-Michele-Gleice.jpeg?resize=416%2C600&amp;ssl=1 416w\" sizes=\"(max-width: 709px) 100vw, 709px\" \/>\t\t\t\t\t\t\t\t<\/div>\n\n\t\t\t\t\t\t\t\t\t\t\t\t\t\t\t\t\t<\/a>\n\t\t\t\t\t\t\t\t\t\t\t\t\n\t\t\t\t\t\t\t\t<div class=\"profile-body\">\n    <h2 class=\"profile-title\">\n                    <a  href=\"javascript:void(0)\" data-mfp-src=\"#ekit_team_modal_2884702db446c9\" class=\"ekit-team-popup\">\n                Eng\u00aa Michele Gleice            <\/a>\n                <\/h2>\n    <p class=\"profile-designation\"> \n        Diretora do laboratorio de ensaios  ITEC    <\/p>\n\n    \n        \n    <\/div>\n\t\t\t\t\t\t\t\t\t\t\t\t\t\t\t<\/div>\n\n\t\t\t\t\t\t\t\t\t\t\t\t\t\t\n\t\t\t\t\t\t\t<div class=\"zoom-anim-dialog mfp-hide elementskit-team-popup\" id=\"ekit_team_modal_2884702db446c9\" role=\"dialog\" aria-hidden=\"true\">\n    <div class=\"modal-dialog modal-dialog-centered\" role=\"document\">\n        <div class=\"modal-content\">\n            <button type=\"button\" class=\"ekit-team-modal-close\">\n                <i aria-hidden=\"true\" class=\"fas fa-times\"><\/i>            <\/button>\n\n            <div class=\"modal-body\">\n                                    <div class=\"ekit-team-modal-img\">\n                        <img loading=\"lazy\" decoding=\"async\" width=\"709\" height=\"1024\" src=\"https:\/\/i0.wp.com\/home.glassexpo.com.br\/wp-content\/uploads\/2025\/08\/Engenheira-Michele-Gleice.jpeg?fit=709%2C1024&amp;ssl=1\" class=\"attachment-large size-large wp-image-4844\" alt=\"\" srcset=\"https:\/\/i0.wp.com\/home.glassexpo.com.br\/wp-content\/uploads\/2025\/08\/Engenheira-Michele-Gleice.jpeg?w=899&amp;ssl=1 899w, https:\/\/i0.wp.com\/home.glassexpo.com.br\/wp-content\/uploads\/2025\/08\/Engenheira-Michele-Gleice.jpeg?resize=208%2C300&amp;ssl=1 208w, https:\/\/i0.wp.com\/home.glassexpo.com.br\/wp-content\/uploads\/2025\/08\/Engenheira-Michele-Gleice.jpeg?resize=709%2C1024&amp;ssl=1 709w, https:\/\/i0.wp.com\/home.glassexpo.com.br\/wp-content\/uploads\/2025\/08\/Engenheira-Michele-Gleice.jpeg?resize=768%2C1109&amp;ssl=1 768w, https:\/\/i0.wp.com\/home.glassexpo.com.br\/wp-content\/uploads\/2025\/08\/Engenheira-Michele-Gleice.jpeg?resize=8%2C12&amp;ssl=1 8w, https:\/\/i0.wp.com\/home.glassexpo.com.br\/wp-content\/uploads\/2025\/08\/Engenheira-Michele-Gleice.jpeg?resize=416%2C600&amp;ssl=1 416w\" sizes=\"(max-width: 709px) 100vw, 709px\" \/>                    <\/div>\n                 \n\n                <div class=\"ekit-team-modal-info has-img\">\n                    <h2 class=\"ekit-team-modal-title\">Eng\u00aa Michele Gleice<\/h2>\n                    <p class=\"ekit-team-modal-position\">Diretora do laboratorio de ensaios  ITEC<\/p>\n                    \n                    <div class=\"ekit-team-modal-content\">\n                        Como as normas t\u00e9cnicas podem auxiliar na venda de esquadrias                    <\/div>\n\n                                        \n                                    <\/div>\n            <\/div>\n        <\/div>\n    <\/div>\n<\/div>\t\t\t\t\t\t\n\t\t\t\t\t\t\t<div class=\"swiper-slide profile-card elementor-animation- text-center ekit-team-style-default\">\n\t\t\t\t\t\t\t\t\t\t\t\t\t\t\t\t\t<a href=\"javascript:void(0)\" data-mfp-src=\"#ekit_team_modal_edd3426db446c9\" class=\"ekit-team-popup\">\n\t\t\t\t\t\t\t\t\n\t\t\t\t\t\t\t\t<div class=\"profile-header ekit-team-img ekit-img-overlay ekit-team-img-block\"  data-toggle=\"modal\" data-target=\"ekit_team_modal_#edd3426db446c9\" >\n\t\t\t\t\t\t\t\t\t<img loading=\"lazy\" decoding=\"async\" width=\"800\" height=\"1000\" src=\"https:\/\/i0.wp.com\/home.glassexpo.com.br\/wp-content\/uploads\/2025\/08\/Patrick-Jacoby.jpeg?fit=800%2C1000&amp;ssl=1\" class=\"attachment-large size-large wp-image-4817\" alt=\"\" srcset=\"https:\/\/i0.wp.com\/home.glassexpo.com.br\/wp-content\/uploads\/2025\/08\/Patrick-Jacoby.jpeg?w=1024&amp;ssl=1 1024w, https:\/\/i0.wp.com\/home.glassexpo.com.br\/wp-content\/uploads\/2025\/08\/Patrick-Jacoby.jpeg?resize=240%2C300&amp;ssl=1 240w, https:\/\/i0.wp.com\/home.glassexpo.com.br\/wp-content\/uploads\/2025\/08\/Patrick-Jacoby.jpeg?resize=819%2C1024&amp;ssl=1 819w, https:\/\/i0.wp.com\/home.glassexpo.com.br\/wp-content\/uploads\/2025\/08\/Patrick-Jacoby.jpeg?resize=768%2C960&amp;ssl=1 768w, https:\/\/i0.wp.com\/home.glassexpo.com.br\/wp-content\/uploads\/2025\/08\/Patrick-Jacoby.jpeg?resize=10%2C12&amp;ssl=1 10w, https:\/\/i0.wp.com\/home.glassexpo.com.br\/wp-content\/uploads\/2025\/08\/Patrick-Jacoby.jpeg?resize=480%2C600&amp;ssl=1 480w\" sizes=\"(max-width: 800px) 100vw, 800px\" \/>\t\t\t\t\t\t\t\t<\/div>\n\n\t\t\t\t\t\t\t\t\t\t\t\t\t\t\t\t\t<\/a>\n\t\t\t\t\t\t\t\t\t\t\t\t\n\t\t\t\t\t\t\t\t<div class=\"profile-body\">\n    <h2 class=\"profile-title\">\n                    <a  href=\"javascript:void(0)\" data-mfp-src=\"#ekit_team_modal_edd3426db446c9\" class=\"ekit-team-popup\">\n                Patrick Jacoby            <\/a>\n                <\/h2>\n    <p class=\"profile-designation\"> \n        Jacoby concultoria    <\/p>\n\n    \n        \n    <\/div>\n\t\t\t\t\t\t\t\t\t\t\t\t\t\t\t<\/div>\n\n\t\t\t\t\t\t\t\t\t\t\t\t\t\t\n\t\t\t\t\t\t\t<div class=\"zoom-anim-dialog mfp-hide elementskit-team-popup\" id=\"ekit_team_modal_edd3426db446c9\" role=\"dialog\" aria-hidden=\"true\">\n    <div class=\"modal-dialog modal-dialog-centered\" role=\"document\">\n        <div class=\"modal-content\">\n            <button type=\"button\" class=\"ekit-team-modal-close\">\n                <i aria-hidden=\"true\" class=\"fas fa-times\"><\/i>            <\/button>\n\n            <div class=\"modal-body\">\n                                    <div class=\"ekit-team-modal-img\">\n                        <img loading=\"lazy\" decoding=\"async\" width=\"800\" height=\"1000\" src=\"https:\/\/i0.wp.com\/home.glassexpo.com.br\/wp-content\/uploads\/2025\/08\/Patrick-Jacoby.jpeg?fit=800%2C1000&amp;ssl=1\" class=\"attachment-large size-large wp-image-4817\" alt=\"\" srcset=\"https:\/\/i0.wp.com\/home.glassexpo.com.br\/wp-content\/uploads\/2025\/08\/Patrick-Jacoby.jpeg?w=1024&amp;ssl=1 1024w, https:\/\/i0.wp.com\/home.glassexpo.com.br\/wp-content\/uploads\/2025\/08\/Patrick-Jacoby.jpeg?resize=240%2C300&amp;ssl=1 240w, https:\/\/i0.wp.com\/home.glassexpo.com.br\/wp-content\/uploads\/2025\/08\/Patrick-Jacoby.jpeg?resize=819%2C1024&amp;ssl=1 819w, https:\/\/i0.wp.com\/home.glassexpo.com.br\/wp-content\/uploads\/2025\/08\/Patrick-Jacoby.jpeg?resize=768%2C960&amp;ssl=1 768w, https:\/\/i0.wp.com\/home.glassexpo.com.br\/wp-content\/uploads\/2025\/08\/Patrick-Jacoby.jpeg?resize=10%2C12&amp;ssl=1 10w, https:\/\/i0.wp.com\/home.glassexpo.com.br\/wp-content\/uploads\/2025\/08\/Patrick-Jacoby.jpeg?resize=480%2C600&amp;ssl=1 480w\" sizes=\"(max-width: 800px) 100vw, 800px\" \/>                    <\/div>\n                 \n\n                <div class=\"ekit-team-modal-info has-img\">\n                    <h2 class=\"ekit-team-modal-title\">Patrick Jacoby<\/h2>\n                    <p class=\"ekit-team-modal-position\">Jacoby concultoria<\/p>\n                    \n                    <div class=\"ekit-team-modal-content\">\n                        Produzir esquadria de PVC \u00e9 f\u00e1cil. Entregar com excel\u00e2ncia \u00e9 desafio                    <\/div>\n\n                                        \n                                    <\/div>\n            <\/div>\n        <\/div>\n    <\/div>\n<\/div>\t\t\t\t\t\t\n\t\t\t\t\t\t\t<div class=\"swiper-slide profile-card elementor-animation- text-center ekit-team-style-default\">\n\t\t\t\t\t\t\t\t\t\t\t\t\t\t\t\t\t<a href=\"javascript:void(0)\" data-mfp-src=\"#ekit_team_modal_fd78eebdb446c9\" class=\"ekit-team-popup\">\n\t\t\t\t\t\t\t\t\n\t\t\t\t\t\t\t\t<div class=\"profile-header ekit-team-img ekit-img-overlay ekit-team-img-block\"  data-toggle=\"modal\" data-target=\"ekit_team_modal_#fd78eebdb446c9\" >\n\t\t\t\t\t\t\t\t\t<img loading=\"lazy\" decoding=\"async\" width=\"800\" height=\"606\" src=\"https:\/\/i0.wp.com\/home.glassexpo.com.br\/wp-content\/uploads\/2025\/08\/Eng.-Rafael-Schmit.jpg?fit=800%2C606&amp;ssl=1\" class=\"attachment-large size-large wp-image-4846\" alt=\"\" srcset=\"https:\/\/i0.wp.com\/home.glassexpo.com.br\/wp-content\/uploads\/2025\/08\/Eng.-Rafael-Schmit.jpg?w=2560&amp;ssl=1 2560w, https:\/\/i0.wp.com\/home.glassexpo.com.br\/wp-content\/uploads\/2025\/08\/Eng.-Rafael-Schmit.jpg?resize=300%2C227&amp;ssl=1 300w, https:\/\/i0.wp.com\/home.glassexpo.com.br\/wp-content\/uploads\/2025\/08\/Eng.-Rafael-Schmit.jpg?resize=1024%2C776&amp;ssl=1 1024w, https:\/\/i0.wp.com\/home.glassexpo.com.br\/wp-content\/uploads\/2025\/08\/Eng.-Rafael-Schmit.jpg?resize=768%2C582&amp;ssl=1 768w, https:\/\/i0.wp.com\/home.glassexpo.com.br\/wp-content\/uploads\/2025\/08\/Eng.-Rafael-Schmit.jpg?resize=1536%2C1164&amp;ssl=1 1536w, https:\/\/i0.wp.com\/home.glassexpo.com.br\/wp-content\/uploads\/2025\/08\/Eng.-Rafael-Schmit.jpg?resize=2048%2C1552&amp;ssl=1 2048w, https:\/\/i0.wp.com\/home.glassexpo.com.br\/wp-content\/uploads\/2025\/08\/Eng.-Rafael-Schmit.jpg?resize=16%2C12&amp;ssl=1 16w, https:\/\/i0.wp.com\/home.glassexpo.com.br\/wp-content\/uploads\/2025\/08\/Eng.-Rafael-Schmit.jpg?resize=600%2C455&amp;ssl=1 600w, https:\/\/i0.wp.com\/home.glassexpo.com.br\/wp-content\/uploads\/2025\/08\/Eng.-Rafael-Schmit.jpg?w=1600&amp;ssl=1 1600w, https:\/\/i0.wp.com\/home.glassexpo.com.br\/wp-content\/uploads\/2025\/08\/Eng.-Rafael-Schmit.jpg?w=2400&amp;ssl=1 2400w\" sizes=\"(max-width: 800px) 100vw, 800px\" \/>\t\t\t\t\t\t\t\t<\/div>\n\n\t\t\t\t\t\t\t\t\t\t\t\t\t\t\t\t\t<\/a>\n\t\t\t\t\t\t\t\t\t\t\t\t\n\t\t\t\t\t\t\t\t<div class=\"profile-body\">\n    <h2 class=\"profile-title\">\n                    <a  href=\"javascript:void(0)\" data-mfp-src=\"#ekit_team_modal_fd78eebdb446c9\" class=\"ekit-team-popup\">\n                Eng\u00ba Rafael Schimitt            <\/a>\n                <\/h2>\n    <p class=\"profile-designation\"> \n        Scala Ac\u00fastica    <\/p>\n\n    \n        \n    <\/div>\n\t\t\t\t\t\t\t\t\t\t\t\t\t\t\t<\/div>\n\n\t\t\t\t\t\t\t\t\t\t\t\t\t\t\n\t\t\t\t\t\t\t<div class=\"zoom-anim-dialog mfp-hide elementskit-team-popup\" id=\"ekit_team_modal_fd78eebdb446c9\" role=\"dialog\" aria-hidden=\"true\">\n    <div class=\"modal-dialog modal-dialog-centered\" role=\"document\">\n        <div class=\"modal-content\">\n            <button type=\"button\" class=\"ekit-team-modal-close\">\n                <i aria-hidden=\"true\" class=\"fas fa-times\"><\/i>            <\/button>\n\n            <div class=\"modal-body\">\n                                    <div class=\"ekit-team-modal-img\">\n                        <img loading=\"lazy\" decoding=\"async\" width=\"800\" height=\"606\" src=\"https:\/\/i0.wp.com\/home.glassexpo.com.br\/wp-content\/uploads\/2025\/08\/Eng.-Rafael-Schmit.jpg?fit=800%2C606&amp;ssl=1\" class=\"attachment-large size-large wp-image-4846\" alt=\"\" srcset=\"https:\/\/i0.wp.com\/home.glassexpo.com.br\/wp-content\/uploads\/2025\/08\/Eng.-Rafael-Schmit.jpg?w=2560&amp;ssl=1 2560w, https:\/\/i0.wp.com\/home.glassexpo.com.br\/wp-content\/uploads\/2025\/08\/Eng.-Rafael-Schmit.jpg?resize=300%2C227&amp;ssl=1 300w, https:\/\/i0.wp.com\/home.glassexpo.com.br\/wp-content\/uploads\/2025\/08\/Eng.-Rafael-Schmit.jpg?resize=1024%2C776&amp;ssl=1 1024w, https:\/\/i0.wp.com\/home.glassexpo.com.br\/wp-content\/uploads\/2025\/08\/Eng.-Rafael-Schmit.jpg?resize=768%2C582&amp;ssl=1 768w, https:\/\/i0.wp.com\/home.glassexpo.com.br\/wp-content\/uploads\/2025\/08\/Eng.-Rafael-Schmit.jpg?resize=1536%2C1164&amp;ssl=1 1536w, https:\/\/i0.wp.com\/home.glassexpo.com.br\/wp-content\/uploads\/2025\/08\/Eng.-Rafael-Schmit.jpg?resize=2048%2C1552&amp;ssl=1 2048w, https:\/\/i0.wp.com\/home.glassexpo.com.br\/wp-content\/uploads\/2025\/08\/Eng.-Rafael-Schmit.jpg?resize=16%2C12&amp;ssl=1 16w, https:\/\/i0.wp.com\/home.glassexpo.com.br\/wp-content\/uploads\/2025\/08\/Eng.-Rafael-Schmit.jpg?resize=600%2C455&amp;ssl=1 600w, https:\/\/i0.wp.com\/home.glassexpo.com.br\/wp-content\/uploads\/2025\/08\/Eng.-Rafael-Schmit.jpg?w=1600&amp;ssl=1 1600w, https:\/\/i0.wp.com\/home.glassexpo.com.br\/wp-content\/uploads\/2025\/08\/Eng.-Rafael-Schmit.jpg?w=2400&amp;ssl=1 2400w\" sizes=\"(max-width: 800px) 100vw, 800px\" \/>                    <\/div>\n                 \n\n                <div class=\"ekit-team-modal-info has-img\">\n                    <h2 class=\"ekit-team-modal-title\">Eng\u00ba Rafael Schimitt<\/h2>\n                    <p class=\"ekit-team-modal-position\">Scala Ac\u00fastica<\/p>\n                    \n                    <div class=\"ekit-team-modal-content\">\n                        Como garantir o Desempenho de Esquadrias em fachadas                    <\/div>\n\n                                        \n                                    <\/div>\n            <\/div>\n        <\/div>\n    <\/div>\n<\/div>\t\t\t\t\t\t\n\t\t\t\t\t\t\t<div class=\"swiper-slide profile-card elementor-animation- text-center ekit-team-style-default\">\n\t\t\t\t\t\t\t\t\t\t\t\t\t\t\t\t\t<a href=\"javascript:void(0)\" data-mfp-src=\"#ekit_team_modal_894963adb446c9\" class=\"ekit-team-popup\">\n\t\t\t\t\t\t\t\t\n\t\t\t\t\t\t\t\t<div class=\"profile-header ekit-team-img ekit-img-overlay ekit-team-img-block\"  data-toggle=\"modal\" data-target=\"ekit_team_modal_#894963adb446c9\" >\n\t\t\t\t\t\t\t\t\t<img loading=\"lazy\" decoding=\"async\" width=\"768\" height=\"1024\" src=\"https:\/\/i0.wp.com\/home.glassexpo.com.br\/wp-content\/uploads\/2025\/07\/Renata-Furlanetto.jpg?fit=768%2C1024&amp;ssl=1\" class=\"attachment-large size-large wp-image-3767\" alt=\"\" srcset=\"https:\/\/i0.wp.com\/home.glassexpo.com.br\/wp-content\/uploads\/2025\/07\/Renata-Furlanetto.jpg?w=1920&amp;ssl=1 1920w, https:\/\/i0.wp.com\/home.glassexpo.com.br\/wp-content\/uploads\/2025\/07\/Renata-Furlanetto.jpg?resize=225%2C300&amp;ssl=1 225w, https:\/\/i0.wp.com\/home.glassexpo.com.br\/wp-content\/uploads\/2025\/07\/Renata-Furlanetto.jpg?resize=768%2C1024&amp;ssl=1 768w, https:\/\/i0.wp.com\/home.glassexpo.com.br\/wp-content\/uploads\/2025\/07\/Renata-Furlanetto.jpg?resize=1152%2C1536&amp;ssl=1 1152w, https:\/\/i0.wp.com\/home.glassexpo.com.br\/wp-content\/uploads\/2025\/07\/Renata-Furlanetto.jpg?resize=1536%2C2048&amp;ssl=1 1536w, https:\/\/i0.wp.com\/home.glassexpo.com.br\/wp-content\/uploads\/2025\/07\/Renata-Furlanetto.jpg?resize=450%2C600&amp;ssl=1 450w, https:\/\/i0.wp.com\/home.glassexpo.com.br\/wp-content\/uploads\/2025\/07\/Renata-Furlanetto.jpg?w=1600&amp;ssl=1 1600w\" sizes=\"(max-width: 768px) 100vw, 768px\" \/>\t\t\t\t\t\t\t\t<\/div>\n\n\t\t\t\t\t\t\t\t\t\t\t\t\t\t\t\t\t<\/a>\n\t\t\t\t\t\t\t\t\t\t\t\t\n\t\t\t\t\t\t\t\t<div class=\"profile-body\">\n    <h2 class=\"profile-title\">\n                    <a  href=\"javascript:void(0)\" data-mfp-src=\"#ekit_team_modal_894963adb446c9\" class=\"ekit-team-popup\">\n                Renata Furlanetto            <\/a>\n                <\/h2>\n    <p class=\"profile-designation\"> \n        Architect and Director of Studio MK27    <\/p>\n\n    \n        \n    <\/div>\n\t\t\t\t\t\t\t\t\t\t\t\t\t\t\t<\/div>\n\n\t\t\t\t\t\t\t\t\t\t\t\t\t\t\n\t\t\t\t\t\t\t<div class=\"zoom-anim-dialog mfp-hide elementskit-team-popup\" id=\"ekit_team_modal_894963adb446c9\" role=\"dialog\" aria-hidden=\"true\">\n    <div class=\"modal-dialog modal-dialog-centered\" role=\"document\">\n        <div class=\"modal-content\">\n            <button type=\"button\" class=\"ekit-team-modal-close\">\n                <i aria-hidden=\"true\" class=\"fas fa-times\"><\/i>            <\/button>\n\n            <div class=\"modal-body\">\n                                    <div class=\"ekit-team-modal-img\">\n                        <img loading=\"lazy\" decoding=\"async\" width=\"768\" height=\"1024\" src=\"https:\/\/i0.wp.com\/home.glassexpo.com.br\/wp-content\/uploads\/2025\/07\/Renata-Furlanetto.jpg?fit=768%2C1024&amp;ssl=1\" class=\"attachment-large size-large wp-image-3767\" alt=\"\" srcset=\"https:\/\/i0.wp.com\/home.glassexpo.com.br\/wp-content\/uploads\/2025\/07\/Renata-Furlanetto.jpg?w=1920&amp;ssl=1 1920w, https:\/\/i0.wp.com\/home.glassexpo.com.br\/wp-content\/uploads\/2025\/07\/Renata-Furlanetto.jpg?resize=225%2C300&amp;ssl=1 225w, https:\/\/i0.wp.com\/home.glassexpo.com.br\/wp-content\/uploads\/2025\/07\/Renata-Furlanetto.jpg?resize=768%2C1024&amp;ssl=1 768w, https:\/\/i0.wp.com\/home.glassexpo.com.br\/wp-content\/uploads\/2025\/07\/Renata-Furlanetto.jpg?resize=1152%2C1536&amp;ssl=1 1152w, https:\/\/i0.wp.com\/home.glassexpo.com.br\/wp-content\/uploads\/2025\/07\/Renata-Furlanetto.jpg?resize=1536%2C2048&amp;ssl=1 1536w, https:\/\/i0.wp.com\/home.glassexpo.com.br\/wp-content\/uploads\/2025\/07\/Renata-Furlanetto.jpg?resize=450%2C600&amp;ssl=1 450w, https:\/\/i0.wp.com\/home.glassexpo.com.br\/wp-content\/uploads\/2025\/07\/Renata-Furlanetto.jpg?w=1600&amp;ssl=1 1600w\" sizes=\"(max-width: 768px) 100vw, 768px\" \/>                    <\/div>\n                 \n\n                <div class=\"ekit-team-modal-info has-img\">\n                    <h2 class=\"ekit-team-modal-title\">Renata Furlanetto<\/h2>\n                    <p class=\"ekit-team-modal-position\">Architect and Director of Studio MK27<\/p>\n                    \n                    <div class=\"ekit-team-modal-content\">\n                        An architect who graduated from FAU-Mackenzie, with a specialization from UPC Barcelona, she is the winner of the Europandom Award and the IAB Young Architects Award. At Studio MK27 since 2001, she leads the architecture team and coordinates award-winning projects such as Patina Maldives, Ramp House, and the Brazilian Pavilion at Expo Osaka.                    <\/div>\n\n                                        \n                                    <\/div>\n            <\/div>\n        <\/div>\n    <\/div>\n<\/div>\t\t\t\t\t\t\n\t\t\t\t\t\t\t<div class=\"swiper-slide profile-card elementor-animation- text-center ekit-team-style-default\">\n\t\t\t\t\t\t\t\t\t\t\t\t\t\t\t\t\t<a href=\"javascript:void(0)\" data-mfp-src=\"#ekit_team_modal_819935cdb446c9\" class=\"ekit-team-popup\">\n\t\t\t\t\t\t\t\t\n\t\t\t\t\t\t\t\t<div class=\"profile-header ekit-team-img ekit-img-overlay ekit-team-img-block\"  data-toggle=\"modal\" data-target=\"ekit_team_modal_#819935cdb446c9\" >\n\t\t\t\t\t\t\t\t\t<img loading=\"lazy\" decoding=\"async\" width=\"715\" height=\"1024\" src=\"https:\/\/i0.wp.com\/home.glassexpo.com.br\/wp-content\/uploads\/2025\/09\/Rodrigo-Fontana.jpeg?fit=715%2C1024&amp;ssl=1\" class=\"attachment-large size-large wp-image-4971\" alt=\"\" srcset=\"https:\/\/i0.wp.com\/home.glassexpo.com.br\/wp-content\/uploads\/2025\/09\/Rodrigo-Fontana.jpeg?w=1787&amp;ssl=1 1787w, https:\/\/i0.wp.com\/home.glassexpo.com.br\/wp-content\/uploads\/2025\/09\/Rodrigo-Fontana.jpeg?resize=209%2C300&amp;ssl=1 209w, https:\/\/i0.wp.com\/home.glassexpo.com.br\/wp-content\/uploads\/2025\/09\/Rodrigo-Fontana.jpeg?resize=715%2C1024&amp;ssl=1 715w, https:\/\/i0.wp.com\/home.glassexpo.com.br\/wp-content\/uploads\/2025\/09\/Rodrigo-Fontana.jpeg?resize=768%2C1100&amp;ssl=1 768w, https:\/\/i0.wp.com\/home.glassexpo.com.br\/wp-content\/uploads\/2025\/09\/Rodrigo-Fontana.jpeg?resize=1072%2C1536&amp;ssl=1 1072w, https:\/\/i0.wp.com\/home.glassexpo.com.br\/wp-content\/uploads\/2025\/09\/Rodrigo-Fontana.jpeg?resize=1430%2C2048&amp;ssl=1 1430w, https:\/\/i0.wp.com\/home.glassexpo.com.br\/wp-content\/uploads\/2025\/09\/Rodrigo-Fontana.jpeg?resize=8%2C12&amp;ssl=1 8w, https:\/\/i0.wp.com\/home.glassexpo.com.br\/wp-content\/uploads\/2025\/09\/Rodrigo-Fontana.jpeg?resize=419%2C600&amp;ssl=1 419w, https:\/\/i0.wp.com\/home.glassexpo.com.br\/wp-content\/uploads\/2025\/09\/Rodrigo-Fontana.jpeg?w=1600&amp;ssl=1 1600w\" sizes=\"(max-width: 715px) 100vw, 715px\" \/>\t\t\t\t\t\t\t\t<\/div>\n\n\t\t\t\t\t\t\t\t\t\t\t\t\t\t\t\t\t<\/a>\n\t\t\t\t\t\t\t\t\t\t\t\t\n\t\t\t\t\t\t\t\t<div class=\"profile-body\">\n    <h2 class=\"profile-title\">\n                    <a  href=\"javascript:void(0)\" data-mfp-src=\"#ekit_team_modal_819935cdb446c9\" class=\"ekit-team-popup\">\n                Rodrigo Fontana            <\/a>\n                <\/h2>\n    <p class=\"profile-designation\"> \n        Fonte Consultoria - Diretor    <\/p>\n\n    \n        \n    <\/div>\n\t\t\t\t\t\t\t\t\t\t\t\t\t\t\t<\/div>\n\n\t\t\t\t\t\t\t\t\t\t\t\t\t\t\n\t\t\t\t\t\t\t<div class=\"zoom-anim-dialog mfp-hide elementskit-team-popup\" id=\"ekit_team_modal_819935cdb446c9\" role=\"dialog\" aria-hidden=\"true\">\n    <div class=\"modal-dialog modal-dialog-centered\" role=\"document\">\n        <div class=\"modal-content\">\n            <button type=\"button\" class=\"ekit-team-modal-close\">\n                <i aria-hidden=\"true\" class=\"fas fa-times\"><\/i>            <\/button>\n\n            <div class=\"modal-body\">\n                                    <div class=\"ekit-team-modal-img\">\n                        <img loading=\"lazy\" decoding=\"async\" width=\"715\" height=\"1024\" src=\"https:\/\/i0.wp.com\/home.glassexpo.com.br\/wp-content\/uploads\/2025\/09\/Rodrigo-Fontana.jpeg?fit=715%2C1024&amp;ssl=1\" class=\"attachment-large size-large wp-image-4971\" alt=\"\" srcset=\"https:\/\/i0.wp.com\/home.glassexpo.com.br\/wp-content\/uploads\/2025\/09\/Rodrigo-Fontana.jpeg?w=1787&amp;ssl=1 1787w, https:\/\/i0.wp.com\/home.glassexpo.com.br\/wp-content\/uploads\/2025\/09\/Rodrigo-Fontana.jpeg?resize=209%2C300&amp;ssl=1 209w, https:\/\/i0.wp.com\/home.glassexpo.com.br\/wp-content\/uploads\/2025\/09\/Rodrigo-Fontana.jpeg?resize=715%2C1024&amp;ssl=1 715w, https:\/\/i0.wp.com\/home.glassexpo.com.br\/wp-content\/uploads\/2025\/09\/Rodrigo-Fontana.jpeg?resize=768%2C1100&amp;ssl=1 768w, https:\/\/i0.wp.com\/home.glassexpo.com.br\/wp-content\/uploads\/2025\/09\/Rodrigo-Fontana.jpeg?resize=1072%2C1536&amp;ssl=1 1072w, https:\/\/i0.wp.com\/home.glassexpo.com.br\/wp-content\/uploads\/2025\/09\/Rodrigo-Fontana.jpeg?resize=1430%2C2048&amp;ssl=1 1430w, https:\/\/i0.wp.com\/home.glassexpo.com.br\/wp-content\/uploads\/2025\/09\/Rodrigo-Fontana.jpeg?resize=8%2C12&amp;ssl=1 8w, https:\/\/i0.wp.com\/home.glassexpo.com.br\/wp-content\/uploads\/2025\/09\/Rodrigo-Fontana.jpeg?resize=419%2C600&amp;ssl=1 419w, https:\/\/i0.wp.com\/home.glassexpo.com.br\/wp-content\/uploads\/2025\/09\/Rodrigo-Fontana.jpeg?w=1600&amp;ssl=1 1600w\" sizes=\"(max-width: 715px) 100vw, 715px\" \/>                    <\/div>\n                 \n\n                <div class=\"ekit-team-modal-info has-img\">\n                    <h2 class=\"ekit-team-modal-title\">Rodrigo Fontana<\/h2>\n                    <p class=\"ekit-team-modal-position\">Fonte Consultoria - Diretor<\/p>\n                    \n                    <div class=\"ekit-team-modal-content\">\n                        Rodrigo Fontana \u00e9 formado em Administra\u00e7\u00e3o e p\u00f3s-graduado em Propaganda e Marketing. Com mais de 25 anos de experi\u00eancia em gest\u00e3o, marketing e vendas, atuou nos segmentos B2B, B2B2C e B2C. Seu destaque est\u00e1 no desenvolvimento de projetos estrat\u00e9gicos e na implementa\u00e7\u00e3o de pol\u00edticas voltadas para o crescimento empresarial. Ao longo de sua carreira, ampliou mercados em n\u00edveis regional, nacional e internacional, sendo reconhecido por sua habilidade em desenvolver equipes e criar estrat\u00e9gias de mercado ajustadas \u00e0s din\u00e2micas espec\u00edficas de cada setor.                    <\/div>\n\n                                        \n                                    <\/div>\n            <\/div>\n        <\/div>\n    <\/div>\n<\/div>\t\t\t\t\t\t\n\t\t\t\t\t\t\t<div class=\"swiper-slide profile-card elementor-animation- text-center ekit-team-style-default\">\n\t\t\t\t\t\t\t\t\t\t\t\t\t\t\t\t\t<a href=\"javascript:void(0)\" data-mfp-src=\"#ekit_team_modal_ff7e6c1db446c9\" class=\"ekit-team-popup\">\n\t\t\t\t\t\t\t\t\n\t\t\t\t\t\t\t\t<div class=\"profile-header ekit-team-img ekit-img-overlay ekit-team-img-block\"  data-toggle=\"modal\" data-target=\"ekit_team_modal_#ff7e6c1db446c9\" >\n\t\t\t\t\t\t\t\t\t<img loading=\"lazy\" decoding=\"async\" width=\"768\" height=\"1024\" src=\"https:\/\/i0.wp.com\/home.glassexpo.com.br\/wp-content\/uploads\/2025\/08\/Rubens-Silva.jpeg?fit=768%2C1024&amp;ssl=1\" class=\"attachment-large size-large wp-image-4829\" alt=\"\" srcset=\"https:\/\/i0.wp.com\/home.glassexpo.com.br\/wp-content\/uploads\/2025\/08\/Rubens-Silva.jpeg?w=1920&amp;ssl=1 1920w, https:\/\/i0.wp.com\/home.glassexpo.com.br\/wp-content\/uploads\/2025\/08\/Rubens-Silva.jpeg?resize=225%2C300&amp;ssl=1 225w, https:\/\/i0.wp.com\/home.glassexpo.com.br\/wp-content\/uploads\/2025\/08\/Rubens-Silva.jpeg?resize=768%2C1024&amp;ssl=1 768w, https:\/\/i0.wp.com\/home.glassexpo.com.br\/wp-content\/uploads\/2025\/08\/Rubens-Silva.jpeg?resize=1152%2C1536&amp;ssl=1 1152w, https:\/\/i0.wp.com\/home.glassexpo.com.br\/wp-content\/uploads\/2025\/08\/Rubens-Silva.jpeg?resize=1536%2C2048&amp;ssl=1 1536w, https:\/\/i0.wp.com\/home.glassexpo.com.br\/wp-content\/uploads\/2025\/08\/Rubens-Silva.jpeg?resize=9%2C12&amp;ssl=1 9w, https:\/\/i0.wp.com\/home.glassexpo.com.br\/wp-content\/uploads\/2025\/08\/Rubens-Silva.jpeg?resize=450%2C600&amp;ssl=1 450w, https:\/\/i0.wp.com\/home.glassexpo.com.br\/wp-content\/uploads\/2025\/08\/Rubens-Silva.jpeg?w=1600&amp;ssl=1 1600w\" sizes=\"(max-width: 768px) 100vw, 768px\" \/>\t\t\t\t\t\t\t\t<\/div>\n\n\t\t\t\t\t\t\t\t\t\t\t\t\t\t\t\t\t<\/a>\n\t\t\t\t\t\t\t\t\t\t\t\t\n\t\t\t\t\t\t\t\t<div class=\"profile-body\">\n    <h2 class=\"profile-title\">\n                    <a  href=\"javascript:void(0)\" data-mfp-src=\"#ekit_team_modal_ff7e6c1db446c9\" class=\"ekit-team-popup\">\n                Rubens Silva            <\/a>\n                <\/h2>\n    <p class=\"profile-designation\"> \n        Shine Windows     <\/p>\n\n    \n        \n    <\/div>\n\t\t\t\t\t\t\t\t\t\t\t\t\t\t\t<\/div>\n\n\t\t\t\t\t\t\t\t\t\t\t\t\t\t\n\t\t\t\t\t\t\t<div class=\"zoom-anim-dialog mfp-hide elementskit-team-popup\" id=\"ekit_team_modal_ff7e6c1db446c9\" role=\"dialog\" aria-hidden=\"true\">\n    <div class=\"modal-dialog modal-dialog-centered\" role=\"document\">\n        <div class=\"modal-content\">\n            <button type=\"button\" class=\"ekit-team-modal-close\">\n                <i aria-hidden=\"true\" class=\"fas fa-times\"><\/i>            <\/button>\n\n            <div class=\"modal-body\">\n                                    <div class=\"ekit-team-modal-img\">\n                        <img loading=\"lazy\" decoding=\"async\" width=\"768\" height=\"1024\" src=\"https:\/\/i0.wp.com\/home.glassexpo.com.br\/wp-content\/uploads\/2025\/08\/Rubens-Silva.jpeg?fit=768%2C1024&amp;ssl=1\" class=\"attachment-large size-large wp-image-4829\" alt=\"\" srcset=\"https:\/\/i0.wp.com\/home.glassexpo.com.br\/wp-content\/uploads\/2025\/08\/Rubens-Silva.jpeg?w=1920&amp;ssl=1 1920w, https:\/\/i0.wp.com\/home.glassexpo.com.br\/wp-content\/uploads\/2025\/08\/Rubens-Silva.jpeg?resize=225%2C300&amp;ssl=1 225w, https:\/\/i0.wp.com\/home.glassexpo.com.br\/wp-content\/uploads\/2025\/08\/Rubens-Silva.jpeg?resize=768%2C1024&amp;ssl=1 768w, https:\/\/i0.wp.com\/home.glassexpo.com.br\/wp-content\/uploads\/2025\/08\/Rubens-Silva.jpeg?resize=1152%2C1536&amp;ssl=1 1152w, https:\/\/i0.wp.com\/home.glassexpo.com.br\/wp-content\/uploads\/2025\/08\/Rubens-Silva.jpeg?resize=1536%2C2048&amp;ssl=1 1536w, https:\/\/i0.wp.com\/home.glassexpo.com.br\/wp-content\/uploads\/2025\/08\/Rubens-Silva.jpeg?resize=9%2C12&amp;ssl=1 9w, https:\/\/i0.wp.com\/home.glassexpo.com.br\/wp-content\/uploads\/2025\/08\/Rubens-Silva.jpeg?resize=450%2C600&amp;ssl=1 450w, https:\/\/i0.wp.com\/home.glassexpo.com.br\/wp-content\/uploads\/2025\/08\/Rubens-Silva.jpeg?w=1600&amp;ssl=1 1600w\" sizes=\"(max-width: 768px) 100vw, 768px\" \/>                    <\/div>\n                 \n\n                <div class=\"ekit-team-modal-info has-img\">\n                    <h2 class=\"ekit-team-modal-title\">Rubens Silva<\/h2>\n                    <p class=\"ekit-team-modal-position\">Shine Windows <\/p>\n                    \n                    <div class=\"ekit-team-modal-content\">\n                        Esquadrias em PVC: Inova\u00e7\u00e3o e t\u00e9cnologia para o seu projeto                    <\/div>\n\n                                        \n                                    <\/div>\n            <\/div>\n        <\/div>\n    <\/div>\n<\/div>\t\t\t\t\t\t\n\t\t\t\t\t\t\t<div class=\"swiper-slide profile-card elementor-animation- text-center ekit-team-style-default\">\n\t\t\t\t\t\t\t\t\t\t\t\t\t\t\t\t\t<a href=\"javascript:void(0)\" data-mfp-src=\"#ekit_team_modal_2742aeedb446c9\" class=\"ekit-team-popup\">\n\t\t\t\t\t\t\t\t\n\t\t\t\t\t\t\t\t<div class=\"profile-header ekit-team-img ekit-img-overlay ekit-team-img-block\"  data-toggle=\"modal\" data-target=\"ekit_team_modal_#2742aeedb446c9\" >\n\t\t\t\t\t\t\t\t\t<img loading=\"lazy\" decoding=\"async\" width=\"592\" height=\"784\" src=\"https:\/\/i0.wp.com\/home.glassexpo.com.br\/wp-content\/uploads\/2025\/08\/Engenheiro-Robson-Campos-de-Souza.jpeg?fit=592%2C784&amp;ssl=1\" class=\"attachment-large size-large wp-image-4845\" alt=\"\" srcset=\"https:\/\/i0.wp.com\/home.glassexpo.com.br\/wp-content\/uploads\/2025\/08\/Engenheiro-Robson-Campos-de-Souza.jpeg?w=592&amp;ssl=1 592w, https:\/\/i0.wp.com\/home.glassexpo.com.br\/wp-content\/uploads\/2025\/08\/Engenheiro-Robson-Campos-de-Souza.jpeg?resize=227%2C300&amp;ssl=1 227w, https:\/\/i0.wp.com\/home.glassexpo.com.br\/wp-content\/uploads\/2025\/08\/Engenheiro-Robson-Campos-de-Souza.jpeg?resize=9%2C12&amp;ssl=1 9w, https:\/\/i0.wp.com\/home.glassexpo.com.br\/wp-content\/uploads\/2025\/08\/Engenheiro-Robson-Campos-de-Souza.jpeg?resize=453%2C600&amp;ssl=1 453w\" sizes=\"(max-width: 592px) 100vw, 592px\" \/>\t\t\t\t\t\t\t\t<\/div>\n\n\t\t\t\t\t\t\t\t\t\t\t\t\t\t\t\t\t<\/a>\n\t\t\t\t\t\t\t\t\t\t\t\t\n\t\t\t\t\t\t\t\t<div class=\"profile-body\">\n    <h2 class=\"profile-title\">\n                    <a  href=\"javascript:void(0)\" data-mfp-src=\"#ekit_team_modal_2742aeedb446c9\" class=\"ekit-team-popup\">\n                Robson Campos            <\/a>\n                <\/h2>\n    <p class=\"profile-designation\"> \n        Gerente tec. ABRAESP    <\/p>\n\n    \n        \n    <\/div>\n\t\t\t\t\t\t\t\t\t\t\t\t\t\t\t<\/div>\n\n\t\t\t\t\t\t\t\t\t\t\t\t\t\t\n\t\t\t\t\t\t\t<div class=\"zoom-anim-dialog mfp-hide elementskit-team-popup\" id=\"ekit_team_modal_2742aeedb446c9\" role=\"dialog\" aria-hidden=\"true\">\n    <div class=\"modal-dialog modal-dialog-centered\" role=\"document\">\n        <div class=\"modal-content\">\n            <button type=\"button\" class=\"ekit-team-modal-close\">\n                <i aria-hidden=\"true\" class=\"fas fa-times\"><\/i>            <\/button>\n\n            <div class=\"modal-body\">\n                                    <div class=\"ekit-team-modal-img\">\n                        <img loading=\"lazy\" decoding=\"async\" width=\"592\" height=\"784\" src=\"https:\/\/i0.wp.com\/home.glassexpo.com.br\/wp-content\/uploads\/2025\/08\/Engenheiro-Robson-Campos-de-Souza.jpeg?fit=592%2C784&amp;ssl=1\" class=\"attachment-large size-large wp-image-4845\" alt=\"\" srcset=\"https:\/\/i0.wp.com\/home.glassexpo.com.br\/wp-content\/uploads\/2025\/08\/Engenheiro-Robson-Campos-de-Souza.jpeg?w=592&amp;ssl=1 592w, https:\/\/i0.wp.com\/home.glassexpo.com.br\/wp-content\/uploads\/2025\/08\/Engenheiro-Robson-Campos-de-Souza.jpeg?resize=227%2C300&amp;ssl=1 227w, https:\/\/i0.wp.com\/home.glassexpo.com.br\/wp-content\/uploads\/2025\/08\/Engenheiro-Robson-Campos-de-Souza.jpeg?resize=9%2C12&amp;ssl=1 9w, https:\/\/i0.wp.com\/home.glassexpo.com.br\/wp-content\/uploads\/2025\/08\/Engenheiro-Robson-Campos-de-Souza.jpeg?resize=453%2C600&amp;ssl=1 453w\" sizes=\"(max-width: 592px) 100vw, 592px\" \/>                    <\/div>\n                 \n\n                <div class=\"ekit-team-modal-info has-img\">\n                    <h2 class=\"ekit-team-modal-title\">Robson Campos<\/h2>\n                    <p class=\"ekit-team-modal-position\">Gerente tec. ABRAESP<\/p>\n                    \n                    <div class=\"ekit-team-modal-content\">\n                        Esquadrias e o risco ao n\u00e3o atendimento as normas t\u00e9cnicas                    <\/div>\n\n                                        \n                                    <\/div>\n            <\/div>\n        <\/div>\n    <\/div>\n<\/div>\t\t\t\t\t\t\n\t\t\t\t\t\t\t<div class=\"swiper-slide profile-card elementor-animation- text-center ekit-team-style-default\">\n\t\t\t\t\t\t\t\t\t\t\t\t\t\t\t\t\t<a href=\"javascript:void(0)\" data-mfp-src=\"#ekit_team_modal_b1a4bc7db446c9\" class=\"ekit-team-popup\">\n\t\t\t\t\t\t\t\t\n\t\t\t\t\t\t\t\t<div class=\"profile-header ekit-team-img ekit-img-overlay ekit-team-img-block\"  data-toggle=\"modal\" data-target=\"ekit_team_modal_#b1a4bc7db446c9\" >\n\t\t\t\t\t\t\t\t\t<img loading=\"lazy\" decoding=\"async\" width=\"800\" height=\"533\" src=\"https:\/\/i0.wp.com\/home.glassexpo.com.br\/wp-content\/uploads\/2025\/08\/Eng-Sebastiao-Pereira.jpeg?fit=800%2C533&amp;ssl=1\" class=\"attachment-large size-large wp-image-4833\" alt=\"\" srcset=\"https:\/\/i0.wp.com\/home.glassexpo.com.br\/wp-content\/uploads\/2025\/08\/Eng-Sebastiao-Pereira.jpeg?w=1280&amp;ssl=1 1280w, https:\/\/i0.wp.com\/home.glassexpo.com.br\/wp-content\/uploads\/2025\/08\/Eng-Sebastiao-Pereira.jpeg?resize=300%2C200&amp;ssl=1 300w, https:\/\/i0.wp.com\/home.glassexpo.com.br\/wp-content\/uploads\/2025\/08\/Eng-Sebastiao-Pereira.jpeg?resize=1024%2C682&amp;ssl=1 1024w, https:\/\/i0.wp.com\/home.glassexpo.com.br\/wp-content\/uploads\/2025\/08\/Eng-Sebastiao-Pereira.jpeg?resize=768%2C512&amp;ssl=1 768w, https:\/\/i0.wp.com\/home.glassexpo.com.br\/wp-content\/uploads\/2025\/08\/Eng-Sebastiao-Pereira.jpeg?resize=18%2C12&amp;ssl=1 18w, https:\/\/i0.wp.com\/home.glassexpo.com.br\/wp-content\/uploads\/2025\/08\/Eng-Sebastiao-Pereira.jpeg?resize=600%2C400&amp;ssl=1 600w\" sizes=\"(max-width: 800px) 100vw, 800px\" \/>\t\t\t\t\t\t\t\t<\/div>\n\n\t\t\t\t\t\t\t\t\t\t\t\t\t\t\t\t\t<\/a>\n\t\t\t\t\t\t\t\t\t\t\t\t\n\t\t\t\t\t\t\t\t<div class=\"profile-body\">\n    <h2 class=\"profile-title\">\n                    <a  href=\"javascript:void(0)\" data-mfp-src=\"#ekit_team_modal_b1a4bc7db446c9\" class=\"ekit-team-popup\">\n                Eng\u00ba Sebasti\u00e3o Pereira            <\/a>\n                <\/h2>\n    <p class=\"profile-designation\"> \n        Country Manager Deceuninck Brasil    <\/p>\n\n    \n        \n    <\/div>\n\t\t\t\t\t\t\t\t\t\t\t\t\t\t\t<\/div>\n\n\t\t\t\t\t\t\t\t\t\t\t\t\t\t\n\t\t\t\t\t\t\t<div class=\"zoom-anim-dialog mfp-hide elementskit-team-popup\" id=\"ekit_team_modal_b1a4bc7db446c9\" role=\"dialog\" aria-hidden=\"true\">\n    <div class=\"modal-dialog modal-dialog-centered\" role=\"document\">\n        <div class=\"modal-content\">\n            <button type=\"button\" class=\"ekit-team-modal-close\">\n                <i aria-hidden=\"true\" class=\"fas fa-times\"><\/i>            <\/button>\n\n            <div class=\"modal-body\">\n                                    <div class=\"ekit-team-modal-img\">\n                        <img loading=\"lazy\" decoding=\"async\" width=\"800\" height=\"533\" src=\"https:\/\/i0.wp.com\/home.glassexpo.com.br\/wp-content\/uploads\/2025\/08\/Eng-Sebastiao-Pereira.jpeg?fit=800%2C533&amp;ssl=1\" class=\"attachment-large size-large wp-image-4833\" alt=\"\" srcset=\"https:\/\/i0.wp.com\/home.glassexpo.com.br\/wp-content\/uploads\/2025\/08\/Eng-Sebastiao-Pereira.jpeg?w=1280&amp;ssl=1 1280w, https:\/\/i0.wp.com\/home.glassexpo.com.br\/wp-content\/uploads\/2025\/08\/Eng-Sebastiao-Pereira.jpeg?resize=300%2C200&amp;ssl=1 300w, https:\/\/i0.wp.com\/home.glassexpo.com.br\/wp-content\/uploads\/2025\/08\/Eng-Sebastiao-Pereira.jpeg?resize=1024%2C682&amp;ssl=1 1024w, https:\/\/i0.wp.com\/home.glassexpo.com.br\/wp-content\/uploads\/2025\/08\/Eng-Sebastiao-Pereira.jpeg?resize=768%2C512&amp;ssl=1 768w, https:\/\/i0.wp.com\/home.glassexpo.com.br\/wp-content\/uploads\/2025\/08\/Eng-Sebastiao-Pereira.jpeg?resize=18%2C12&amp;ssl=1 18w, https:\/\/i0.wp.com\/home.glassexpo.com.br\/wp-content\/uploads\/2025\/08\/Eng-Sebastiao-Pereira.jpeg?resize=600%2C400&amp;ssl=1 600w\" sizes=\"(max-width: 800px) 100vw, 800px\" \/>                    <\/div>\n                 \n\n                <div class=\"ekit-team-modal-info has-img\">\n                    <h2 class=\"ekit-team-modal-title\">Eng\u00ba Sebasti\u00e3o Pereira<\/h2>\n                    <p class=\"ekit-team-modal-position\">Country Manager Deceuninck Brasil<\/p>\n                    \n                    <div class=\"ekit-team-modal-content\">\n                        O que importa para ind\u00fastria de esquadrias: Desenvolvimento                    <\/div>\n\n                                        \n                                    <\/div>\n            <\/div>\n        <\/div>\n    <\/div>\n<\/div>\t\t\t\t\t\t\n\t\t\t\t\t\t\t<div class=\"swiper-slide profile-card elementor-animation- text-center ekit-team-style-default\">\n\t\t\t\t\t\t\t\t\t\t\t\t\t\t\t\t\t<a href=\"javascript:void(0)\" data-mfp-src=\"#ekit_team_modal_8aacfa0db446c9\" class=\"ekit-team-popup\">\n\t\t\t\t\t\t\t\t\n\t\t\t\t\t\t\t\t<div class=\"profile-header ekit-team-img ekit-img-overlay ekit-team-img-block\"  data-toggle=\"modal\" data-target=\"ekit_team_modal_#8aacfa0db446c9\" >\n\t\t\t\t\t\t\t\t\t<img loading=\"lazy\" decoding=\"async\" width=\"682\" height=\"1024\" src=\"https:\/\/i0.wp.com\/home.glassexpo.com.br\/wp-content\/uploads\/2025\/08\/Sheila-Pita-Marinho-2.jpeg?fit=682%2C1024&amp;ssl=1\" class=\"attachment-large size-large wp-image-4809\" alt=\"\" srcset=\"https:\/\/i0.wp.com\/home.glassexpo.com.br\/wp-content\/uploads\/2025\/08\/Sheila-Pita-Marinho-2.jpeg?w=852&amp;ssl=1 852w, https:\/\/i0.wp.com\/home.glassexpo.com.br\/wp-content\/uploads\/2025\/08\/Sheila-Pita-Marinho-2.jpeg?resize=200%2C300&amp;ssl=1 200w, https:\/\/i0.wp.com\/home.glassexpo.com.br\/wp-content\/uploads\/2025\/08\/Sheila-Pita-Marinho-2.jpeg?resize=682%2C1024&amp;ssl=1 682w, https:\/\/i0.wp.com\/home.glassexpo.com.br\/wp-content\/uploads\/2025\/08\/Sheila-Pita-Marinho-2.jpeg?resize=768%2C1154&amp;ssl=1 768w, https:\/\/i0.wp.com\/home.glassexpo.com.br\/wp-content\/uploads\/2025\/08\/Sheila-Pita-Marinho-2.jpeg?resize=8%2C12&amp;ssl=1 8w, https:\/\/i0.wp.com\/home.glassexpo.com.br\/wp-content\/uploads\/2025\/08\/Sheila-Pita-Marinho-2.jpeg?resize=399%2C600&amp;ssl=1 399w\" sizes=\"(max-width: 682px) 100vw, 682px\" \/>\t\t\t\t\t\t\t\t<\/div>\n\n\t\t\t\t\t\t\t\t\t\t\t\t\t\t\t\t\t<\/a>\n\t\t\t\t\t\t\t\t\t\t\t\t\n\t\t\t\t\t\t\t\t<div class=\"profile-body\">\n    <h2 class=\"profile-title\">\n                    <a  href=\"javascript:void(0)\" data-mfp-src=\"#ekit_team_modal_8aacfa0db446c9\" class=\"ekit-team-popup\">\n                Sheila Marinho            <\/a>\n                <\/h2>\n    <p class=\"profile-designation\"> \n        Market Leader - Somfy Brasil    <\/p>\n\n    \n        \n    <\/div>\n\t\t\t\t\t\t\t\t\t\t\t\t\t\t\t<\/div>\n\n\t\t\t\t\t\t\t\t\t\t\t\t\t\t\n\t\t\t\t\t\t\t<div class=\"zoom-anim-dialog mfp-hide elementskit-team-popup\" id=\"ekit_team_modal_8aacfa0db446c9\" role=\"dialog\" aria-hidden=\"true\">\n    <div class=\"modal-dialog modal-dialog-centered\" role=\"document\">\n        <div class=\"modal-content\">\n            <button type=\"button\" class=\"ekit-team-modal-close\">\n                <i aria-hidden=\"true\" class=\"fas fa-times\"><\/i>            <\/button>\n\n            <div class=\"modal-body\">\n                                    <div class=\"ekit-team-modal-img\">\n                        <img loading=\"lazy\" decoding=\"async\" width=\"682\" height=\"1024\" src=\"https:\/\/i0.wp.com\/home.glassexpo.com.br\/wp-content\/uploads\/2025\/08\/Sheila-Pita-Marinho-2.jpeg?fit=682%2C1024&amp;ssl=1\" class=\"attachment-large size-large wp-image-4809\" alt=\"\" srcset=\"https:\/\/i0.wp.com\/home.glassexpo.com.br\/wp-content\/uploads\/2025\/08\/Sheila-Pita-Marinho-2.jpeg?w=852&amp;ssl=1 852w, https:\/\/i0.wp.com\/home.glassexpo.com.br\/wp-content\/uploads\/2025\/08\/Sheila-Pita-Marinho-2.jpeg?resize=200%2C300&amp;ssl=1 200w, https:\/\/i0.wp.com\/home.glassexpo.com.br\/wp-content\/uploads\/2025\/08\/Sheila-Pita-Marinho-2.jpeg?resize=682%2C1024&amp;ssl=1 682w, https:\/\/i0.wp.com\/home.glassexpo.com.br\/wp-content\/uploads\/2025\/08\/Sheila-Pita-Marinho-2.jpeg?resize=768%2C1154&amp;ssl=1 768w, https:\/\/i0.wp.com\/home.glassexpo.com.br\/wp-content\/uploads\/2025\/08\/Sheila-Pita-Marinho-2.jpeg?resize=8%2C12&amp;ssl=1 8w, https:\/\/i0.wp.com\/home.glassexpo.com.br\/wp-content\/uploads\/2025\/08\/Sheila-Pita-Marinho-2.jpeg?resize=399%2C600&amp;ssl=1 399w\" sizes=\"(max-width: 682px) 100vw, 682px\" \/>                    <\/div>\n                 \n\n                <div class=\"ekit-team-modal-info has-img\">\n                    <h2 class=\"ekit-team-modal-title\">Sheila Marinho<\/h2>\n                    <p class=\"ekit-team-modal-position\">Market Leader - Somfy Brasil<\/p>\n                    \n                    <div class=\"ekit-team-modal-content\">\n                        Motoriza\u00e7\u00e3o e automa\u00e7\u00e3o de baixa complexidade em projetos de alto padr\u00e3o                    <\/div>\n\n                                        \n                                    <\/div>\n            <\/div>\n        <\/div>\n    <\/div>\n<\/div>\t\t\t\t\t\t\n\t\t\t\t\t\t\t<div class=\"swiper-slide profile-card elementor-animation- text-center ekit-team-style-default\">\n\t\t\t\t\t\t\t\t\t\t\t\t\t\t\t\t\t<a href=\"javascript:void(0)\" data-mfp-src=\"#ekit_team_modal_f8bc35fdb446c9\" class=\"ekit-team-popup\">\n\t\t\t\t\t\t\t\t\n\t\t\t\t\t\t\t\t<div class=\"profile-header ekit-team-img ekit-img-overlay ekit-team-img-block\"  data-toggle=\"modal\" data-target=\"ekit_team_modal_#f8bc35fdb446c9\" >\n\t\t\t\t\t\t\t\t\t<img loading=\"lazy\" decoding=\"async\" width=\"679\" height=\"1024\" src=\"https:\/\/i0.wp.com\/home.glassexpo.com.br\/wp-content\/uploads\/2025\/07\/Sol-Camacho-e1753120089494.jpg?fit=679%2C1024&amp;ssl=1\" class=\"attachment-large size-large wp-image-3769\" alt=\"\" \/>\t\t\t\t\t\t\t\t<\/div>\n\n\t\t\t\t\t\t\t\t\t\t\t\t\t\t\t\t\t<\/a>\n\t\t\t\t\t\t\t\t\t\t\t\t\n\t\t\t\t\t\t\t\t<div class=\"profile-body\">\n    <h2 class=\"profile-title\">\n                    <a  href=\"javascript:void(0)\" data-mfp-src=\"#ekit_team_modal_f8bc35fdb446c9\" class=\"ekit-team-popup\">\n                Sol Camacho            <\/a>\n                <\/h2>\n    <p class=\"profile-designation\"> \n        Architect and Founder of Raddar    <\/p>\n\n    \n        \n    <\/div>\n\t\t\t\t\t\t\t\t\t\t\t\t\t\t\t<\/div>\n\n\t\t\t\t\t\t\t\t\t\t\t\t\t\t\n\t\t\t\t\t\t\t<div class=\"zoom-anim-dialog mfp-hide elementskit-team-popup\" id=\"ekit_team_modal_f8bc35fdb446c9\" role=\"dialog\" aria-hidden=\"true\">\n    <div class=\"modal-dialog modal-dialog-centered\" role=\"document\">\n        <div class=\"modal-content\">\n            <button type=\"button\" class=\"ekit-team-modal-close\">\n                <i aria-hidden=\"true\" class=\"fas fa-times\"><\/i>            <\/button>\n\n            <div class=\"modal-body\">\n                                    <div class=\"ekit-team-modal-img\">\n                        <img loading=\"lazy\" decoding=\"async\" width=\"679\" height=\"1024\" src=\"https:\/\/i0.wp.com\/home.glassexpo.com.br\/wp-content\/uploads\/2025\/07\/Sol-Camacho-e1753120089494.jpg?fit=679%2C1024&amp;ssl=1\" class=\"attachment-large size-large wp-image-3769\" alt=\"\" \/>                    <\/div>\n                 \n\n                <div class=\"ekit-team-modal-info has-img\">\n                    <h2 class=\"ekit-team-modal-title\">Sol Camacho<\/h2>\n                    <p class=\"ekit-team-modal-position\">Architect and Founder of Raddar<\/p>\n                    \n                    <div class=\"ekit-team-modal-content\">\n                        Sol Camacho, a Mexican architect who graduated from Universidad Iberoamericana, Paris Val de Seine, and holds a master's degree from Harvard GSD, has worked at firms such as SOM-NY and TEN Arquitectos. She founded RADDAR in 2014, focusing on culture, heritage, and restoration. Since 2019, she has led the renovation of the Pacaembu Complex in S\u00e3o Paulo.                    <\/div>\n\n                                        \n                                    <\/div>\n            <\/div>\n        <\/div>\n    <\/div>\n<\/div>\t\t\t\t\t\t\n\t\t\t\t\t\t\t<div class=\"swiper-slide profile-card elementor-animation- text-center ekit-team-style-default\">\n\t\t\t\t\t\t\t\t\t\t\t\t\t\t\t\t\t<a href=\"javascript:void(0)\" data-mfp-src=\"#ekit_team_modal_3f993b1db446c9\" class=\"ekit-team-popup\">\n\t\t\t\t\t\t\t\t\n\t\t\t\t\t\t\t\t<div class=\"profile-header ekit-team-img ekit-img-overlay ekit-team-img-block\"  data-toggle=\"modal\" data-target=\"ekit_team_modal_#3f993b1db446c9\" >\n\t\t\t\t\t\t\t\t\t<img loading=\"lazy\" decoding=\"async\" width=\"800\" height=\"800\" src=\"https:\/\/i0.wp.com\/home.glassexpo.com.br\/wp-content\/uploads\/2025\/08\/Captura-de-Tela-2025-08-15-as-11.48.11.jpg?fit=800%2C800&amp;ssl=1\" class=\"attachment-large size-large wp-image-4363\" alt=\"\" srcset=\"https:\/\/i0.wp.com\/home.glassexpo.com.br\/wp-content\/uploads\/2025\/08\/Captura-de-Tela-2025-08-15-as-11.48.11.jpg?w=1596&amp;ssl=1 1596w, https:\/\/i0.wp.com\/home.glassexpo.com.br\/wp-content\/uploads\/2025\/08\/Captura-de-Tela-2025-08-15-as-11.48.11.jpg?resize=300%2C300&amp;ssl=1 300w, https:\/\/i0.wp.com\/home.glassexpo.com.br\/wp-content\/uploads\/2025\/08\/Captura-de-Tela-2025-08-15-as-11.48.11.jpg?resize=1024%2C1024&amp;ssl=1 1024w, https:\/\/i0.wp.com\/home.glassexpo.com.br\/wp-content\/uploads\/2025\/08\/Captura-de-Tela-2025-08-15-as-11.48.11.jpg?resize=150%2C150&amp;ssl=1 150w, https:\/\/i0.wp.com\/home.glassexpo.com.br\/wp-content\/uploads\/2025\/08\/Captura-de-Tela-2025-08-15-as-11.48.11.jpg?resize=768%2C767&amp;ssl=1 768w, https:\/\/i0.wp.com\/home.glassexpo.com.br\/wp-content\/uploads\/2025\/08\/Captura-de-Tela-2025-08-15-as-11.48.11.jpg?resize=1536%2C1534&amp;ssl=1 1536w, https:\/\/i0.wp.com\/home.glassexpo.com.br\/wp-content\/uploads\/2025\/08\/Captura-de-Tela-2025-08-15-as-11.48.11.jpg?resize=12%2C12&amp;ssl=1 12w, https:\/\/i0.wp.com\/home.glassexpo.com.br\/wp-content\/uploads\/2025\/08\/Captura-de-Tela-2025-08-15-as-11.48.11.jpg?resize=700%2C700&amp;ssl=1 700w, https:\/\/i0.wp.com\/home.glassexpo.com.br\/wp-content\/uploads\/2025\/08\/Captura-de-Tela-2025-08-15-as-11.48.11.jpg?resize=600%2C600&amp;ssl=1 600w\" sizes=\"(max-width: 800px) 100vw, 800px\" \/>\t\t\t\t\t\t\t\t<\/div>\n\n\t\t\t\t\t\t\t\t\t\t\t\t\t\t\t\t\t<\/a>\n\t\t\t\t\t\t\t\t\t\t\t\t\n\t\t\t\t\t\t\t\t<div class=\"profile-body\">\n    <h2 class=\"profile-title\">\n                    <a  href=\"javascript:void(0)\" data-mfp-src=\"#ekit_team_modal_3f993b1db446c9\" class=\"ekit-team-popup\">\n                Thiago Albigiante            <\/a>\n                <\/h2>\n    <p class=\"profile-designation\"> \n        Advogado de direito civil e regulat\u00f3rio da Fialdini Einsfeld    <\/p>\n\n    \n        \n    <\/div>\n\t\t\t\t\t\t\t\t\t\t\t\t\t\t\t<\/div>\n\n\t\t\t\t\t\t\t\t\t\t\t\t\t\t\n\t\t\t\t\t\t\t<div class=\"zoom-anim-dialog mfp-hide elementskit-team-popup\" id=\"ekit_team_modal_3f993b1db446c9\" role=\"dialog\" aria-hidden=\"true\">\n    <div class=\"modal-dialog modal-dialog-centered\" role=\"document\">\n        <div class=\"modal-content\">\n            <button type=\"button\" class=\"ekit-team-modal-close\">\n                <i aria-hidden=\"true\" class=\"fas fa-times\"><\/i>            <\/button>\n\n            <div class=\"modal-body\">\n                                    <div class=\"ekit-team-modal-img\">\n                        <img loading=\"lazy\" decoding=\"async\" width=\"800\" height=\"800\" src=\"https:\/\/i0.wp.com\/home.glassexpo.com.br\/wp-content\/uploads\/2025\/08\/Captura-de-Tela-2025-08-15-as-11.48.11.jpg?fit=800%2C800&amp;ssl=1\" class=\"attachment-large size-large wp-image-4363\" alt=\"\" srcset=\"https:\/\/i0.wp.com\/home.glassexpo.com.br\/wp-content\/uploads\/2025\/08\/Captura-de-Tela-2025-08-15-as-11.48.11.jpg?w=1596&amp;ssl=1 1596w, https:\/\/i0.wp.com\/home.glassexpo.com.br\/wp-content\/uploads\/2025\/08\/Captura-de-Tela-2025-08-15-as-11.48.11.jpg?resize=300%2C300&amp;ssl=1 300w, https:\/\/i0.wp.com\/home.glassexpo.com.br\/wp-content\/uploads\/2025\/08\/Captura-de-Tela-2025-08-15-as-11.48.11.jpg?resize=1024%2C1024&amp;ssl=1 1024w, https:\/\/i0.wp.com\/home.glassexpo.com.br\/wp-content\/uploads\/2025\/08\/Captura-de-Tela-2025-08-15-as-11.48.11.jpg?resize=150%2C150&amp;ssl=1 150w, https:\/\/i0.wp.com\/home.glassexpo.com.br\/wp-content\/uploads\/2025\/08\/Captura-de-Tela-2025-08-15-as-11.48.11.jpg?resize=768%2C767&amp;ssl=1 768w, https:\/\/i0.wp.com\/home.glassexpo.com.br\/wp-content\/uploads\/2025\/08\/Captura-de-Tela-2025-08-15-as-11.48.11.jpg?resize=1536%2C1534&amp;ssl=1 1536w, https:\/\/i0.wp.com\/home.glassexpo.com.br\/wp-content\/uploads\/2025\/08\/Captura-de-Tela-2025-08-15-as-11.48.11.jpg?resize=12%2C12&amp;ssl=1 12w, https:\/\/i0.wp.com\/home.glassexpo.com.br\/wp-content\/uploads\/2025\/08\/Captura-de-Tela-2025-08-15-as-11.48.11.jpg?resize=700%2C700&amp;ssl=1 700w, https:\/\/i0.wp.com\/home.glassexpo.com.br\/wp-content\/uploads\/2025\/08\/Captura-de-Tela-2025-08-15-as-11.48.11.jpg?resize=600%2C600&amp;ssl=1 600w\" sizes=\"(max-width: 800px) 100vw, 800px\" \/>                    <\/div>\n                 \n\n                <div class=\"ekit-team-modal-info has-img\">\n                    <h2 class=\"ekit-team-modal-title\">Thiago Albigiante<\/h2>\n                    <p class=\"ekit-team-modal-position\">Advogado de direito civil e regulat\u00f3rio da Fialdini Einsfeld<\/p>\n                    \n                    <div class=\"ekit-team-modal-content\">\n                        Thiago Adorno Albigiante \u00e9 advogado graduado pela Universidade de S\u00e3o Paulo (USP) e atua h\u00e1 mais de uma d\u00e9cada em direito civil e regulat\u00f3rio no escrit\u00f3rio Fialdini Einsfeld Advogados, eleito em publica\u00e7\u00f5es especializadas um dos mais admirados do Brasil. Possui vasta experi\u00eancia na interface entre o direito e normas t\u00e9cnicas regulat\u00f3rias, representando clientes em disputas complexas de responsabilidade civil e direito do consumidor.                    <\/div>\n\n                                        \n                                    <\/div>\n            <\/div>\n        <\/div>\n    <\/div>\n<\/div>\t\t\t\t\t\t\n\t\t\t\t\t\t\t<div class=\"swiper-slide profile-card elementor-animation- text-center ekit-team-style-default\">\n\t\t\t\t\t\t\t\t\t\t\t\t\t\t\t\t\t<a href=\"javascript:void(0)\" data-mfp-src=\"#ekit_team_modal_85542b5db446c9\" class=\"ekit-team-popup\">\n\t\t\t\t\t\t\t\t\n\t\t\t\t\t\t\t\t<div class=\"profile-header ekit-team-img ekit-img-overlay ekit-team-img-block\"  data-toggle=\"modal\" data-target=\"ekit_team_modal_#85542b5db446c9\" >\n\t\t\t\t\t\t\t\t\t<img decoding=\"async\" src=\"https:\/\/i0.wp.com\/home.glassexpo.com.br\/wp-content\/uploads\/2025\/09\/Vinicius-Balani.heic?fit=1024%2C1024&amp;ssl=1\" class=\"attachment-large size-large wp-image-4974\" alt=\"\" \/>\t\t\t\t\t\t\t\t<\/div>\n\n\t\t\t\t\t\t\t\t\t\t\t\t\t\t\t\t\t<\/a>\n\t\t\t\t\t\t\t\t\t\t\t\t\n\t\t\t\t\t\t\t\t<div class=\"profile-body\">\n    <h2 class=\"profile-title\">\n                    <a  href=\"javascript:void(0)\" data-mfp-src=\"#ekit_team_modal_85542b5db446c9\" class=\"ekit-team-popup\">\n                Vinicius Balani            <\/a>\n                <\/h2>\n    <p class=\"profile-designation\"> \n        Cebrace - Gerente de Desenvolvimento de Produto e Sustentabilidade    <\/p>\n\n    \n        \n    <\/div>\n\t\t\t\t\t\t\t\t\t\t\t\t\t\t\t<\/div>\n\n\t\t\t\t\t\t\t\t\t\t\t\t\t\t\n\t\t\t\t\t\t\t<div class=\"zoom-anim-dialog mfp-hide elementskit-team-popup\" id=\"ekit_team_modal_85542b5db446c9\" role=\"dialog\" aria-hidden=\"true\">\n    <div class=\"modal-dialog modal-dialog-centered\" role=\"document\">\n        <div class=\"modal-content\">\n            <button type=\"button\" class=\"ekit-team-modal-close\">\n                <i aria-hidden=\"true\" class=\"fas fa-times\"><\/i>            <\/button>\n\n            <div class=\"modal-body\">\n                                    <div class=\"ekit-team-modal-img\">\n                        <img decoding=\"async\" src=\"https:\/\/i0.wp.com\/home.glassexpo.com.br\/wp-content\/uploads\/2025\/09\/Vinicius-Balani.heic?fit=1024%2C1024&amp;ssl=1\" class=\"attachment-large size-large wp-image-4974\" alt=\"\" \/>                    <\/div>\n                 \n\n                <div class=\"ekit-team-modal-info has-img\">\n                    <h2 class=\"ekit-team-modal-title\">Vinicius Balani<\/h2>\n                    <p class=\"ekit-team-modal-position\">Cebrace - Gerente de Desenvolvimento de Produto e Sustentabilidade<\/p>\n                    \n                    <div class=\"ekit-team-modal-content\">\n                        Vinicius Balani \u00e9 Engenheiro de Materiais formado pela Universidade de S\u00e3o Paulo, com mais de 13 anos de experi\u00eancia em inova\u00e7\u00e3o. Ao longo de sua trajet\u00f3ria, contribuiu com mais de 20 projetos de novos produtos na \u00e1rea do vidro e, atualmente, exerce a fun\u00e7\u00e3o de Gerente de Desenvolvimento de Produtos, Sustentabilidade e Product Compliance na\u00a0Cebrace.                    <\/div>\n\n                                        \n                                    <\/div>\n            <\/div>\n        <\/div>\n    <\/div>\n<\/div>\t\t\t\t\t\t\n\t\t\t\t\t\t\t\t\t<\/div>\n\n\t\t\t\t\n\t\t\t\t\t\t\t\t\t<div class=\"elementor-swiper-button ekit-team-slider-button-prev\">\n\t\t\t\t\t\t<i aria-hidden=\"true\" class=\"icon icon-left-arrows\"><\/i>\t\t\t\t\t<\/div>\n\t\t\t\t\t<div class=\"elementor-swiper-button ekit-team-slider-button-next\">\n\t\t\t\t\t\t<i aria-hidden=\"true\" class=\"icon icon-right-arrow1\"><\/i>\t\t\t\t\t<\/div>\n\t\t\t\t\t\t\t<\/div>\n\t\t<\/div>\n\t\t<\/div>\t\t\t\t<\/div>\n\t\t\t\t<\/div>\n\t\t\t\t<div class=\"elementor-element elementor-element-8885a76 elementor-hidden-desktop elementor-hidden-tablet elementor-hidden-mobile elementor-widget elementor-widget-premium-addon-person\" data-id=\"8885a76\" data-element_type=\"widget\" data-e-type=\"widget\" data-settings=\"{&quot;persons_per_row&quot;:&quot;25%&quot;,&quot;carousel&quot;:&quot;yes&quot;,&quot;persons_per_row_tablet&quot;:&quot;100%&quot;,&quot;persons_per_row_mobile&quot;:&quot;100%&quot;,&quot;ekit_we_effect_on&quot;:&quot;none&quot;}\" data-widget_type=\"premium-addon-person.default\">\n\t\t\t\t<div class=\"elementor-widget-container\">\n\t\t\t\t\t\t\t<div class=\"premium-persons-container premium-person-style1 multiple-persons\" data-persons-equal=\"\" data-carousel=\"1\" data-rtl=\"\">\r\n\t\t\t\t\t\t\t\t<div class=\"premium-person-container premium-person-zoomin-effect\">\r\n\t\t\t\t\t\t<div class=\"premium-person-image-container\">\r\n\t\t\t\t\t\t<img data-recalc-dims=\"1\" decoding=\"async\" src=\"https:\/\/i0.wp.com\/home.glassexpo.com.br\/wp-content\/uploads\/2025\/07\/Celso-Rayol-e-Fernando-Costa.jpg?w=800&#038;ssl=1\" title=\"\" alt=\"\" loading=\"lazy\" \/>\t\t\t\t\t\t\t\t\t\t\t\t\t<\/div>\r\n\t\t\t\t\t\t<div class=\"premium-person-info\">\r\n\t\t\t\t\t\t\t\t\t\t<div class=\"premium-person-info-container\">\r\n\t\t\t\t\t\t\t\t\t<h2 class=\"premium-person-name\">Celso Rayol + Fernando Costa<\/h2>\r\n\t\t\t\t\t\t\t\t\t\t\t<h4 class=\"premium-person-title\">\r\n\t\t\t\t\t\t\t<span>Architects and Founding Partners of Cit\u00e9 Arquitetura<\/span>\r\n\t\t\t\t\t\t<\/h4>\r\n\t\t\t\t\t\t\t\t\t\t\t<div class=\"premium-person-content\">\r\n\t\t\t\t\t\t\t<p data-start=\"712\" data-end=\"945\" class=\"translation-block\"><strong data-start=\"\u201c712\u201d\" data-end=\"\u201c727\u201d\">Celso Rayol<\/strong> is an architect who graduated from Santa \u00darsula University, a professor at PUC-Rio, and former president of AsBEA-RJ. He has received several awards and had his work exhibited in various editions of the S\u00e3o Paulo Architecture Biennial.<\/p><p data-start=\"947\" data-end=\"1169\" data-is-last-node=\"\" data-is-only-node=\"\" class=\"translation-block\"><strong data-start=\"\u201c947\u201d\" data-end=\"\u201c965\u201d\">Fernando Costa<\/strong> is an architect and urban planner from FAU-UFRJ, with a postgraduate degree in management from FGV. He has worked in industry organizations such as FIRJAN and SINDUSCON-RJ and was a project manager at STA Arquitetura before co-founding Cit\u00e9.<\/p>\t\t\t\t\t\t<\/div>\r\n\t\t\t\t\t\t\t\t<\/div>\r\n\t\t\t\t\t\t\t\t\t<\/div>\r\n\t\t\t\t\t<\/div>\r\n\t\t\t\t\t\t\t\t\t\t<div class=\"premium-person-container premium-person-zoomin-effect\">\r\n\t\t\t\t\t\t<div class=\"premium-person-image-container\">\r\n\t\t\t\t\t\t<img loading=\"lazy\" decoding=\"async\" width=\"800\" height=\"800\" src=\"https:\/\/i0.wp.com\/home.glassexpo.com.br\/wp-content\/uploads\/2025\/08\/Clelia-Basseto.jpg?fit=800%2C800&amp;ssl=1\" class=\"attachment-full size-full wp-image-4340\" alt=\"\" srcset=\"https:\/\/i0.wp.com\/home.glassexpo.com.br\/wp-content\/uploads\/2025\/08\/Clelia-Basseto.jpg?w=800&amp;ssl=1 800w, https:\/\/i0.wp.com\/home.glassexpo.com.br\/wp-content\/uploads\/2025\/08\/Clelia-Basseto.jpg?resize=300%2C300&amp;ssl=1 300w, https:\/\/i0.wp.com\/home.glassexpo.com.br\/wp-content\/uploads\/2025\/08\/Clelia-Basseto.jpg?resize=150%2C150&amp;ssl=1 150w, https:\/\/i0.wp.com\/home.glassexpo.com.br\/wp-content\/uploads\/2025\/08\/Clelia-Basseto.jpg?resize=768%2C768&amp;ssl=1 768w, https:\/\/i0.wp.com\/home.glassexpo.com.br\/wp-content\/uploads\/2025\/08\/Clelia-Basseto.jpg?resize=12%2C12&amp;ssl=1 12w, https:\/\/i0.wp.com\/home.glassexpo.com.br\/wp-content\/uploads\/2025\/08\/Clelia-Basseto.jpg?resize=700%2C700&amp;ssl=1 700w, https:\/\/i0.wp.com\/home.glassexpo.com.br\/wp-content\/uploads\/2025\/08\/Clelia-Basseto.jpg?resize=600%2C600&amp;ssl=1 600w\" sizes=\"(max-width: 800px) 100vw, 800px\" \/>\t\t\t\t\t\t\t\t\t\t\t\t\t<\/div>\r\n\t\t\t\t\t\t<div class=\"premium-person-info\">\r\n\t\t\t\t\t\t\t\t\t\t<div class=\"premium-person-info-container\">\r\n\t\t\t\t\t\t\t\t\t<h2 class=\"premium-person-name\">Cl\u00e9lia Basseto<\/h2>\r\n\t\t\t\t\t\t\t\t\t\t\t<h4 class=\"premium-person-title\">\r\n\t\t\t\t\t\t\t<span>Analista de Normaliza\u00e7\u00e3o da Abravidro<\/span>\r\n\t\t\t\t\t\t<\/h4>\r\n\t\t\t\t\t\t\t\t\t\t\t<div class=\"premium-person-content\">\r\n\t\t\t\t\t\t\t<p data-start=\"712\" data-end=\"945\">Analista de Normaliza\u00e7\u00e3o da Abravidro e possui dezoito anos de experi\u00eancia na \u00e1rea. Coordena as atividades para a elabora\u00e7\u00e3o e revis\u00e3o das normas nas comiss\u00f5es de estudos do Comit\u00ea Brasileiro de Vidros Planos (ABNT\/CB-37), \u00f3rg\u00e3o respons\u00e1vel por desenvolver e atualizar as normas t\u00e9cnicas relacionadas aos vidros planos sob responsabilidade da Associa\u00e7\u00e3o Brasileira de Normas T\u00e9cnicas (ABNT). Tamb\u00e9m ministra palestras para a divulga\u00e7\u00e3o das normas do setor.<\/p>\t\t\t\t\t\t<\/div>\r\n\t\t\t\t\t\t\t\t<\/div>\r\n\t\t\t\t\t\t\t\t\t<\/div>\r\n\t\t\t\t\t<\/div>\r\n\t\t\t\t\t\t\t\t\t\t<div class=\"premium-person-container premium-person-zoomin-effect\">\r\n\t\t\t\t\t\t<div class=\"premium-person-image-container\">\r\n\t\t\t\t\t\t<img loading=\"lazy\" decoding=\"async\" width=\"800\" height=\"800\" src=\"https:\/\/i0.wp.com\/home.glassexpo.com.br\/wp-content\/uploads\/2025\/08\/Flavia-Baldini.jpg?fit=800%2C800&amp;ssl=1\" class=\"attachment-full size-full wp-image-4359\" alt=\"\" srcset=\"https:\/\/i0.wp.com\/home.glassexpo.com.br\/wp-content\/uploads\/2025\/08\/Flavia-Baldini.jpg?w=800&amp;ssl=1 800w, https:\/\/i0.wp.com\/home.glassexpo.com.br\/wp-content\/uploads\/2025\/08\/Flavia-Baldini.jpg?resize=300%2C300&amp;ssl=1 300w, https:\/\/i0.wp.com\/home.glassexpo.com.br\/wp-content\/uploads\/2025\/08\/Flavia-Baldini.jpg?resize=150%2C150&amp;ssl=1 150w, https:\/\/i0.wp.com\/home.glassexpo.com.br\/wp-content\/uploads\/2025\/08\/Flavia-Baldini.jpg?resize=768%2C768&amp;ssl=1 768w, https:\/\/i0.wp.com\/home.glassexpo.com.br\/wp-content\/uploads\/2025\/08\/Flavia-Baldini.jpg?resize=12%2C12&amp;ssl=1 12w, https:\/\/i0.wp.com\/home.glassexpo.com.br\/wp-content\/uploads\/2025\/08\/Flavia-Baldini.jpg?resize=700%2C700&amp;ssl=1 700w, https:\/\/i0.wp.com\/home.glassexpo.com.br\/wp-content\/uploads\/2025\/08\/Flavia-Baldini.jpg?resize=600%2C600&amp;ssl=1 600w\" sizes=\"(max-width: 800px) 100vw, 800px\" \/>\t\t\t\t\t\t\t\t\t\t\t\t\t<\/div>\r\n\t\t\t\t\t\t<div class=\"premium-person-info\">\r\n\t\t\t\t\t\t\t\t\t\t<div class=\"premium-person-info-container\">\r\n\t\t\t\t\t\t\t\t\t<h2 class=\"premium-person-name\">Fl\u00e1via Baldini<\/h2>\r\n\t\t\t\t\t\t\t\t\t\t\t<h4 class=\"premium-person-title\">\r\n\t\t\t\t\t\t\t<span>Consultora T\u00e9cnica da Abravidro<\/span>\r\n\t\t\t\t\t\t<\/h4>\r\n\t\t\t\t\t\t\t\t\t\t\t<div class=\"premium-person-content\">\r\n\t\t\t\t\t\t\t<p>Arquiteta e urbanista formada pela Universidade Estadual de Maring\u00e1 (UEM), MBA em Marketing pela Funda\u00e7\u00e3o Get\u00falio Vargas (FGV) e p\u00f3s-gradua\u00e7\u00e3o em Avalia\u00e7\u00f5es e Per\u00edcias de Engenharia no Instituto de P\u00f3s-Gradua\u00e7\u00e3o e Gradua\u00e7\u00e3o (IPOG). \u00c9 especialista em impermeabiliza\u00e7\u00e3o e vidros planos para constru\u00e7\u00e3o civil com ampla experi\u00eancia na \u00e1rea t\u00e9cnica, \u00e1rea de treinamentos e \u00e1rea comercial no mercado de constru\u00e7\u00e3o. Atua tamb\u00e9m como perita na elabora\u00e7\u00e3o de laudos t\u00e9cnicos.<\/p>\t\t\t\t\t\t<\/div>\r\n\t\t\t\t\t\t\t\t<\/div>\r\n\t\t\t\t\t\t\t\t\t<\/div>\r\n\t\t\t\t\t<\/div>\r\n\t\t\t\t\t\t\t\t\t\t<div class=\"premium-person-container premium-person-zoomin-effect\">\r\n\t\t\t\t\t\t<div class=\"premium-person-image-container\">\r\n\t\t\t\t\t\t<img loading=\"lazy\" decoding=\"async\" width=\"1390\" height=\"1706\" src=\"https:\/\/i0.wp.com\/home.glassexpo.com.br\/wp-content\/uploads\/2025\/07\/Frans-de-Witte-e1753119424553.jpg?fit=1390%2C1706&amp;ssl=1\" class=\"attachment-full size-full wp-image-3754\" alt=\"\" srcset=\"https:\/\/i0.wp.com\/home.glassexpo.com.br\/wp-content\/uploads\/2025\/07\/Frans-de-Witte-e1753119424553.jpg?w=1390&amp;ssl=1 1390w, https:\/\/i0.wp.com\/home.glassexpo.com.br\/wp-content\/uploads\/2025\/07\/Frans-de-Witte-e1753119424553.jpg?resize=244%2C300&amp;ssl=1 244w, https:\/\/i0.wp.com\/home.glassexpo.com.br\/wp-content\/uploads\/2025\/07\/Frans-de-Witte-e1753119424553.jpg?resize=834%2C1024&amp;ssl=1 834w, https:\/\/i0.wp.com\/home.glassexpo.com.br\/wp-content\/uploads\/2025\/07\/Frans-de-Witte-e1753119424553.jpg?resize=768%2C943&amp;ssl=1 768w, https:\/\/i0.wp.com\/home.glassexpo.com.br\/wp-content\/uploads\/2025\/07\/Frans-de-Witte-e1753119424553.jpg?resize=1251%2C1536&amp;ssl=1 1251w, https:\/\/i0.wp.com\/home.glassexpo.com.br\/wp-content\/uploads\/2025\/07\/Frans-de-Witte-e1753119424553.jpg?resize=489%2C600&amp;ssl=1 489w\" sizes=\"(max-width: 800px) 100vw, 800px\" \/>\t\t\t\t\t\t\t\t\t\t\t\t\t<\/div>\r\n\t\t\t\t\t\t<div class=\"premium-person-info\">\r\n\t\t\t\t\t\t\t\t\t\t<div class=\"premium-person-info-container\">\r\n\t\t\t\t\t\t\t\t\t<h2 class=\"premium-person-name\">Frans de Witte<\/h2>\r\n\t\t\t\t\t\t\t\t\t\t\t<h4 class=\"premium-person-title\">\r\n\t\t\t\t\t\t\t<span>Architect, Partner, and Director of Studio Americas at MVRDV<\/span>\r\n\t\t\t\t\t\t<\/h4>\r\n\t\t\t\t\t\t\t\t\t\t\t<div class=\"premium-person-content\">\r\n\t\t\t\t\t\t\t<p>Frans de Witte, partner and director of MVRDV's Studio Americas since 1996, leads projects in the Netherlands, the US, Canada, and South America. Among his highlights are Silodam, the Radio Tower in New York, the Matrix 1 building in Amsterdam, and The Canyon in San Francisco. He is currently leading projects such as residential towers in Guayaquil, a health center in Toronto, the Faneuil Gardens plan in Boston, and The Sax towers in Rotterdam.<\/p>\t\t\t\t\t\t<\/div>\r\n\t\t\t\t\t\t\t\t<\/div>\r\n\t\t\t\t\t\t\t\t\t<\/div>\r\n\t\t\t\t\t<\/div>\r\n\t\t\t\t\t\t\t\t\t\t<div class=\"premium-person-container premium-person-zoomin-effect\">\r\n\t\t\t\t\t\t<div class=\"premium-person-image-container\">\r\n\t\t\t\t\t\t<img loading=\"lazy\" decoding=\"async\" width=\"800\" height=\"800\" src=\"https:\/\/i0.wp.com\/home.glassexpo.com.br\/wp-content\/uploads\/2025\/08\/Fernando-Westphal.jpg?fit=800%2C800&amp;ssl=1\" class=\"attachment-full size-full wp-image-4351\" alt=\"\" srcset=\"https:\/\/i0.wp.com\/home.glassexpo.com.br\/wp-content\/uploads\/2025\/08\/Fernando-Westphal.jpg?w=800&amp;ssl=1 800w, https:\/\/i0.wp.com\/home.glassexpo.com.br\/wp-content\/uploads\/2025\/08\/Fernando-Westphal.jpg?resize=300%2C300&amp;ssl=1 300w, https:\/\/i0.wp.com\/home.glassexpo.com.br\/wp-content\/uploads\/2025\/08\/Fernando-Westphal.jpg?resize=150%2C150&amp;ssl=1 150w, https:\/\/i0.wp.com\/home.glassexpo.com.br\/wp-content\/uploads\/2025\/08\/Fernando-Westphal.jpg?resize=768%2C768&amp;ssl=1 768w, https:\/\/i0.wp.com\/home.glassexpo.com.br\/wp-content\/uploads\/2025\/08\/Fernando-Westphal.jpg?resize=12%2C12&amp;ssl=1 12w, https:\/\/i0.wp.com\/home.glassexpo.com.br\/wp-content\/uploads\/2025\/08\/Fernando-Westphal.jpg?resize=700%2C700&amp;ssl=1 700w, https:\/\/i0.wp.com\/home.glassexpo.com.br\/wp-content\/uploads\/2025\/08\/Fernando-Westphal.jpg?resize=600%2C600&amp;ssl=1 600w\" sizes=\"(max-width: 800px) 100vw, 800px\" \/>\t\t\t\t\t\t\t\t\t\t\t\t\t<\/div>\r\n\t\t\t\t\t\t<div class=\"premium-person-info\">\r\n\t\t\t\t\t\t\t\t\t\t<div class=\"premium-person-info-container\">\r\n\t\t\t\t\t\t\t\t\t<h2 class=\"premium-person-name\">Fernando Westphal<\/h2>\r\n\t\t\t\t\t\t\t\t\t\t\t<h4 class=\"premium-person-title\">\r\n\t\t\t\t\t\t\t<span>Professor de Arquitetura e Urbanismo da UFSC<\/span>\r\n\t\t\t\t\t\t<\/h4>\r\n\t\t\t\t\t\t\t\t\t\t\t<div class=\"premium-person-content\">\r\n\t\t\t\t\t\t\t<p>Professor do Departamento de Arquitetura e Urbanismo na Universidade Federal de Santa Catarina (UFSC). Pioneiro no desenvolvimento de simula\u00e7\u00e3o computacional com foco em efici\u00eancia energ\u00e9tica para a Certifica\u00e7\u00e3o LEED no Brasil. Participa\u00e7\u00e3o em mais de 100 projetos certificados ou em fase de certifica\u00e7\u00e3o no pa\u00eds.<\/p>\t\t\t\t\t\t<\/div>\r\n\t\t\t\t\t\t\t\t<\/div>\r\n\t\t\t\t\t\t\t\t\t<\/div>\r\n\t\t\t\t\t<\/div>\r\n\t\t\t\t\t\t\t\t\t\t<div class=\"premium-person-container premium-person-zoomin-effect\">\r\n\t\t\t\t\t\t<div class=\"premium-person-image-container\">\r\n\t\t\t\t\t\t<img loading=\"lazy\" decoding=\"async\" width=\"2000\" height=\"1333\" src=\"https:\/\/i0.wp.com\/home.glassexpo.com.br\/wp-content\/uploads\/2025\/07\/Gabriela-Carrillo.jpg?fit=2000%2C1333&amp;ssl=1\" class=\"attachment-full size-full wp-image-3764\" alt=\"\" srcset=\"https:\/\/i0.wp.com\/home.glassexpo.com.br\/wp-content\/uploads\/2025\/07\/Gabriela-Carrillo.jpg?w=2000&amp;ssl=1 2000w, https:\/\/i0.wp.com\/home.glassexpo.com.br\/wp-content\/uploads\/2025\/07\/Gabriela-Carrillo.jpg?resize=300%2C200&amp;ssl=1 300w, https:\/\/i0.wp.com\/home.glassexpo.com.br\/wp-content\/uploads\/2025\/07\/Gabriela-Carrillo.jpg?resize=1024%2C682&amp;ssl=1 1024w, https:\/\/i0.wp.com\/home.glassexpo.com.br\/wp-content\/uploads\/2025\/07\/Gabriela-Carrillo.jpg?resize=768%2C512&amp;ssl=1 768w, https:\/\/i0.wp.com\/home.glassexpo.com.br\/wp-content\/uploads\/2025\/07\/Gabriela-Carrillo.jpg?resize=1536%2C1024&amp;ssl=1 1536w, https:\/\/i0.wp.com\/home.glassexpo.com.br\/wp-content\/uploads\/2025\/07\/Gabriela-Carrillo.jpg?resize=600%2C400&amp;ssl=1 600w, https:\/\/i0.wp.com\/home.glassexpo.com.br\/wp-content\/uploads\/2025\/07\/Gabriela-Carrillo.jpg?w=1600&amp;ssl=1 1600w\" sizes=\"(max-width: 800px) 100vw, 800px\" \/>\t\t\t\t\t\t\t\t\t\t\t\t\t<\/div>\r\n\t\t\t\t\t\t<div class=\"premium-person-info\">\r\n\t\t\t\t\t\t\t\t\t\t<div class=\"premium-person-info-container\">\r\n\t\t\t\t\t\t\t\t\t<h2 class=\"premium-person-name\">Gabriela Carrillo<\/h2>\r\n\t\t\t\t\t\t\t\t\t\t\t<h4 class=\"premium-person-title\">\r\n\t\t\t\t\t\t\t<span>Architect and Founder of Taller Gabriela Carrillo<\/span>\r\n\t\t\t\t\t\t<\/h4>\r\n\t\t\t\t\t\t\t\t\t\t\t<div class=\"premium-person-content\">\r\n\t\t\t\t\t\t\t<p>Gabriela Carrillo is an architect and co-founder of Colectivo C733, winner of the 2024 Obel Award. She founded her studio in 2019 and has over 20 years of award-winning career, notably the 2023 Royal Academy Dorfman Award. She is a professor at UNAM and has taught at Harvard GSD. Her work is internationally recognized.<\/p>\t\t\t\t\t\t<\/div>\r\n\t\t\t\t\t\t\t\t<\/div>\r\n\t\t\t\t\t\t\t\t\t<\/div>\r\n\t\t\t\t\t<\/div>\r\n\t\t\t\t\t\t\t\t\t\t<div class=\"premium-person-container premium-person-zoomin-effect\">\r\n\t\t\t\t\t\t<div class=\"premium-person-image-container\">\r\n\t\t\t\t\t\t<img loading=\"lazy\" decoding=\"async\" width=\"1066\" height=\"1600\" src=\"https:\/\/i0.wp.com\/home.glassexpo.com.br\/wp-content\/uploads\/2025\/07\/Grazzieli-Gomes.jpeg?fit=1066%2C1600&amp;ssl=1\" class=\"attachment-full size-full wp-image-3765\" alt=\"\" srcset=\"https:\/\/i0.wp.com\/home.glassexpo.com.br\/wp-content\/uploads\/2025\/07\/Grazzieli-Gomes.jpeg?w=1066&amp;ssl=1 1066w, https:\/\/i0.wp.com\/home.glassexpo.com.br\/wp-content\/uploads\/2025\/07\/Grazzieli-Gomes.jpeg?resize=200%2C300&amp;ssl=1 200w, https:\/\/i0.wp.com\/home.glassexpo.com.br\/wp-content\/uploads\/2025\/07\/Grazzieli-Gomes.jpeg?resize=682%2C1024&amp;ssl=1 682w, https:\/\/i0.wp.com\/home.glassexpo.com.br\/wp-content\/uploads\/2025\/07\/Grazzieli-Gomes.jpeg?resize=768%2C1153&amp;ssl=1 768w, https:\/\/i0.wp.com\/home.glassexpo.com.br\/wp-content\/uploads\/2025\/07\/Grazzieli-Gomes.jpeg?resize=1023%2C1536&amp;ssl=1 1023w, https:\/\/i0.wp.com\/home.glassexpo.com.br\/wp-content\/uploads\/2025\/07\/Grazzieli-Gomes.jpeg?resize=400%2C600&amp;ssl=1 400w\" sizes=\"(max-width: 800px) 100vw, 800px\" \/>\t\t\t\t\t\t\t\t\t\t\t\t\t<\/div>\r\n\t\t\t\t\t\t<div class=\"premium-person-info\">\r\n\t\t\t\t\t\t\t\t\t\t<div class=\"premium-person-info-container\">\r\n\t\t\t\t\t\t\t\t\t<h2 class=\"premium-person-name\">Grazzieli Gomes<\/h2>\r\n\t\t\t\t\t\t\t\t\t\t\t<h4 class=\"premium-person-title\">\r\n\t\t\t\t\t\t\t<span>Architect and Managing Partner at aflalo\/gasperini architects <\/span>\r\n\t\t\t\t\t\t<\/h4>\r\n\t\t\t\t\t\t\t\t\t\t\t<div class=\"premium-person-content\">\r\n\t\t\t\t\t\t\t<p><span class=\"TextRun SCXW32440514 BCX0\" lang=\"PT-BR\" xml:lang=\"PT-BR\" data-contrast=\"auto\"><span class=\"NormalTextRun SCXW32440514 BCX0\">Architect and urban planner from Mackenzie Presbyterian University, <\/span><span class=\"NormalTextRun SCXW32440514 BCX0\">Grazzieli<\/span><span class=\"NormalTextRun SCXW32440514 BCX0\"> Gomes Rocha began his career at <\/span><span class=\"NormalTextRun SCXW32440514 BCX0\">aflalo<\/span><span class=\"NormalTextRun SCXW32440514 BCX0\">\/<\/span><span class=\"NormalTextRun SCXW32440514 BCX0\">gasperini<\/span><span class=\"NormalTextRun SCXW32440514 BCX0\"> architects in 2001, where she has been managing partner since 2015. Specializing in Real <\/span><span class=\"NormalTextRun SCXW32440514 BCX0\">Estate<\/span><span class=\"NormalTextRun SCXW32440514 BCX0\"> by FUPAM-USP, works on various fronts of the projects and was a member of the Commercial Board of ASBEA-SP in 2021\/2023.<\/span><\/span><span class=\"EOP SCXW32440514 BCX0\" data-ccp-props=\"{&quot;134245417&quot;:false,&quot;201341983&quot;:0,&quot;335559739&quot;:0,&quot;335559740&quot;:240,&quot;469777462&quot;:[566,1133,1700,2267,2834,3401,3968,4535,5102,5669,6236,6803],&quot;469777927&quot;:[0,0,0,0,0,0,0,0,0,0,0,0],&quot;469777928&quot;:[1,1,1,1,1,1,1,1,1,1,1,1]}\">\u00a0<\/span><\/p>\t\t\t\t\t\t<\/div>\r\n\t\t\t\t\t\t\t\t<\/div>\r\n\t\t\t\t\t\t\t\t\t<\/div>\r\n\t\t\t\t\t<\/div>\r\n\t\t\t\t\t\t\t\t\t\t<div class=\"premium-person-container premium-person-zoomin-effect\">\r\n\t\t\t\t\t\t<div class=\"premium-person-image-container\">\r\n\t\t\t\t\t\t<img loading=\"lazy\" decoding=\"async\" width=\"1853\" height=\"2560\" src=\"https:\/\/i0.wp.com\/home.glassexpo.com.br\/wp-content\/uploads\/2025\/08\/Isadora-Villar.jpg?fit=1853%2C2560&amp;ssl=1\" class=\"attachment-full size-full wp-image-4355\" alt=\"\" srcset=\"https:\/\/i0.wp.com\/home.glassexpo.com.br\/wp-content\/uploads\/2025\/08\/Isadora-Villar.jpg?w=1853&amp;ssl=1 1853w, https:\/\/i0.wp.com\/home.glassexpo.com.br\/wp-content\/uploads\/2025\/08\/Isadora-Villar.jpg?resize=217%2C300&amp;ssl=1 217w, https:\/\/i0.wp.com\/home.glassexpo.com.br\/wp-content\/uploads\/2025\/08\/Isadora-Villar.jpg?resize=741%2C1024&amp;ssl=1 741w, https:\/\/i0.wp.com\/home.glassexpo.com.br\/wp-content\/uploads\/2025\/08\/Isadora-Villar.jpg?resize=768%2C1061&amp;ssl=1 768w, https:\/\/i0.wp.com\/home.glassexpo.com.br\/wp-content\/uploads\/2025\/08\/Isadora-Villar.jpg?resize=1112%2C1536&amp;ssl=1 1112w, https:\/\/i0.wp.com\/home.glassexpo.com.br\/wp-content\/uploads\/2025\/08\/Isadora-Villar.jpg?resize=1482%2C2048&amp;ssl=1 1482w, https:\/\/i0.wp.com\/home.glassexpo.com.br\/wp-content\/uploads\/2025\/08\/Isadora-Villar.jpg?resize=9%2C12&amp;ssl=1 9w, https:\/\/i0.wp.com\/home.glassexpo.com.br\/wp-content\/uploads\/2025\/08\/Isadora-Villar.jpg?resize=434%2C600&amp;ssl=1 434w, https:\/\/i0.wp.com\/home.glassexpo.com.br\/wp-content\/uploads\/2025\/08\/Isadora-Villar.jpg?w=1600&amp;ssl=1 1600w\" sizes=\"(max-width: 800px) 100vw, 800px\" \/>\t\t\t\t\t\t\t\t\t\t\t\t\t<\/div>\r\n\t\t\t\t\t\t<div class=\"premium-person-info\">\r\n\t\t\t\t\t\t\t\t\t\t<div class=\"premium-person-info-container\">\r\n\t\t\t\t\t\t\t\t\t<h2 class=\"premium-person-name\">Isadora Villar<\/h2>\r\n\t\t\t\t\t\t\t\t\t\t\t<h4 class=\"premium-person-title\">\r\n\t\t\t\t\t\t\t<span>Analista de Marketing da Cebrace<\/span>\r\n\t\t\t\t\t\t<\/h4>\r\n\t\t\t\t\t\t\t\t\t\t\t<div class=\"premium-person-content\">\r\n\t\t\t\t\t\t\t<p>Isadora Villar \u00e9 graduada em Propaganda e Marketing, com MBA em Comunica\u00e7\u00e3o, M\u00eddia e Gest\u00e3o de Marketing. Com 8 anos de experi\u00eancia na \u00e1rea, atua com foco em branding e gest\u00e3o estrat\u00e9gica. J\u00e1 ofereceu consultoria de marketing para mais de 100 empresas do vidro, contribuindo para o posicionamento e crescimento de marcas. Atua no time de marketing da Cebrace, com especialidade no segmento residencial.<\/p>\t\t\t\t\t\t<\/div>\r\n\t\t\t\t\t\t\t\t<\/div>\r\n\t\t\t\t\t\t\t\t\t<\/div>\r\n\t\t\t\t\t<\/div>\r\n\t\t\t\t\t\t\t\t\t\t<div class=\"premium-person-container premium-person-zoomin-effect\">\r\n\t\t\t\t\t\t<div class=\"premium-person-image-container\">\r\n\t\t\t\t\t\t<img loading=\"lazy\" decoding=\"async\" width=\"853\" height=\"1280\" src=\"https:\/\/i0.wp.com\/home.glassexpo.com.br\/wp-content\/uploads\/2025\/08\/Jonas-Sales.jpg?fit=853%2C1280&amp;ssl=1\" class=\"attachment-full size-full wp-image-4347\" alt=\"\" srcset=\"https:\/\/i0.wp.com\/home.glassexpo.com.br\/wp-content\/uploads\/2025\/08\/Jonas-Sales.jpg?w=853&amp;ssl=1 853w, https:\/\/i0.wp.com\/home.glassexpo.com.br\/wp-content\/uploads\/2025\/08\/Jonas-Sales.jpg?resize=200%2C300&amp;ssl=1 200w, https:\/\/i0.wp.com\/home.glassexpo.com.br\/wp-content\/uploads\/2025\/08\/Jonas-Sales.jpg?resize=682%2C1024&amp;ssl=1 682w, https:\/\/i0.wp.com\/home.glassexpo.com.br\/wp-content\/uploads\/2025\/08\/Jonas-Sales.jpg?resize=768%2C1152&amp;ssl=1 768w, https:\/\/i0.wp.com\/home.glassexpo.com.br\/wp-content\/uploads\/2025\/08\/Jonas-Sales.jpg?resize=8%2C12&amp;ssl=1 8w, https:\/\/i0.wp.com\/home.glassexpo.com.br\/wp-content\/uploads\/2025\/08\/Jonas-Sales.jpg?resize=400%2C600&amp;ssl=1 400w\" sizes=\"(max-width: 800px) 100vw, 800px\" \/>\t\t\t\t\t\t\t\t\t\t\t\t\t<\/div>\r\n\t\t\t\t\t\t<div class=\"premium-person-info\">\r\n\t\t\t\t\t\t\t\t\t\t<div class=\"premium-person-info-container\">\r\n\t\t\t\t\t\t\t\t\t<h2 class=\"premium-person-name\">Jonas Sales<\/h2>\r\n\t\t\t\t\t\t\t\t\t\t\t<h4 class=\"premium-person-title\">\r\n\t\t\t\t\t\t\t<span>Gerente de Desenvolvimento de Mercado da Cebrace <\/span>\r\n\t\t\t\t\t\t<\/h4>\r\n\t\t\t\t\t\t\t\t\t\t\t<div class=\"premium-person-content\">\r\n\t\t\t\t\t\t\t<p>Jonas Sales \u00e9 Engenheiro de Produ\u00e7\u00e3o e p\u00f3s-graduado em Gest\u00e3o de Neg\u00f3cios pela Funda\u00e7\u00e3o Dom Cabral, com mais de 15 anos de atua\u00e7\u00e3o no mercado de vidros. Ao longo de sua trajet\u00f3ria, desenvolveu s\u00f3lida expertise em processamento e certifica\u00e7\u00e3o de processos, al\u00e9m de atuar na especifica\u00e7\u00e3o de vidros para refrigera\u00e7\u00e3o e linha branca. Atualmente, exerce o cargo de Gerente de Desenvolvimento de Mercado na Cebrace, onde lidera iniciativas com foco em solu\u00e7\u00f5es para fachadas.<\/p>\t\t\t\t\t\t<\/div>\r\n\t\t\t\t\t\t\t\t<\/div>\r\n\t\t\t\t\t\t\t\t\t<\/div>\r\n\t\t\t\t\t<\/div>\r\n\t\t\t\t\t\t\t\t\t\t<div class=\"premium-person-container premium-person-zoomin-effect\">\r\n\t\t\t\t\t\t<div class=\"premium-person-image-container\">\r\n\t\t\t\t\t\t<img loading=\"lazy\" decoding=\"async\" width=\"612\" height=\"695\" src=\"https:\/\/i0.wp.com\/home.glassexpo.com.br\/wp-content\/uploads\/2025\/07\/Lourenco-Gimenes.jpeg?fit=612%2C695&amp;ssl=1\" class=\"attachment-full size-full wp-image-3766\" alt=\"\" srcset=\"https:\/\/i0.wp.com\/home.glassexpo.com.br\/wp-content\/uploads\/2025\/07\/Lourenco-Gimenes.jpeg?w=612&amp;ssl=1 612w, https:\/\/i0.wp.com\/home.glassexpo.com.br\/wp-content\/uploads\/2025\/07\/Lourenco-Gimenes.jpeg?resize=264%2C300&amp;ssl=1 264w, https:\/\/i0.wp.com\/home.glassexpo.com.br\/wp-content\/uploads\/2025\/07\/Lourenco-Gimenes.jpeg?resize=528%2C600&amp;ssl=1 528w\" sizes=\"(max-width: 612px) 100vw, 612px\" \/>\t\t\t\t\t\t\t\t\t\t\t\t\t<\/div>\r\n\t\t\t\t\t\t<div class=\"premium-person-info\">\r\n\t\t\t\t\t\t\t\t\t\t<div class=\"premium-person-info-container\">\r\n\t\t\t\t\t\t\t\t\t<h2 class=\"premium-person-name\">   Louren\u00e7o Gimenes <\/h2>\r\n\t\t\t\t\t\t\t\t\t\t\t<h4 class=\"premium-person-title\">\r\n\t\t\t\t\t\t\t<span>Architect and Founding Partner of FGMF<\/span>\r\n\t\t\t\t\t\t<\/h4>\r\n\t\t\t\t\t\t\t\t\t\t\t<div class=\"premium-person-content\">\r\n\t\t\t\t\t\t\t<p>Louren\u00e7o Gimenes is a founding partner of FGMF, holds a master's degree from FAU-USP, and is a professor at Mackenzie University. He also serves as a guest lecturer at universities in Brazil and abroad. With over 250 awards, he leads projects of various scales, coordinates FGMF LAB, and is co-founder of the NGO Aproxima, focused on diversity in architecture.<\/p>\t\t\t\t\t\t<\/div>\r\n\t\t\t\t\t<ul class=\"premium-person-social-list\">\t\t\t\t<li class=\"elementor-icon premium-person-list-item premium-person-facebook\">\r\n\t\t\t\t\t<a href=\"#\" target=\"_blank\">\r\n\t\t\t\t\t\t<i class=\"fab fa-facebook-f\"><\/i>\r\n\t\t\t\t\t<\/a>\r\n\t\t\t\t<\/li>\r\n\t\t\t\t\t\t\t\t<li class=\"elementor-icon premium-person-list-item premium-person-twitter\">\r\n\t\t\t\t\t<a href=\"#\" target=\"_blank\">\r\n\t\t\t\t\t\t<i class=\"fab fa-twitter\"><\/i>\r\n\t\t\t\t\t<\/a>\r\n\t\t\t\t<\/li>\r\n\t\t\t\t\t\t\t\t<li class=\"elementor-icon premium-person-list-item premium-person-instagram\">\r\n\t\t\t\t\t<a href=\"#\" target=\"_blank\">\r\n\t\t\t\t\t\t<i class=\"fab fa-instagram\"><\/i>\r\n\t\t\t\t\t<\/a>\r\n\t\t\t\t<\/li>\r\n\t\t\t\t\t\t\t\t<li class=\"elementor-icon premium-person-list-item premium-person-dribbble\">\r\n\t\t\t\t\t<a href=\"#\" target=\"_blank\">\r\n\t\t\t\t\t\t<i class=\"fab fa-dribbble\"><\/i>\r\n\t\t\t\t\t<\/a>\r\n\t\t\t\t<\/li>\r\n\t\t\t\t<\/ul>\t\t\t<\/div>\r\n\t\t\t\t\t\t\t\t\t<\/div>\r\n\t\t\t\t\t<\/div>\r\n\t\t\t\t\t\t\t\t\t\t<div class=\"premium-person-container premium-person-zoomin-effect\">\r\n\t\t\t\t\t\t<div class=\"premium-person-image-container\">\r\n\t\t\t\t\t\t<img loading=\"lazy\" decoding=\"async\" width=\"1920\" height=\"2560\" src=\"https:\/\/i0.wp.com\/home.glassexpo.com.br\/wp-content\/uploads\/2025\/07\/Renata-Furlanetto.jpg?fit=1920%2C2560&amp;ssl=1\" class=\"attachment-full size-full wp-image-3767\" alt=\"\" srcset=\"https:\/\/i0.wp.com\/home.glassexpo.com.br\/wp-content\/uploads\/2025\/07\/Renata-Furlanetto.jpg?w=1920&amp;ssl=1 1920w, https:\/\/i0.wp.com\/home.glassexpo.com.br\/wp-content\/uploads\/2025\/07\/Renata-Furlanetto.jpg?resize=225%2C300&amp;ssl=1 225w, https:\/\/i0.wp.com\/home.glassexpo.com.br\/wp-content\/uploads\/2025\/07\/Renata-Furlanetto.jpg?resize=768%2C1024&amp;ssl=1 768w, https:\/\/i0.wp.com\/home.glassexpo.com.br\/wp-content\/uploads\/2025\/07\/Renata-Furlanetto.jpg?resize=1152%2C1536&amp;ssl=1 1152w, https:\/\/i0.wp.com\/home.glassexpo.com.br\/wp-content\/uploads\/2025\/07\/Renata-Furlanetto.jpg?resize=1536%2C2048&amp;ssl=1 1536w, https:\/\/i0.wp.com\/home.glassexpo.com.br\/wp-content\/uploads\/2025\/07\/Renata-Furlanetto.jpg?resize=450%2C600&amp;ssl=1 450w, https:\/\/i0.wp.com\/home.glassexpo.com.br\/wp-content\/uploads\/2025\/07\/Renata-Furlanetto.jpg?w=1600&amp;ssl=1 1600w\" sizes=\"(max-width: 800px) 100vw, 800px\" \/>\t\t\t\t\t\t\t\t\t\t\t\t\t<\/div>\r\n\t\t\t\t\t\t<div class=\"premium-person-info\">\r\n\t\t\t\t\t\t\t\t\t\t<div class=\"premium-person-info-container\">\r\n\t\t\t\t\t\t\t\t\t<h2 class=\"premium-person-name\">Renata Furlanetto<\/h2>\r\n\t\t\t\t\t\t\t\t\t\t\t<h4 class=\"premium-person-title\">\r\n\t\t\t\t\t\t\t<span>Architect and Director of Studio MK27<\/span>\r\n\t\t\t\t\t\t<\/h4>\r\n\t\t\t\t\t\t\t\t\t\t\t<div class=\"premium-person-content\">\r\n\t\t\t\t\t\t\t<p>An architect who graduated from FAU-Mackenzie, with a specialization from UPC Barcelona, she is the winner of the Europandom Award and the IAB Young Architects Award. At Studio MK27 since 2001, she leads the architecture team and coordinates award-winning projects such as Patina Maldives, Ramp House, and the Brazilian Pavilion at Expo Osaka.<\/p>\t\t\t\t\t\t<\/div>\r\n\t\t\t\t\t<ul class=\"premium-person-social-list\">\t\t\t\t<li class=\"elementor-icon premium-person-list-item premium-person-facebook\">\r\n\t\t\t\t\t<a href=\"#\" target=\"_blank\">\r\n\t\t\t\t\t\t<i class=\"fab fa-facebook-f\"><\/i>\r\n\t\t\t\t\t<\/a>\r\n\t\t\t\t<\/li>\r\n\t\t\t\t\t\t\t\t<li class=\"elementor-icon premium-person-list-item premium-person-twitter\">\r\n\t\t\t\t\t<a href=\"#\" target=\"_blank\">\r\n\t\t\t\t\t\t<i class=\"fab fa-twitter\"><\/i>\r\n\t\t\t\t\t<\/a>\r\n\t\t\t\t<\/li>\r\n\t\t\t\t\t\t\t\t<li class=\"elementor-icon premium-person-list-item premium-person-instagram\">\r\n\t\t\t\t\t<a href=\"#\" target=\"_blank\">\r\n\t\t\t\t\t\t<i class=\"fab fa-instagram\"><\/i>\r\n\t\t\t\t\t<\/a>\r\n\t\t\t\t<\/li>\r\n\t\t\t\t\t\t\t\t<li class=\"elementor-icon premium-person-list-item premium-person-dribbble\">\r\n\t\t\t\t\t<a href=\"#\" target=\"_blank\">\r\n\t\t\t\t\t\t<i class=\"fab fa-dribbble\"><\/i>\r\n\t\t\t\t\t<\/a>\r\n\t\t\t\t<\/li>\r\n\t\t\t\t<\/ul>\t\t\t<\/div>\r\n\t\t\t\t\t\t\t\t\t<\/div>\r\n\t\t\t\t\t<\/div>\r\n\t\t\t\t\t\t\t\t\t\t<div class=\"premium-person-container premium-person-zoomin-effect\">\r\n\t\t\t\t\t\t<div class=\"premium-person-image-container\">\r\n\t\t\t\t\t\t<img loading=\"lazy\" decoding=\"async\" width=\"575\" height=\"940\" src=\"https:\/\/i0.wp.com\/home.glassexpo.com.br\/wp-content\/uploads\/2025\/07\/Sol-Camacho-e1753120089494.jpg?fit=575%2C940&amp;ssl=1\" class=\"attachment-full size-full wp-image-3769\" alt=\"\" srcset=\"https:\/\/i0.wp.com\/home.glassexpo.com.br\/wp-content\/uploads\/2025\/07\/Sol-Camacho-e1753120089494.jpg?w=575&amp;ssl=1 575w, https:\/\/i0.wp.com\/home.glassexpo.com.br\/wp-content\/uploads\/2025\/07\/Sol-Camacho-e1753120089494.jpg?resize=184%2C300&amp;ssl=1 184w, https:\/\/i0.wp.com\/home.glassexpo.com.br\/wp-content\/uploads\/2025\/07\/Sol-Camacho-e1753120089494.jpg?resize=367%2C600&amp;ssl=1 367w\" sizes=\"(max-width: 575px) 100vw, 575px\" \/>\t\t\t\t\t\t\t\t\t\t\t\t\t<\/div>\r\n\t\t\t\t\t\t<div class=\"premium-person-info\">\r\n\t\t\t\t\t\t\t\t\t\t<div class=\"premium-person-info-container\">\r\n\t\t\t\t\t\t\t\t\t<h2 class=\"premium-person-name\">Sol Camacho<\/h2>\r\n\t\t\t\t\t\t\t\t\t\t\t<h4 class=\"premium-person-title\">\r\n\t\t\t\t\t\t\t<span>Architect and Founder of Raddar<\/span>\r\n\t\t\t\t\t\t<\/h4>\r\n\t\t\t\t\t\t\t\t\t\t\t<div class=\"premium-person-content\">\r\n\t\t\t\t\t\t\t<p>Sol Camacho, a Mexican architect who graduated from Universidad Iberoamericana, Paris Val de Seine, and holds a master's degree from Harvard GSD, has worked at firms such as SOM-NY and TEN Arquitectos. She founded RADDAR in 2014, focusing on culture, heritage, and restoration. Since 2019, she has led the renovation of the Pacaembu Complex in S\u00e3o Paulo.<\/p>\t\t\t\t\t\t<\/div>\r\n\t\t\t\t\t<ul class=\"premium-person-social-list\">\t\t\t\t<li class=\"elementor-icon premium-person-list-item premium-person-facebook\">\r\n\t\t\t\t\t<a href=\"#\" target=\"_blank\">\r\n\t\t\t\t\t\t<i class=\"fab fa-facebook-f\"><\/i>\r\n\t\t\t\t\t<\/a>\r\n\t\t\t\t<\/li>\r\n\t\t\t\t\t\t\t\t<li class=\"elementor-icon premium-person-list-item premium-person-twitter\">\r\n\t\t\t\t\t<a href=\"#\" target=\"_blank\">\r\n\t\t\t\t\t\t<i class=\"fab fa-twitter\"><\/i>\r\n\t\t\t\t\t<\/a>\r\n\t\t\t\t<\/li>\r\n\t\t\t\t\t\t\t\t<li class=\"elementor-icon premium-person-list-item premium-person-instagram\">\r\n\t\t\t\t\t<a href=\"#\" target=\"_blank\">\r\n\t\t\t\t\t\t<i class=\"fab fa-instagram\"><\/i>\r\n\t\t\t\t\t<\/a>\r\n\t\t\t\t<\/li>\r\n\t\t\t\t\t\t\t\t<li class=\"elementor-icon premium-person-list-item premium-person-dribbble\">\r\n\t\t\t\t\t<a href=\"#\" target=\"_blank\">\r\n\t\t\t\t\t\t<i class=\"fab fa-dribbble\"><\/i>\r\n\t\t\t\t\t<\/a>\r\n\t\t\t\t<\/li>\r\n\t\t\t\t<\/ul>\t\t\t<\/div>\r\n\t\t\t\t\t\t\t\t\t<\/div>\r\n\t\t\t\t\t<\/div>\r\n\t\t\t\t\t\t\t\t\t\t<div class=\"premium-person-container premium-person-zoomin-effect\">\r\n\t\t\t\t\t\t<div class=\"premium-person-image-container\">\r\n\t\t\t\t\t\t<img loading=\"lazy\" decoding=\"async\" width=\"1596\" height=\"1594\" src=\"https:\/\/i0.wp.com\/home.glassexpo.com.br\/wp-content\/uploads\/2025\/08\/Captura-de-Tela-2025-08-15-as-11.48.11.jpg?fit=1596%2C1594&amp;ssl=1\" class=\"attachment-full size-full wp-image-4363\" alt=\"\" srcset=\"https:\/\/i0.wp.com\/home.glassexpo.com.br\/wp-content\/uploads\/2025\/08\/Captura-de-Tela-2025-08-15-as-11.48.11.jpg?w=1596&amp;ssl=1 1596w, https:\/\/i0.wp.com\/home.glassexpo.com.br\/wp-content\/uploads\/2025\/08\/Captura-de-Tela-2025-08-15-as-11.48.11.jpg?resize=300%2C300&amp;ssl=1 300w, https:\/\/i0.wp.com\/home.glassexpo.com.br\/wp-content\/uploads\/2025\/08\/Captura-de-Tela-2025-08-15-as-11.48.11.jpg?resize=1024%2C1024&amp;ssl=1 1024w, https:\/\/i0.wp.com\/home.glassexpo.com.br\/wp-content\/uploads\/2025\/08\/Captura-de-Tela-2025-08-15-as-11.48.11.jpg?resize=150%2C150&amp;ssl=1 150w, https:\/\/i0.wp.com\/home.glassexpo.com.br\/wp-content\/uploads\/2025\/08\/Captura-de-Tela-2025-08-15-as-11.48.11.jpg?resize=768%2C767&amp;ssl=1 768w, https:\/\/i0.wp.com\/home.glassexpo.com.br\/wp-content\/uploads\/2025\/08\/Captura-de-Tela-2025-08-15-as-11.48.11.jpg?resize=1536%2C1534&amp;ssl=1 1536w, https:\/\/i0.wp.com\/home.glassexpo.com.br\/wp-content\/uploads\/2025\/08\/Captura-de-Tela-2025-08-15-as-11.48.11.jpg?resize=12%2C12&amp;ssl=1 12w, https:\/\/i0.wp.com\/home.glassexpo.com.br\/wp-content\/uploads\/2025\/08\/Captura-de-Tela-2025-08-15-as-11.48.11.jpg?resize=700%2C700&amp;ssl=1 700w, https:\/\/i0.wp.com\/home.glassexpo.com.br\/wp-content\/uploads\/2025\/08\/Captura-de-Tela-2025-08-15-as-11.48.11.jpg?resize=600%2C600&amp;ssl=1 600w\" sizes=\"(max-width: 800px) 100vw, 800px\" \/>\t\t\t\t\t\t\t\t\t\t\t\t\t<\/div>\r\n\t\t\t\t\t\t<div class=\"premium-person-info\">\r\n\t\t\t\t\t\t\t\t\t\t<div class=\"premium-person-info-container\">\r\n\t\t\t\t\t\t\t\t\t<h2 class=\"premium-person-name\">Thiago Albigiante<\/h2>\r\n\t\t\t\t\t\t\t\t\t\t\t<h4 class=\"premium-person-title\">\r\n\t\t\t\t\t\t\t<span>Advogado de direito civil e regulat\u00f3rio da Fialdini Einsfeld<\/span>\r\n\t\t\t\t\t\t<\/h4>\r\n\t\t\t\t\t\t\t\t\t\t\t<div class=\"premium-person-content\">\r\n\t\t\t\t\t\t\t<p>Thiago Adorno Albigiante \u00e9 advogado graduado pela Universidade de S\u00e3o Paulo (USP) e atua h\u00e1 mais de uma d\u00e9cada em direito civil e regulat\u00f3rio no escrit\u00f3rio Fialdini Einsfeld Advogados, eleito em publica\u00e7\u00f5es especializadas um dos mais admirados do Brasil. Possui vasta experi\u00eancia na interface entre o direito e normas t\u00e9cnicas regulat\u00f3rias, representando clientes em disputas complexas de responsabilidade civil e direito do consumidor.<\/p>\t\t\t\t\t\t<\/div>\r\n\t\t\t\t\t<ul class=\"premium-person-social-list\">\t\t\t\t<li class=\"elementor-icon premium-person-list-item premium-person-facebook\">\r\n\t\t\t\t\t<a href=\"#\" target=\"_blank\">\r\n\t\t\t\t\t\t<i class=\"fab fa-facebook-f\"><\/i>\r\n\t\t\t\t\t<\/a>\r\n\t\t\t\t<\/li>\r\n\t\t\t\t\t\t\t\t<li class=\"elementor-icon premium-person-list-item premium-person-twitter\">\r\n\t\t\t\t\t<a href=\"#\" target=\"_blank\">\r\n\t\t\t\t\t\t<i class=\"fab fa-twitter\"><\/i>\r\n\t\t\t\t\t<\/a>\r\n\t\t\t\t<\/li>\r\n\t\t\t\t\t\t\t\t<li class=\"elementor-icon premium-person-list-item premium-person-instagram\">\r\n\t\t\t\t\t<a href=\"#\" target=\"_blank\">\r\n\t\t\t\t\t\t<i class=\"fab fa-instagram\"><\/i>\r\n\t\t\t\t\t<\/a>\r\n\t\t\t\t<\/li>\r\n\t\t\t\t\t\t\t\t<li class=\"elementor-icon premium-person-list-item premium-person-dribbble\">\r\n\t\t\t\t\t<a href=\"#\" target=\"_blank\">\r\n\t\t\t\t\t\t<i class=\"fab fa-dribbble\"><\/i>\r\n\t\t\t\t\t<\/a>\r\n\t\t\t\t<\/li>\r\n\t\t\t\t<\/ul>\t\t\t<\/div>\r\n\t\t\t\t\t\t\t\t\t<\/div>\r\n\t\t\t\t\t<\/div>\r\n\t\t\t\t\t\t\t<\/div>\r\n\t\t\t\t\t\t<\/div>\n\t\t\t\t<\/div>\n\t\t\t\t<\/div>\n\t\t<div data-particle_enable=\"false\" data-particle-mobile-disabled=\"false\" class=\"elementor-element elementor-element-4d19dd0 e-flex e-con-boxed e-con e-parent\" data-id=\"4d19dd0\" data-element_type=\"container\" data-e-type=\"container\" data-settings=\"{&quot;_ha_eqh_enable&quot;:false,&quot;ekit_has_onepagescroll_dot&quot;:&quot;yes&quot;}\">\n\t\t\t\t\t<div class=\"e-con-inner\">\n\t\t\t\t\t<\/div>\n\t\t\t\t<\/div>\n\t\t\t\t<\/div>","protected":false},"excerpt":{"rendered":"<p>ARENA DE CONTE\u00daDO Do projeto \u00e0 instala\u00e7\u00e3o, o setor todo reunido em um s\u00f3 espa\u00e7o. A Arena de Conte\u00fado \u00e9 o ponto de encontro do conhecimento, da inspira\u00e7\u00e3o e das conex\u00f5es entre profissionais que movem o setor da constru\u00e7\u00e3o e da arquitetura. Com uma programa\u00e7\u00e3o abrangente, o espa\u00e7o re\u00fane grandes nomes da arquitetura nacional e [&hellip;]<\/p>","protected":false},"author":1,"featured_media":429,"parent":0,"menu_order":0,"comment_status":"closed","ping_status":"closed","template":"","meta":{"om_disable_all_campaigns":false,"_monsterinsights_skip_tracking":false,"_monsterinsights_sitenote_active":false,"_monsterinsights_sitenote_note":"","_monsterinsights_sitenote_category":0,"footnotes":""},"class_list":["post-975","page","type-page","status-publish","has-post-thumbnail","hentry"],"yoast_head":"<!-- This site is optimized with the Yoast SEO plugin v27.5 - https:\/\/yoast.com\/product\/yoast-seo-wordpress\/ -->\n<title>Arena de conte\u00fado - Glass Expo<\/title>\n<meta name=\"robots\" content=\"index, follow, max-snippet:-1, max-image-preview:large, max-video-preview:-1\" \/>\n<link rel=\"canonical\" href=\"https:\/\/home.glassexpo.com.br\/en\/arena-de-conteudo\/\" \/>\n<meta property=\"og:locale\" content=\"en_US\" \/>\n<meta property=\"og:type\" content=\"article\" \/>\n<meta property=\"og:title\" content=\"Arena de conte\u00fado - Glass Expo\" \/>\n<meta property=\"og:description\" content=\"ARENA DE CONTE\u00daDO Do projeto \u00e0 instala\u00e7\u00e3o, o setor todo reunido em um s\u00f3 espa\u00e7o. A Arena de Conte\u00fado \u00e9 o ponto de encontro do conhecimento, da inspira\u00e7\u00e3o e das conex\u00f5es entre profissionais que movem o setor da constru\u00e7\u00e3o e da arquitetura. Com uma programa\u00e7\u00e3o abrangente, o espa\u00e7o re\u00fane grandes nomes da arquitetura nacional e [&hellip;]\" \/>\n<meta property=\"og:url\" content=\"https:\/\/home.glassexpo.com.br\/en\/arena-de-conteudo\/\" \/>\n<meta property=\"og:site_name\" content=\"Glass Expo\" \/>\n<meta property=\"article:modified_time\" content=\"2025-09-02T12:51:13+00:00\" \/>\n<meta property=\"og:image\" content=\"https:\/\/home.glassexpo.com.br\/wp-content\/uploads\/2023\/05\/cropped-Ativo-111@3x-1.png\" \/>\n\t<meta property=\"og:image:width\" content=\"512\" \/>\n\t<meta property=\"og:image:height\" content=\"512\" \/>\n\t<meta property=\"og:image:type\" content=\"image\/png\" \/>\n<meta name=\"twitter:card\" content=\"summary_large_image\" \/>\n<meta name=\"twitter:label1\" content=\"Est. reading time\" \/>\n\t<meta name=\"twitter:data1\" content=\"39 minutes\" \/>\n<script type=\"application\/ld+json\" class=\"yoast-schema-graph\">{\"@context\":\"https:\\\/\\\/schema.org\",\"@graph\":[{\"@type\":\"WebPage\",\"@id\":\"https:\\\/\\\/home.glassexpo.com.br\\\/arena-de-conteudo\\\/\",\"url\":\"https:\\\/\\\/home.glassexpo.com.br\\\/arena-de-conteudo\\\/\",\"name\":\"Arena de conte\u00fado - Glass Expo\",\"isPartOf\":{\"@id\":\"https:\\\/\\\/home.glassexpo.com.br\\\/#website\"},\"primaryImageOfPage\":{\"@id\":\"https:\\\/\\\/home.glassexpo.com.br\\\/arena-de-conteudo\\\/#primaryimage\"},\"image\":{\"@id\":\"https:\\\/\\\/home.glassexpo.com.br\\\/arena-de-conteudo\\\/#primaryimage\"},\"thumbnailUrl\":\"https:\\\/\\\/i0.wp.com\\\/home.glassexpo.com.br\\\/wp-content\\\/uploads\\\/2023\\\/05\\\/cropped-Ativo-111%403x-1.png?fit=512%2C512&ssl=1\",\"datePublished\":\"2024-04-10T14:24:09+00:00\",\"dateModified\":\"2025-09-02T12:51:13+00:00\",\"breadcrumb\":{\"@id\":\"https:\\\/\\\/home.glassexpo.com.br\\\/arena-de-conteudo\\\/#breadcrumb\"},\"inLanguage\":\"en-US\",\"potentialAction\":[{\"@type\":\"ReadAction\",\"target\":[\"https:\\\/\\\/home.glassexpo.com.br\\\/arena-de-conteudo\\\/\"]}]},{\"@type\":\"ImageObject\",\"inLanguage\":\"en-US\",\"@id\":\"https:\\\/\\\/home.glassexpo.com.br\\\/arena-de-conteudo\\\/#primaryimage\",\"url\":\"https:\\\/\\\/i0.wp.com\\\/home.glassexpo.com.br\\\/wp-content\\\/uploads\\\/2023\\\/05\\\/cropped-Ativo-111%403x-1.png?fit=512%2C512&ssl=1\",\"contentUrl\":\"https:\\\/\\\/i0.wp.com\\\/home.glassexpo.com.br\\\/wp-content\\\/uploads\\\/2023\\\/05\\\/cropped-Ativo-111%403x-1.png?fit=512%2C512&ssl=1\",\"width\":512,\"height\":512},{\"@type\":\"BreadcrumbList\",\"@id\":\"https:\\\/\\\/home.glassexpo.com.br\\\/arena-de-conteudo\\\/#breadcrumb\",\"itemListElement\":[{\"@type\":\"ListItem\",\"position\":1,\"name\":\"In\u00edcio\",\"item\":\"https:\\\/\\\/home.glassexpo.com.br\\\/\"},{\"@type\":\"ListItem\",\"position\":2,\"name\":\"Arena de conte\u00fado\"}]},{\"@type\":\"WebSite\",\"@id\":\"https:\\\/\\\/home.glassexpo.com.br\\\/#website\",\"url\":\"https:\\\/\\\/home.glassexpo.com.br\\\/\",\"name\":\"Glass South America\",\"description\":\"South America\",\"publisher\":{\"@id\":\"https:\\\/\\\/home.glassexpo.com.br\\\/#organization\"},\"potentialAction\":[{\"@type\":\"SearchAction\",\"target\":{\"@type\":\"EntryPoint\",\"urlTemplate\":\"https:\\\/\\\/home.glassexpo.com.br\\\/?s={search_term_string}\"},\"query-input\":{\"@type\":\"PropertyValueSpecification\",\"valueRequired\":true,\"valueName\":\"search_term_string\"}}],\"inLanguage\":\"en-US\"},{\"@type\":\"Organization\",\"@id\":\"https:\\\/\\\/home.glassexpo.com.br\\\/#organization\",\"name\":\"Glass South America\",\"url\":\"https:\\\/\\\/home.glassexpo.com.br\\\/\",\"logo\":{\"@type\":\"ImageObject\",\"inLanguage\":\"en-US\",\"@id\":\"https:\\\/\\\/home.glassexpo.com.br\\\/#\\\/schema\\\/logo\\\/image\\\/\",\"url\":\"https:\\\/\\\/home.glassexpo.com.br\\\/wp-content\\\/uploads\\\/2023\\\/05\\\/Ativo-111@3x.png\",\"contentUrl\":\"https:\\\/\\\/home.glassexpo.com.br\\\/wp-content\\\/uploads\\\/2023\\\/05\\\/Ativo-111@3x.png\",\"width\":2358,\"height\":2358,\"caption\":\"Glass South America\"},\"image\":{\"@id\":\"https:\\\/\\\/home.glassexpo.com.br\\\/#\\\/schema\\\/logo\\\/image\\\/\"}}]}<\/script>\n<!-- \/ Yoast SEO plugin. -->","yoast_head_json":{"title":"Arena de conte\u00fado - Glass Expo","robots":{"index":"index","follow":"follow","max-snippet":"max-snippet:-1","max-image-preview":"max-image-preview:large","max-video-preview":"max-video-preview:-1"},"canonical":"https:\/\/home.glassexpo.com.br\/en\/arena-de-conteudo\/","og_locale":"en_US","og_type":"article","og_title":"Arena de conte\u00fado - Glass Expo","og_description":"ARENA DE CONTE\u00daDO Do projeto \u00e0 instala\u00e7\u00e3o, o setor todo reunido em um s\u00f3 espa\u00e7o. A Arena de Conte\u00fado \u00e9 o ponto de encontro do conhecimento, da inspira\u00e7\u00e3o e das conex\u00f5es entre profissionais que movem o setor da constru\u00e7\u00e3o e da arquitetura. Com uma programa\u00e7\u00e3o abrangente, o espa\u00e7o re\u00fane grandes nomes da arquitetura nacional e [&hellip;]","og_url":"https:\/\/home.glassexpo.com.br\/en\/arena-de-conteudo\/","og_site_name":"Glass Expo","article_modified_time":"2025-09-02T12:51:13+00:00","og_image":[{"width":512,"height":512,"url":"https:\/\/home.glassexpo.com.br\/wp-content\/uploads\/2023\/05\/cropped-Ativo-111@3x-1.png","type":"image\/png"}],"twitter_card":"summary_large_image","twitter_misc":{"Est. reading time":"39 minutes"},"schema":{"@context":"https:\/\/schema.org","@graph":[{"@type":"WebPage","@id":"https:\/\/home.glassexpo.com.br\/arena-de-conteudo\/","url":"https:\/\/home.glassexpo.com.br\/arena-de-conteudo\/","name":"Arena de conte\u00fado - Glass Expo","isPartOf":{"@id":"https:\/\/home.glassexpo.com.br\/#website"},"primaryImageOfPage":{"@id":"https:\/\/home.glassexpo.com.br\/arena-de-conteudo\/#primaryimage"},"image":{"@id":"https:\/\/home.glassexpo.com.br\/arena-de-conteudo\/#primaryimage"},"thumbnailUrl":"https:\/\/i0.wp.com\/home.glassexpo.com.br\/wp-content\/uploads\/2023\/05\/cropped-Ativo-111%403x-1.png?fit=512%2C512&ssl=1","datePublished":"2024-04-10T14:24:09+00:00","dateModified":"2025-09-02T12:51:13+00:00","breadcrumb":{"@id":"https:\/\/home.glassexpo.com.br\/arena-de-conteudo\/#breadcrumb"},"inLanguage":"en-US","potentialAction":[{"@type":"ReadAction","target":["https:\/\/home.glassexpo.com.br\/arena-de-conteudo\/"]}]},{"@type":"ImageObject","inLanguage":"en-US","@id":"https:\/\/home.glassexpo.com.br\/arena-de-conteudo\/#primaryimage","url":"https:\/\/i0.wp.com\/home.glassexpo.com.br\/wp-content\/uploads\/2023\/05\/cropped-Ativo-111%403x-1.png?fit=512%2C512&ssl=1","contentUrl":"https:\/\/i0.wp.com\/home.glassexpo.com.br\/wp-content\/uploads\/2023\/05\/cropped-Ativo-111%403x-1.png?fit=512%2C512&ssl=1","width":512,"height":512},{"@type":"BreadcrumbList","@id":"https:\/\/home.glassexpo.com.br\/arena-de-conteudo\/#breadcrumb","itemListElement":[{"@type":"ListItem","position":1,"name":"In\u00edcio","item":"https:\/\/home.glassexpo.com.br\/"},{"@type":"ListItem","position":2,"name":"Arena de conte\u00fado"}]},{"@type":"WebSite","@id":"https:\/\/home.glassexpo.com.br\/#website","url":"https:\/\/home.glassexpo.com.br\/","name":"Glass South America","description":"South America","publisher":{"@id":"https:\/\/home.glassexpo.com.br\/#organization"},"potentialAction":[{"@type":"SearchAction","target":{"@type":"EntryPoint","urlTemplate":"https:\/\/home.glassexpo.com.br\/?s={search_term_string}"},"query-input":{"@type":"PropertyValueSpecification","valueRequired":true,"valueName":"search_term_string"}}],"inLanguage":"en-US"},{"@type":"Organization","@id":"https:\/\/home.glassexpo.com.br\/#organization","name":"Glass South America","url":"https:\/\/home.glassexpo.com.br\/","logo":{"@type":"ImageObject","inLanguage":"en-US","@id":"https:\/\/home.glassexpo.com.br\/#\/schema\/logo\/image\/","url":"https:\/\/home.glassexpo.com.br\/wp-content\/uploads\/2023\/05\/Ativo-111@3x.png","contentUrl":"https:\/\/home.glassexpo.com.br\/wp-content\/uploads\/2023\/05\/Ativo-111@3x.png","width":2358,"height":2358,"caption":"Glass South America"},"image":{"@id":"https:\/\/home.glassexpo.com.br\/#\/schema\/logo\/image\/"}}]}},"jetpack_sharing_enabled":true,"_links":{"self":[{"href":"https:\/\/home.glassexpo.com.br\/en\/wp-json\/wp\/v2\/pages\/975","targetHints":{"allow":["GET"]}}],"collection":[{"href":"https:\/\/home.glassexpo.com.br\/en\/wp-json\/wp\/v2\/pages"}],"about":[{"href":"https:\/\/home.glassexpo.com.br\/en\/wp-json\/wp\/v2\/types\/page"}],"author":[{"embeddable":true,"href":"https:\/\/home.glassexpo.com.br\/en\/wp-json\/wp\/v2\/users\/1"}],"replies":[{"embeddable":true,"href":"https:\/\/home.glassexpo.com.br\/en\/wp-json\/wp\/v2\/comments?post=975"}],"version-history":[{"count":0,"href":"https:\/\/home.glassexpo.com.br\/en\/wp-json\/wp\/v2\/pages\/975\/revisions"}],"wp:featuredmedia":[{"embeddable":true,"href":"https:\/\/home.glassexpo.com.br\/en\/wp-json\/wp\/v2\/media\/429"}],"wp:attachment":[{"href":"https:\/\/home.glassexpo.com.br\/en\/wp-json\/wp\/v2\/media?parent=975"}],"curies":[{"name":"wp","href":"https:\/\/api.w.org\/{rel}","templated":true}]}}